{"version":"1.0","provider_name":"Kyrkog\u00e5rdsbloggen i Enk\u00f6pings pastorat","provider_url":"https:\/\/blogg.svenskakyrkan.se\/kyrkogardienkoping","author_name":"Enk\u00f6pings pastorat","author_url":"https:\/\/blogg.svenskakyrkan.se\/kyrkogardienkoping\/author\/susannegorne\/","title":"Nyhetsbrev fr\u00e5n kyrkog\u00e5rd sommar 2025 - Kyrkog\u00e5rdsbloggen i Enk\u00f6pings pastorat","type":"rich","width":600,"height":338,"html":"<blockquote class=\"wp-embedded-content\" data-secret=\"Ajw6PngsY8\"><a href=\"https:\/\/blogg.svenskakyrkan.se\/kyrkogardienkoping\/2025\/05\/28\/nyhetsbrev-fran-kyrkogard-sommar-2025\/\">Nyhetsbrev fr\u00e5n kyrkog\u00e5rd sommar 2025<\/a><\/blockquote><iframe sandbox=\"allow-scripts\" security=\"restricted\" src=\"https:\/\/blogg.svenskakyrkan.se\/kyrkogardienkoping\/2025\/05\/28\/nyhetsbrev-fran-kyrkogard-sommar-2025\/embed\/#?secret=Ajw6PngsY8\" width=\"600\" height=\"338\" title=\"\u201dNyhetsbrev fr\u00e5n kyrkog\u00e5rd sommar 2025\u201d &ndash; Kyrkog\u00e5rdsbloggen i Enk\u00f6pings pastorat\" data-secret=\"Ajw6PngsY8\" frameborder=\"0\" marginwidth=\"0\" marginheight=\"0\" scrolling=\"no\" class=\"wp-embedded-content\"><\/iframe><script type=\"text\/javascript\">\n\/* <![CDATA[ *\/\n\/*! This file is auto-generated *\/\n!function(d,l){\"use strict\";l.querySelector&&d.addEventListener&&\"undefined\"!=typeof URL&&(d.wp=d.wp||{},d.wp.receiveEmbedMessage||(d.wp.receiveEmbedMessage=function(e){var t=e.data;if((t||t.secret||t.message||t.value)&&!\/[^a-zA-Z0-9]\/.test(t.secret)){for(var s,r,n,a=l.querySelectorAll('iframe[data-secret=\"'+t.secret+'\"]'),o=l.querySelectorAll('blockquote[data-secret=\"'+t.secret+'\"]'),c=new RegExp(\"^https?:$\",\"i\"),i=0;i<o.length;i++)o[i].style.display=\"none\";for(i=0;i<a.length;i++)s=a[i],e.source===s.contentWindow&&(s.removeAttribute(\"style\"),\"height\"===t.message?(1e3<(r=parseInt(t.value,10))?r=1e3:~~r<200&&(r=200),s.height=r):\"link\"===t.message&&(r=new URL(s.getAttribute(\"src\")),n=new URL(t.value),c.test(n.protocol))&&n.host===r.host&&l.activeElement===s&&(d.top.location.href=t.value))}},d.addEventListener(\"message\",d.wp.receiveEmbedMessage,!1),l.addEventListener(\"DOMContentLoaded\",function(){for(var e,t,s=l.querySelectorAll(\"iframe.wp-embedded-content\"),r=0;r<s.length;r++)(t=(e=s[r]).getAttribute(\"data-secret\"))||(t=Math.random().toString(36).substring(2,12),e.src+=\"#?secret=\"+t,e.setAttribute(\"data-secret\",t)),e.contentWindow.postMessage({message:\"ready\",secret:t},\"*\")},!1)))}(window,document);\n\/\/# sourceURL=https:\/\/blogg.svenskakyrkan.se\/kyrkogardienkoping\/wp-includes\/js\/wp-embed.min.js\n\/* ]]> *\/\n<\/script>\n","thumbnail_url":"https:\/\/blogg.svenskakyrkan.se\/kyrkogardienkoping\/files\/2025\/05\/Nyhetsbrev-kyrkogard-SOMMAR-Foto-Magnus-Aronson-4083.jpg","thumbnail_width":2024,"thumbnail_height":1349,"description":"H\u00e4nder p\u00e5 kyrkog\u00e5rdsf\u00f6rvaltningen just nu Just nu klipper vi gr\u00e4s men vi m\u00e4rker att vissa gr\u00e4smattor redan i maj saktat in p\u00e5 grund av brist p\u00e5 regn. V\u00e4xtligheten skiljer sig en del mellan v\u00e5ra 26 kyrkog\u00e5rdar, d\u00e5 v\u00e4dret \u00e4r lite lokalt och skiftande med m\u00e4ngden regn. Vissa gr\u00e4smattor klipps oftare \u00e4n andra. Det inneb\u00e4r ocks\u00e5 [&hellip;]"}