{"version":"1.0","provider_name":"Roland reflekterar","provider_url":"https:\/\/blogg.svenskakyrkan.se\/rolandreflekterar","author_name":"Roland Persson","author_url":"https:\/\/blogg.svenskakyrkan.se\/rolandreflekterar\/author\/rolandreflekterar\/","title":"Goda f\u00f6rvaltare - Roland reflekterar","type":"rich","width":600,"height":338,"html":"<blockquote class=\"wp-embedded-content\" data-secret=\"7M6Oh1LQmn\"><a href=\"https:\/\/blogg.svenskakyrkan.se\/rolandreflekterar\/2025\/08\/16\/goda-forvaltare-2\/\">Goda f\u00f6rvaltare<\/a><\/blockquote><iframe sandbox=\"allow-scripts\" security=\"restricted\" src=\"https:\/\/blogg.svenskakyrkan.se\/rolandreflekterar\/2025\/08\/16\/goda-forvaltare-2\/embed\/#?secret=7M6Oh1LQmn\" width=\"600\" height=\"338\" title=\"\u201dGoda f\u00f6rvaltare\u201d &ndash; Roland reflekterar\" data-secret=\"7M6Oh1LQmn\" frameborder=\"0\" marginwidth=\"0\" marginheight=\"0\" scrolling=\"no\" class=\"wp-embedded-content\"><\/iframe><script type=\"text\/javascript\">\n\/* <![CDATA[ *\/\n\/*! This file is auto-generated *\/\n!function(d,l){\"use strict\";l.querySelector&&d.addEventListener&&\"undefined\"!=typeof URL&&(d.wp=d.wp||{},d.wp.receiveEmbedMessage||(d.wp.receiveEmbedMessage=function(e){var t=e.data;if((t||t.secret||t.message||t.value)&&!\/[^a-zA-Z0-9]\/.test(t.secret)){for(var s,r,n,a=l.querySelectorAll('iframe[data-secret=\"'+t.secret+'\"]'),o=l.querySelectorAll('blockquote[data-secret=\"'+t.secret+'\"]'),c=new RegExp(\"^https?:$\",\"i\"),i=0;i<o.length;i++)o[i].style.display=\"none\";for(i=0;i<a.length;i++)s=a[i],e.source===s.contentWindow&&(s.removeAttribute(\"style\"),\"height\"===t.message?(1e3<(r=parseInt(t.value,10))?r=1e3:~~r<200&&(r=200),s.height=r):\"link\"===t.message&&(r=new URL(s.getAttribute(\"src\")),n=new URL(t.value),c.test(n.protocol))&&n.host===r.host&&l.activeElement===s&&(d.top.location.href=t.value))}},d.addEventListener(\"message\",d.wp.receiveEmbedMessage,!1),l.addEventListener(\"DOMContentLoaded\",function(){for(var e,t,s=l.querySelectorAll(\"iframe.wp-embedded-content\"),r=0;r<s.length;r++)(t=(e=s[r]).getAttribute(\"data-secret\"))||(t=Math.random().toString(36).substring(2,12),e.src+=\"#?secret=\"+t,e.setAttribute(\"data-secret\",t)),e.contentWindow.postMessage({message:\"ready\",secret:t},\"*\")},!1)))}(window,document);\n\/\/# sourceURL=https:\/\/blogg.svenskakyrkan.se\/rolandreflekterar\/wp-includes\/js\/wp-embed.min.js\n\/* ]]> *\/\n<\/script>\n","description":"Att vara goda f\u00f6rvaltare \u00e4r kanske inte alla g\u00e5nger s\u00e5 l\u00e4tt. F\u00f6r d\u00e4r mellan tanke, ord och handling verkar det f\u00f6rekomma n\u00e5gon form av glappkontakt. Att vara ordets h\u00f6rare men inte dess g\u00f6rare \u00e4r ganska vanligt. Det \u00e4r ganska l\u00e4tt att formulera vackra ord och ber\u00e4tta om sina visioner men sedan blir det inte s\u00e5 [&hellip;]"}