{"version":"1.0","provider_name":"Roland reflekterar","provider_url":"https:\/\/blogg.svenskakyrkan.se\/rolandreflekterar","author_name":"Roland Persson","author_url":"https:\/\/blogg.svenskakyrkan.se\/rolandreflekterar\/author\/rolandreflekterar\/","title":"Tro p\u00e5 den uppst\u00e5ndne - Roland reflekterar","type":"rich","width":600,"height":338,"html":"<blockquote class=\"wp-embedded-content\" data-secret=\"EwH5feoTVC\"><a href=\"https:\/\/blogg.svenskakyrkan.se\/rolandreflekterar\/2026\/04\/04\/tro-pa-den-uppstandne\/\">Tro p\u00e5 den uppst\u00e5ndne<\/a><\/blockquote><iframe sandbox=\"allow-scripts\" security=\"restricted\" src=\"https:\/\/blogg.svenskakyrkan.se\/rolandreflekterar\/2026\/04\/04\/tro-pa-den-uppstandne\/embed\/#?secret=EwH5feoTVC\" width=\"600\" height=\"338\" title=\"\u201dTro p\u00e5 den uppst\u00e5ndne\u201d &ndash; Roland reflekterar\" data-secret=\"EwH5feoTVC\" frameborder=\"0\" marginwidth=\"0\" marginheight=\"0\" scrolling=\"no\" class=\"wp-embedded-content\"><\/iframe><script type=\"text\/javascript\">\n\/* <![CDATA[ *\/\n\/*! This file is auto-generated *\/\n!function(d,l){\"use strict\";l.querySelector&&d.addEventListener&&\"undefined\"!=typeof URL&&(d.wp=d.wp||{},d.wp.receiveEmbedMessage||(d.wp.receiveEmbedMessage=function(e){var t=e.data;if((t||t.secret||t.message||t.value)&&!\/[^a-zA-Z0-9]\/.test(t.secret)){for(var s,r,n,a=l.querySelectorAll('iframe[data-secret=\"'+t.secret+'\"]'),o=l.querySelectorAll('blockquote[data-secret=\"'+t.secret+'\"]'),c=new RegExp(\"^https?:$\",\"i\"),i=0;i<o.length;i++)o[i].style.display=\"none\";for(i=0;i<a.length;i++)s=a[i],e.source===s.contentWindow&&(s.removeAttribute(\"style\"),\"height\"===t.message?(1e3<(r=parseInt(t.value,10))?r=1e3:~~r<200&&(r=200),s.height=r):\"link\"===t.message&&(r=new URL(s.getAttribute(\"src\")),n=new URL(t.value),c.test(n.protocol))&&n.host===r.host&&l.activeElement===s&&(d.top.location.href=t.value))}},d.addEventListener(\"message\",d.wp.receiveEmbedMessage,!1),l.addEventListener(\"DOMContentLoaded\",function(){for(var e,t,s=l.querySelectorAll(\"iframe.wp-embedded-content\"),r=0;r<s.length;r++)(t=(e=s[r]).getAttribute(\"data-secret\"))||(t=Math.random().toString(36).substring(2,12),e.src+=\"#?secret=\"+t,e.setAttribute(\"data-secret\",t)),e.contentWindow.postMessage({message:\"ready\",secret:t},\"*\")},!1)))}(window,document);\n\/\/# sourceURL=https:\/\/blogg.svenskakyrkan.se\/rolandreflekterar\/wp-includes\/js\/wp-embed.min.js\n\/* ]]> *\/\n<\/script>\n","thumbnail_url":"http:\/\/blogg.svenskakyrkan.se\/rolandreflekterar\/files\/2026\/04\/20250428_124050-scaled.jpg","thumbnail_width":2560,"thumbnail_height":1152,"description":"P\u00e5sken \u00e4r en fantastisk tid f\u00f6r mig. F\u00f6rutom mat och godis ger den mig tid att reflektera och t\u00e4nka. Jesus dog f\u00f6r hela m\u00e4nskligheten. Jesus dog och reparerade kontakten mellan Gud och m\u00e4nniskan, mellan Gud och mig. Gud vill ha kontakt med mig personligen, med mig! Det \u00e4r en tanke jag inte riktigt kan greppa [&hellip;]"}