{"version":"1.0","provider_name":"Samtal i Damaskusporten","provider_url":"https:\/\/blogg.svenskakyrkan.se\/sigurhaf","author_name":"Sigurdur Hafthorsson","author_url":"https:\/\/blogg.svenskakyrkan.se\/sigurhaf\/author\/sigurhaf\/","title":"Hur man l\u00e4ker minnen - samiska kyrkodagar - Samtal i Damaskusporten","type":"rich","width":600,"height":338,"html":"<blockquote class=\"wp-embedded-content\" data-secret=\"FiPeMHpPZp\"><a href=\"https:\/\/blogg.svenskakyrkan.se\/sigurhaf\/2013\/08\/09\/hur-man-laker-minnen-samiska-kyrkodagar\/\">Hur man l\u00e4ker minnen &#8211; samiska kyrkodagar<\/a><\/blockquote><iframe sandbox=\"allow-scripts\" security=\"restricted\" src=\"https:\/\/blogg.svenskakyrkan.se\/sigurhaf\/2013\/08\/09\/hur-man-laker-minnen-samiska-kyrkodagar\/embed\/#?secret=FiPeMHpPZp\" width=\"600\" height=\"338\" title=\"\u201dHur man l\u00e4ker minnen &#8211; samiska kyrkodagar\u201d &ndash; Samtal i Damaskusporten\" data-secret=\"FiPeMHpPZp\" frameborder=\"0\" marginwidth=\"0\" marginheight=\"0\" scrolling=\"no\" class=\"wp-embedded-content\"><\/iframe><script type=\"text\/javascript\">\n\/* <![CDATA[ *\/\n\/*! This file is auto-generated *\/\n!function(d,l){\"use strict\";l.querySelector&&d.addEventListener&&\"undefined\"!=typeof URL&&(d.wp=d.wp||{},d.wp.receiveEmbedMessage||(d.wp.receiveEmbedMessage=function(e){var t=e.data;if((t||t.secret||t.message||t.value)&&!\/[^a-zA-Z0-9]\/.test(t.secret)){for(var s,r,n,a=l.querySelectorAll('iframe[data-secret=\"'+t.secret+'\"]'),o=l.querySelectorAll('blockquote[data-secret=\"'+t.secret+'\"]'),c=new RegExp(\"^https?:$\",\"i\"),i=0;i<o.length;i++)o[i].style.display=\"none\";for(i=0;i<a.length;i++)s=a[i],e.source===s.contentWindow&&(s.removeAttribute(\"style\"),\"height\"===t.message?(1e3<(r=parseInt(t.value,10))?r=1e3:~~r<200&&(r=200),s.height=r):\"link\"===t.message&&(r=new URL(s.getAttribute(\"src\")),n=new URL(t.value),c.test(n.protocol))&&n.host===r.host&&l.activeElement===s&&(d.top.location.href=t.value))}},d.addEventListener(\"message\",d.wp.receiveEmbedMessage,!1),l.addEventListener(\"DOMContentLoaded\",function(){for(var e,t,s=l.querySelectorAll(\"iframe.wp-embedded-content\"),r=0;r<s.length;r++)(t=(e=s[r]).getAttribute(\"data-secret\"))||(t=Math.random().toString(36).substring(2,12),e.src+=\"#?secret=\"+t,e.setAttribute(\"data-secret\",t)),e.contentWindow.postMessage({message:\"ready\",secret:t},\"*\")},!1)))}(window,document);\n\/\/# sourceURL=https:\/\/blogg.svenskakyrkan.se\/sigurhaf\/wp-includes\/js\/wp-embed.min.js\n\/* ]]> *\/\n<\/script>\n","description":"Nu p\u00e5g\u00e5r det samiska kyrkodagar i Mo i Rana. Det \u00e4r en samling med seminarier, gudstj\u00e4nster, worshops, kulturevenemang och marknad. Idag bes\u00f6kte jag tv\u00e5 seminarier, det f\u00f6rsta p\u00e5 tema samer-kyrka och det andra p\u00e5 tema f\u00f6rsoning. Den samiska kulturen \u00e4r pr\u00e4glad av en andlighet med stark koppling till naturen, naturreligion. D\u00e4rf\u00f6r \u00e4r det m\u00e5nga som [&hellip;]","thumbnail_url":"http:\/\/blogg.svenskakyrkan.se\/sigurhaf\/files\/2013\/08\/Samiska-kyrkodagar-134-200x300.jpg"}