{"version":"1.0","provider_name":"Tankar inf\u00f6r helgen","provider_url":"https:\/\/blogg.svenskakyrkan.se\/tankarinforhelgen","author_name":"Magdalena Wernefeldt","author_url":"https:\/\/blogg.svenskakyrkan.se\/tankarinforhelgen\/author\/svkmwt\/","title":"De sm\u00e5 valen i vardagen - 16 september - Tankar inf\u00f6r helgen","type":"rich","width":600,"height":338,"html":"<blockquote class=\"wp-embedded-content\" data-secret=\"UOq76rviHW\"><a href=\"https:\/\/blogg.svenskakyrkan.se\/tankarinforhelgen\/2012\/09\/16\/de-sma-valen-i-vardagen-16-september\/\">De sm\u00e5 valen i vardagen &#8211; 16 september<\/a><\/blockquote><iframe sandbox=\"allow-scripts\" security=\"restricted\" src=\"https:\/\/blogg.svenskakyrkan.se\/tankarinforhelgen\/2012\/09\/16\/de-sma-valen-i-vardagen-16-september\/embed\/#?secret=UOq76rviHW\" width=\"600\" height=\"338\" title=\"\u201dDe sm\u00e5 valen i vardagen &#8211; 16 september\u201d &ndash; Tankar inf\u00f6r helgen\" data-secret=\"UOq76rviHW\" frameborder=\"0\" marginwidth=\"0\" marginheight=\"0\" scrolling=\"no\" class=\"wp-embedded-content\"><\/iframe><script type=\"text\/javascript\">\n\/* <![CDATA[ *\/\n\/*! This file is auto-generated *\/\n!function(d,l){\"use strict\";l.querySelector&&d.addEventListener&&\"undefined\"!=typeof URL&&(d.wp=d.wp||{},d.wp.receiveEmbedMessage||(d.wp.receiveEmbedMessage=function(e){var t=e.data;if((t||t.secret||t.message||t.value)&&!\/[^a-zA-Z0-9]\/.test(t.secret)){for(var s,r,n,a=l.querySelectorAll('iframe[data-secret=\"'+t.secret+'\"]'),o=l.querySelectorAll('blockquote[data-secret=\"'+t.secret+'\"]'),c=new RegExp(\"^https?:$\",\"i\"),i=0;i<o.length;i++)o[i].style.display=\"none\";for(i=0;i<a.length;i++)s=a[i],e.source===s.contentWindow&&(s.removeAttribute(\"style\"),\"height\"===t.message?(1e3<(r=parseInt(t.value,10))?r=1e3:~~r<200&&(r=200),s.height=r):\"link\"===t.message&&(r=new URL(s.getAttribute(\"src\")),n=new URL(t.value),c.test(n.protocol))&&n.host===r.host&&l.activeElement===s&&(d.top.location.href=t.value))}},d.addEventListener(\"message\",d.wp.receiveEmbedMessage,!1),l.addEventListener(\"DOMContentLoaded\",function(){for(var e,t,s=l.querySelectorAll(\"iframe.wp-embedded-content\"),r=0;r<s.length;r++)(t=(e=s[r]).getAttribute(\"data-secret\"))||(t=Math.random().toString(36).substring(2,12),e.src+=\"#?secret=\"+t,e.setAttribute(\"data-secret\",t)),e.contentWindow.postMessage({message:\"ready\",secret:t},\"*\")},!1)))}(window,document);\n\/\/# sourceURL=https:\/\/blogg.svenskakyrkan.se\/tankarinforhelgen\/wp-includes\/js\/wp-embed.min.js\n\/* ]]> *\/\n<\/script>\n","description":"Jag t\u00e4nker p\u00e5 honom n\u00e4r jag l\u00e4ser om hur Jesus uppmanar sina l\u00e4rjungar att inte bekymra sig f\u00f6r morgondagen. Men bekymrar oss g\u00f6r vi, \u00f6ver ganska mycket. Kommer pensionen att r\u00e4cka till? Hur ska det g\u00e5 f\u00f6r barnen, f\u00e5r de n\u00e5gra arbeten? Vilken utbildning ska jag s\u00f6ka? Var ska jag bo och vilken bil ska [&hellip;]","thumbnail_url":"http:\/\/blogg.svenskakyrkan.se\/tankarinforhelgen\/files\/2017\/02\/f0dcd075-0575-4de3-be45-1b8493e80706.jpg"}