{"version":"1.0","provider_name":"Tankar inf\u00f6r helgen","provider_url":"https:\/\/blogg.svenskakyrkan.se\/tankarinforhelgen","author_name":"Magdalena Wernefeldt","author_url":"https:\/\/blogg.svenskakyrkan.se\/tankarinforhelgen\/author\/svkmwt\/","title":"Gemenskap som inte k\u00e4nner gr\u00e4nser - Tankar inf\u00f6r helgen","type":"rich","width":600,"height":338,"html":"<blockquote class=\"wp-embedded-content\" data-secret=\"xidWz4exLq\"><a href=\"https:\/\/blogg.svenskakyrkan.se\/tankarinforhelgen\/2012\/10\/16\/gemenskap-som-inte-kanner-granser\/\">Gemenskap som inte k\u00e4nner gr\u00e4nser<\/a><\/blockquote><iframe sandbox=\"allow-scripts\" security=\"restricted\" src=\"https:\/\/blogg.svenskakyrkan.se\/tankarinforhelgen\/2012\/10\/16\/gemenskap-som-inte-kanner-granser\/embed\/#?secret=xidWz4exLq\" width=\"600\" height=\"338\" title=\"\u201dGemenskap som inte k\u00e4nner gr\u00e4nser\u201d &ndash; Tankar inf\u00f6r helgen\" data-secret=\"xidWz4exLq\" frameborder=\"0\" marginwidth=\"0\" marginheight=\"0\" scrolling=\"no\" class=\"wp-embedded-content\"><\/iframe><script type=\"text\/javascript\">\n\/* <![CDATA[ *\/\n\/*! This file is auto-generated *\/\n!function(d,l){\"use strict\";l.querySelector&&d.addEventListener&&\"undefined\"!=typeof URL&&(d.wp=d.wp||{},d.wp.receiveEmbedMessage||(d.wp.receiveEmbedMessage=function(e){var t=e.data;if((t||t.secret||t.message||t.value)&&!\/[^a-zA-Z0-9]\/.test(t.secret)){for(var s,r,n,a=l.querySelectorAll('iframe[data-secret=\"'+t.secret+'\"]'),o=l.querySelectorAll('blockquote[data-secret=\"'+t.secret+'\"]'),c=new RegExp(\"^https?:$\",\"i\"),i=0;i<o.length;i++)o[i].style.display=\"none\";for(i=0;i<a.length;i++)s=a[i],e.source===s.contentWindow&&(s.removeAttribute(\"style\"),\"height\"===t.message?(1e3<(r=parseInt(t.value,10))?r=1e3:~~r<200&&(r=200),s.height=r):\"link\"===t.message&&(r=new URL(s.getAttribute(\"src\")),n=new URL(t.value),c.test(n.protocol))&&n.host===r.host&&l.activeElement===s&&(d.top.location.href=t.value))}},d.addEventListener(\"message\",d.wp.receiveEmbedMessage,!1),l.addEventListener(\"DOMContentLoaded\",function(){for(var e,t,s=l.querySelectorAll(\"iframe.wp-embedded-content\"),r=0;r<s.length;r++)(t=(e=s[r]).getAttribute(\"data-secret\"))||(t=Math.random().toString(36).substring(2,12),e.src+=\"#?secret=\"+t,e.setAttribute(\"data-secret\",t)),e.contentWindow.postMessage({message:\"ready\",secret:t},\"*\")},!1)))}(window,document);\n\/\/# sourceURL=https:\/\/blogg.svenskakyrkan.se\/tankarinforhelgen\/wp-includes\/js\/wp-embed.min.js\n\/* ]]> *\/\n<\/script>\n","description":"\u201dHur kan du vara s\u00e5 god mot mig och bry dig om mig, fast jag \u00e4r en fr\u00e4mling?\u201d Fr\u00e5gan st\u00e4lls av moabitiskan Rut, n\u00e4r hon befinner sig i en mycket utsatt situation i ett land och hos ett fr\u00e4mmande folk, som inte \u00e4r hennes eget. Man kan l\u00e4sa den lilla underbara f\u00e4rgstarka ber\u00e4ttelsen, med samma [&hellip;]","thumbnail_url":"http:\/\/blogg.svenskakyrkan.se\/tankarinforhelgen\/files\/2012\/10\/08e026cf-8802-4920-9ee7-d4ba87ddd25d.jpg"}