{"version":"1.0","provider_name":"Tankar inf\u00f6r helgen","provider_url":"https:\/\/blogg.svenskakyrkan.se\/tankarinforhelgen","author_name":"Magdalena Wernefeldt","author_url":"https:\/\/blogg.svenskakyrkan.se\/tankarinforhelgen\/author\/svkmwt\/","title":"S\u00f6ndag 23 december: K\u00e4ra Maria! - Tankar inf\u00f6r helgen","type":"rich","width":600,"height":338,"html":"<blockquote class=\"wp-embedded-content\" data-secret=\"bXZFcEVRWN\"><a href=\"https:\/\/blogg.svenskakyrkan.se\/tankarinforhelgen\/2012\/12\/23\/sondag-23-december-kara-maria\/\">S\u00f6ndag 23 december: K\u00e4ra Maria!<\/a><\/blockquote><iframe sandbox=\"allow-scripts\" security=\"restricted\" src=\"https:\/\/blogg.svenskakyrkan.se\/tankarinforhelgen\/2012\/12\/23\/sondag-23-december-kara-maria\/embed\/#?secret=bXZFcEVRWN\" width=\"600\" height=\"338\" title=\"\u201dS\u00f6ndag 23 december: K\u00e4ra Maria!\u201d &ndash; Tankar inf\u00f6r helgen\" data-secret=\"bXZFcEVRWN\" frameborder=\"0\" marginwidth=\"0\" marginheight=\"0\" scrolling=\"no\" class=\"wp-embedded-content\"><\/iframe><script type=\"text\/javascript\">\n\/* <![CDATA[ *\/\n\/*! This file is auto-generated *\/\n!function(d,l){\"use strict\";l.querySelector&&d.addEventListener&&\"undefined\"!=typeof URL&&(d.wp=d.wp||{},d.wp.receiveEmbedMessage||(d.wp.receiveEmbedMessage=function(e){var t=e.data;if((t||t.secret||t.message||t.value)&&!\/[^a-zA-Z0-9]\/.test(t.secret)){for(var s,r,n,a=l.querySelectorAll('iframe[data-secret=\"'+t.secret+'\"]'),o=l.querySelectorAll('blockquote[data-secret=\"'+t.secret+'\"]'),c=new RegExp(\"^https?:$\",\"i\"),i=0;i<o.length;i++)o[i].style.display=\"none\";for(i=0;i<a.length;i++)s=a[i],e.source===s.contentWindow&&(s.removeAttribute(\"style\"),\"height\"===t.message?(1e3<(r=parseInt(t.value,10))?r=1e3:~~r<200&&(r=200),s.height=r):\"link\"===t.message&&(r=new URL(s.getAttribute(\"src\")),n=new URL(t.value),c.test(n.protocol))&&n.host===r.host&&l.activeElement===s&&(d.top.location.href=t.value))}},d.addEventListener(\"message\",d.wp.receiveEmbedMessage,!1),l.addEventListener(\"DOMContentLoaded\",function(){for(var e,t,s=l.querySelectorAll(\"iframe.wp-embedded-content\"),r=0;r<s.length;r++)(t=(e=s[r]).getAttribute(\"data-secret\"))||(t=Math.random().toString(36).substring(2,12),e.src+=\"#?secret=\"+t,e.setAttribute(\"data-secret\",t)),e.contentWindow.postMessage({message:\"ready\",secret:t},\"*\")},!1)))}(window,document);\n\/\/# sourceURL=https:\/\/blogg.svenskakyrkan.se\/tankarinforhelgen\/wp-includes\/js\/wp-embed.min.js\n\/* ]]> *\/\n<\/script>\n","description":"T\u00e4nk vad m\u00e5nga bilder det finns av dig, tavlor, ikoner och skulpturer. Kanske \u00e4r du v\u00e4rldens mest avbildade kvinna? Men vem var du? Vad t\u00e4nkte du? Var du inte r\u00e4dd? Du var ju n\u00e4stan sj\u00e4lv ett barn och du fick aldrig fr\u00e5gan om du ville. Jag undrar hur jag skulle ha reagerat? Men f\u00f6r dig [&hellip;]","thumbnail_url":"http:\/\/blogg.svenskakyrkan.se\/tankarinforhelgen\/files\/2017\/02\/6d533745-8837-49f6-8ab7-daa6c9c074b9.jpg"}