{"version":"1.0","provider_name":"Tankar inf\u00f6r helgen","provider_url":"https:\/\/blogg.svenskakyrkan.se\/tankarinforhelgen","author_name":"Redakt\u00f6r","author_url":"https:\/\/blogg.svenskakyrkan.se\/tankarinforhelgen\/author\/annabarbier\/","title":"Vad jag l\u00e4rde mig av en osthyvel - Tankar inf\u00f6r helgen","type":"rich","width":600,"height":338,"html":"<blockquote class=\"wp-embedded-content\" data-secret=\"Mjlff5Igpm\"><a href=\"https:\/\/blogg.svenskakyrkan.se\/tankarinforhelgen\/2018\/07\/02\/vad-jag-larde-mig-av-en-osthyvel\/\">Vad jag l\u00e4rde mig av en osthyvel<\/a><\/blockquote><iframe sandbox=\"allow-scripts\" security=\"restricted\" src=\"https:\/\/blogg.svenskakyrkan.se\/tankarinforhelgen\/2018\/07\/02\/vad-jag-larde-mig-av-en-osthyvel\/embed\/#?secret=Mjlff5Igpm\" width=\"600\" height=\"338\" title=\"\u201dVad jag l\u00e4rde mig av en osthyvel\u201d &ndash; Tankar inf\u00f6r helgen\" data-secret=\"Mjlff5Igpm\" frameborder=\"0\" marginwidth=\"0\" marginheight=\"0\" scrolling=\"no\" class=\"wp-embedded-content\"><\/iframe><script type=\"text\/javascript\">\n\/* <![CDATA[ *\/\n\/*! This file is auto-generated *\/\n!function(d,l){\"use strict\";l.querySelector&&d.addEventListener&&\"undefined\"!=typeof URL&&(d.wp=d.wp||{},d.wp.receiveEmbedMessage||(d.wp.receiveEmbedMessage=function(e){var t=e.data;if((t||t.secret||t.message||t.value)&&!\/[^a-zA-Z0-9]\/.test(t.secret)){for(var s,r,n,a=l.querySelectorAll('iframe[data-secret=\"'+t.secret+'\"]'),o=l.querySelectorAll('blockquote[data-secret=\"'+t.secret+'\"]'),c=new RegExp(\"^https?:$\",\"i\"),i=0;i<o.length;i++)o[i].style.display=\"none\";for(i=0;i<a.length;i++)s=a[i],e.source===s.contentWindow&&(s.removeAttribute(\"style\"),\"height\"===t.message?(1e3<(r=parseInt(t.value,10))?r=1e3:~~r<200&&(r=200),s.height=r):\"link\"===t.message&&(r=new URL(s.getAttribute(\"src\")),n=new URL(t.value),c.test(n.protocol))&&n.host===r.host&&l.activeElement===s&&(d.top.location.href=t.value))}},d.addEventListener(\"message\",d.wp.receiveEmbedMessage,!1),l.addEventListener(\"DOMContentLoaded\",function(){for(var e,t,s=l.querySelectorAll(\"iframe.wp-embedded-content\"),r=0;r<s.length;r++)(t=(e=s[r]).getAttribute(\"data-secret\"))||(t=Math.random().toString(36).substring(2,12),e.src+=\"#?secret=\"+t,e.setAttribute(\"data-secret\",t)),e.contentWindow.postMessage({message:\"ready\",secret:t},\"*\")},!1)))}(window,document);\n\/\/# sourceURL=https:\/\/blogg.svenskakyrkan.se\/tankarinforhelgen\/wp-includes\/js\/wp-embed.min.js\n\/* ]]> *\/\n<\/script>\n","thumbnail_url":"https:\/\/blogg.svenskakyrkan.se\/tankarinforhelgen\/files\/2018\/07\/osthyvlar2-768x569.png","thumbnail_width":600,"thumbnail_height":445,"description":"\u201dDu skall inte dr\u00e4pa!\u201d Budord nummer fem. Minnesregel \u2013 det \u00e4r fem bokst\u00e4ver i ordet dr\u00e4pa. Det \u00e4r en av de minnesregler f\u00f6r budord som brukar vara l\u00e4ttast att komma ih\u00e5g f\u00f6r konfirmanderna, f\u00f6r drar du ett platt streck f\u00f6r varje bokstav, ja, d\u00e5 blir det som n\u00e4r man ska h\u00e4nga gubbe \u2013 och det [&hellip;]"}