{"version":"1.0","provider_name":"Tankar inf\u00f6r helgen","provider_url":"https:\/\/blogg.svenskakyrkan.se\/tankarinforhelgen","author_name":"Maria Bergius, pr\u00e4st","author_url":"https:\/\/blogg.svenskakyrkan.se\/tankarinforhelgen\/author\/mariabergius\/","title":"Men helst vill jag f\u00f6lja \u00e4nkan - Tankar inf\u00f6r helgen","type":"rich","width":600,"height":338,"html":"<blockquote class=\"wp-embedded-content\" data-secret=\"gIsbLoqN81\"><a href=\"https:\/\/blogg.svenskakyrkan.se\/tankarinforhelgen\/2018\/10\/01\/men-helst-vill-jag-folja-ankan\/\">Men helst vill jag f\u00f6lja \u00e4nkan<\/a><\/blockquote><iframe sandbox=\"allow-scripts\" security=\"restricted\" src=\"https:\/\/blogg.svenskakyrkan.se\/tankarinforhelgen\/2018\/10\/01\/men-helst-vill-jag-folja-ankan\/embed\/#?secret=gIsbLoqN81\" width=\"600\" height=\"338\" title=\"\u201dMen helst vill jag f\u00f6lja \u00e4nkan\u201d &ndash; Tankar inf\u00f6r helgen\" data-secret=\"gIsbLoqN81\" frameborder=\"0\" marginwidth=\"0\" marginheight=\"0\" scrolling=\"no\" class=\"wp-embedded-content\"><\/iframe><script type=\"text\/javascript\">\n\/* <![CDATA[ *\/\n\/*! This file is auto-generated *\/\n!function(d,l){\"use strict\";l.querySelector&&d.addEventListener&&\"undefined\"!=typeof URL&&(d.wp=d.wp||{},d.wp.receiveEmbedMessage||(d.wp.receiveEmbedMessage=function(e){var t=e.data;if((t||t.secret||t.message||t.value)&&!\/[^a-zA-Z0-9]\/.test(t.secret)){for(var s,r,n,a=l.querySelectorAll('iframe[data-secret=\"'+t.secret+'\"]'),o=l.querySelectorAll('blockquote[data-secret=\"'+t.secret+'\"]'),c=new RegExp(\"^https?:$\",\"i\"),i=0;i<o.length;i++)o[i].style.display=\"none\";for(i=0;i<a.length;i++)s=a[i],e.source===s.contentWindow&&(s.removeAttribute(\"style\"),\"height\"===t.message?(1e3<(r=parseInt(t.value,10))?r=1e3:~~r<200&&(r=200),s.height=r):\"link\"===t.message&&(r=new URL(s.getAttribute(\"src\")),n=new URL(t.value),c.test(n.protocol))&&n.host===r.host&&l.activeElement===s&&(d.top.location.href=t.value))}},d.addEventListener(\"message\",d.wp.receiveEmbedMessage,!1),l.addEventListener(\"DOMContentLoaded\",function(){for(var e,t,s=l.querySelectorAll(\"iframe.wp-embedded-content\"),r=0;r<s.length;r++)(t=(e=s[r]).getAttribute(\"data-secret\"))||(t=Math.random().toString(36).substring(2,12),e.src+=\"#?secret=\"+t,e.setAttribute(\"data-secret\",t)),e.contentWindow.postMessage({message:\"ready\",secret:t},\"*\")},!1)))}(window,document);\n\/\/# sourceURL=https:\/\/blogg.svenskakyrkan.se\/tankarinforhelgen\/wp-includes\/js\/wp-embed.min.js\n\/* ]]> *\/\n<\/script>\n","thumbnail_url":"https:\/\/blogg.svenskakyrkan.se\/tankarinforhelgen\/files\/2018\/10\/h\u00e4nderna-768x554.jpg","thumbnail_width":600,"thumbnail_height":433,"description":"Jag var p\u00e5 konsert f\u00f6rra helgen, och s\u00e5g U2 i K\u00f6penhamn. Det var den sj\u00e4tte g\u00e5ngen jag ser dem live, f\u00f6rsta g\u00e5ngen var 1993. Det \u00e4r som att vi firar silverkonsertbr\u00f6llop, jag och de irl\u00e4ndska grabbarna. De har f\u00f6ljt mig genom hela mitt vuxenliv, och flera av deras s\u00e5nger har blivit temamusik f\u00f6r mitt livs [&hellip;]"}