{"version":"1.0","provider_name":"Tankar inf\u00f6r helgen","provider_url":"https:\/\/blogg.svenskakyrkan.se\/tankarinforhelgen","author_name":"Charlotte Frycklund, pr\u00e4st","author_url":"https:\/\/blogg.svenskakyrkan.se\/tankarinforhelgen\/author\/charlottefrycklund\/","title":"Sagan om Lennart - Tankar inf\u00f6r helgen","type":"rich","width":600,"height":338,"html":"<blockquote class=\"wp-embedded-content\" data-secret=\"fLCzD2uNxt\"><a href=\"https:\/\/blogg.svenskakyrkan.se\/tankarinforhelgen\/2019\/02\/13\/sagan-om-lennart\/\">Sagan om Lennart<\/a><\/blockquote><iframe sandbox=\"allow-scripts\" security=\"restricted\" src=\"https:\/\/blogg.svenskakyrkan.se\/tankarinforhelgen\/2019\/02\/13\/sagan-om-lennart\/embed\/#?secret=fLCzD2uNxt\" width=\"600\" height=\"338\" title=\"\u201dSagan om Lennart\u201d &ndash; Tankar inf\u00f6r helgen\" data-secret=\"fLCzD2uNxt\" frameborder=\"0\" marginwidth=\"0\" marginheight=\"0\" scrolling=\"no\" class=\"wp-embedded-content\"><\/iframe><script type=\"text\/javascript\">\n\/* <![CDATA[ *\/\n\/*! This file is auto-generated *\/\n!function(d,l){\"use strict\";l.querySelector&&d.addEventListener&&\"undefined\"!=typeof URL&&(d.wp=d.wp||{},d.wp.receiveEmbedMessage||(d.wp.receiveEmbedMessage=function(e){var t=e.data;if((t||t.secret||t.message||t.value)&&!\/[^a-zA-Z0-9]\/.test(t.secret)){for(var s,r,n,a=l.querySelectorAll('iframe[data-secret=\"'+t.secret+'\"]'),o=l.querySelectorAll('blockquote[data-secret=\"'+t.secret+'\"]'),c=new RegExp(\"^https?:$\",\"i\"),i=0;i<o.length;i++)o[i].style.display=\"none\";for(i=0;i<a.length;i++)s=a[i],e.source===s.contentWindow&&(s.removeAttribute(\"style\"),\"height\"===t.message?(1e3<(r=parseInt(t.value,10))?r=1e3:~~r<200&&(r=200),s.height=r):\"link\"===t.message&&(r=new URL(s.getAttribute(\"src\")),n=new URL(t.value),c.test(n.protocol))&&n.host===r.host&&l.activeElement===s&&(d.top.location.href=t.value))}},d.addEventListener(\"message\",d.wp.receiveEmbedMessage,!1),l.addEventListener(\"DOMContentLoaded\",function(){for(var e,t,s=l.querySelectorAll(\"iframe.wp-embedded-content\"),r=0;r<s.length;r++)(t=(e=s[r]).getAttribute(\"data-secret\"))||(t=Math.random().toString(36).substring(2,12),e.src+=\"#?secret=\"+t,e.setAttribute(\"data-secret\",t)),e.contentWindow.postMessage({message:\"ready\",secret:t},\"*\")},!1)))}(window,document);\n\/\/# sourceURL=https:\/\/blogg.svenskakyrkan.se\/tankarinforhelgen\/wp-includes\/js\/wp-embed.min.js\n\/* ]]> *\/\n<\/script>\n","thumbnail_url":"https:\/\/blogg.svenskakyrkan.se\/tankarinforhelgen\/files\/2019\/02\/Lennart-768x576.jpg","thumbnail_width":600,"thumbnail_height":450,"description":"Jag \u00e4r vuxen. S\u00e5 d\u00e4rf\u00f6r g\u00f6r jag vuxensaker p\u00e5 dagarna: Har snygga jobbkl\u00e4der, g\u00e5r p\u00e5 m\u00f6ten. Har integritet. V\u00e4rdighet. Fast inte p\u00e5 kv\u00e4llarna. P\u00e5 kv\u00e4llarna g\u00f6r jag helt andra saker. Jag letar efter Lennart. F\u00f6r Lennart f\u00f6rsvinner ofta p\u00e5 kv\u00e4llarna, och utan Lennart fungerar det bara inte hemma hos oss.Lennart \u00e4r femton centimeter l\u00e5ng, gr\u00f6n, [&hellip;]"}