{"version":"1.0","provider_name":"Tankar inf\u00f6r helgen","provider_url":"https:\/\/blogg.svenskakyrkan.se\/tankarinforhelgen","author_name":"Andreas Sundstr\u00f6m, pr\u00e4st","author_url":"https:\/\/blogg.svenskakyrkan.se\/tankarinforhelgen\/author\/andreassundstrom\/","title":"\u00c4r inte min k\u00e4rlek lika mycket v\u00e4rd? - Tankar inf\u00f6r helgen","type":"rich","width":600,"height":338,"html":"<blockquote class=\"wp-embedded-content\" data-secret=\"43BmRQ3z32\"><a href=\"https:\/\/blogg.svenskakyrkan.se\/tankarinforhelgen\/2019\/02\/22\/ar-inte-min-karlek-lika-mycket-vard\/\">\u00c4r inte min k\u00e4rlek lika mycket v\u00e4rd?<\/a><\/blockquote><iframe sandbox=\"allow-scripts\" security=\"restricted\" src=\"https:\/\/blogg.svenskakyrkan.se\/tankarinforhelgen\/2019\/02\/22\/ar-inte-min-karlek-lika-mycket-vard\/embed\/#?secret=43BmRQ3z32\" width=\"600\" height=\"338\" title=\"\u201d\u00c4r inte min k\u00e4rlek lika mycket v\u00e4rd?\u201d &ndash; Tankar inf\u00f6r helgen\" data-secret=\"43BmRQ3z32\" frameborder=\"0\" marginwidth=\"0\" marginheight=\"0\" scrolling=\"no\" class=\"wp-embedded-content\"><\/iframe><script type=\"text\/javascript\">\n\/* <![CDATA[ *\/\n\/*! This file is auto-generated *\/\n!function(d,l){\"use strict\";l.querySelector&&d.addEventListener&&\"undefined\"!=typeof URL&&(d.wp=d.wp||{},d.wp.receiveEmbedMessage||(d.wp.receiveEmbedMessage=function(e){var t=e.data;if((t||t.secret||t.message||t.value)&&!\/[^a-zA-Z0-9]\/.test(t.secret)){for(var s,r,n,a=l.querySelectorAll('iframe[data-secret=\"'+t.secret+'\"]'),o=l.querySelectorAll('blockquote[data-secret=\"'+t.secret+'\"]'),c=new RegExp(\"^https?:$\",\"i\"),i=0;i<o.length;i++)o[i].style.display=\"none\";for(i=0;i<a.length;i++)s=a[i],e.source===s.contentWindow&&(s.removeAttribute(\"style\"),\"height\"===t.message?(1e3<(r=parseInt(t.value,10))?r=1e3:~~r<200&&(r=200),s.height=r):\"link\"===t.message&&(r=new URL(s.getAttribute(\"src\")),n=new URL(t.value),c.test(n.protocol))&&n.host===r.host&&l.activeElement===s&&(d.top.location.href=t.value))}},d.addEventListener(\"message\",d.wp.receiveEmbedMessage,!1),l.addEventListener(\"DOMContentLoaded\",function(){for(var e,t,s=l.querySelectorAll(\"iframe.wp-embedded-content\"),r=0;r<s.length;r++)(t=(e=s[r]).getAttribute(\"data-secret\"))||(t=Math.random().toString(36).substring(2,12),e.src+=\"#?secret=\"+t,e.setAttribute(\"data-secret\",t)),e.contentWindow.postMessage({message:\"ready\",secret:t},\"*\")},!1)))}(window,document);\n\/\/# sourceURL=https:\/\/blogg.svenskakyrkan.se\/tankarinforhelgen\/wp-includes\/js\/wp-embed.min.js\n\/* ]]> *\/\n<\/script>\n","thumbnail_url":"https:\/\/blogg.svenskakyrkan.se\/tankarinforhelgen\/files\/2019\/02\/E2793592-FC01-4B25-8883-685EC735C4F4-768x505.jpeg","thumbnail_width":600,"thumbnail_height":395,"description":"\u201dMenar du p\u00e5 allvar att min k\u00e4rlek inte \u00e4r lika mycket v\u00e4rd?\u201d Det finns v\u00e4ldigt m\u00e5nga omr\u00e5den d\u00e4r jag som pr\u00e4st kan tala, predika och skriva om kristen tro med stor trov\u00e4rdighet. Utifr\u00e5n min vigning, utbildning och mina personliga erfarenheter. Men ibland m\u00e5ste jag, liksom i s\u00f6ndagens text fr\u00e5n Johannesevangeliet, st\u00e4lla mig fr\u00e5gan: Vart ifr\u00e5n [&hellip;]"}