{"version":"1.0","provider_name":"Tankar inf\u00f6r helgen","provider_url":"https:\/\/blogg.svenskakyrkan.se\/tankarinforhelgen","author_name":"Agneta Holmstr\u00f6m, pr\u00e4st","author_url":"https:\/\/blogg.svenskakyrkan.se\/tankarinforhelgen\/author\/agnetaholmstrom\/","title":"\u00c4lskar du dig sj\u00e4lv? - Tankar inf\u00f6r helgen","type":"rich","width":600,"height":338,"html":"<blockquote class=\"wp-embedded-content\" data-secret=\"F8LO4hbpor\"><a href=\"https:\/\/blogg.svenskakyrkan.se\/tankarinforhelgen\/2019\/05\/02\/alskar-du-dig-sjalv\/\">\u00c4lskar du dig sj\u00e4lv?<\/a><\/blockquote><iframe sandbox=\"allow-scripts\" security=\"restricted\" src=\"https:\/\/blogg.svenskakyrkan.se\/tankarinforhelgen\/2019\/05\/02\/alskar-du-dig-sjalv\/embed\/#?secret=F8LO4hbpor\" width=\"600\" height=\"338\" title=\"\u201d\u00c4lskar du dig sj\u00e4lv?\u201d &ndash; Tankar inf\u00f6r helgen\" data-secret=\"F8LO4hbpor\" frameborder=\"0\" marginwidth=\"0\" marginheight=\"0\" scrolling=\"no\" class=\"wp-embedded-content\"><\/iframe><script type=\"text\/javascript\">\n\/* <![CDATA[ *\/\n\/*! This file is auto-generated *\/\n!function(d,l){\"use strict\";l.querySelector&&d.addEventListener&&\"undefined\"!=typeof URL&&(d.wp=d.wp||{},d.wp.receiveEmbedMessage||(d.wp.receiveEmbedMessage=function(e){var t=e.data;if((t||t.secret||t.message||t.value)&&!\/[^a-zA-Z0-9]\/.test(t.secret)){for(var s,r,n,a=l.querySelectorAll('iframe[data-secret=\"'+t.secret+'\"]'),o=l.querySelectorAll('blockquote[data-secret=\"'+t.secret+'\"]'),c=new RegExp(\"^https?:$\",\"i\"),i=0;i<o.length;i++)o[i].style.display=\"none\";for(i=0;i<a.length;i++)s=a[i],e.source===s.contentWindow&&(s.removeAttribute(\"style\"),\"height\"===t.message?(1e3<(r=parseInt(t.value,10))?r=1e3:~~r<200&&(r=200),s.height=r):\"link\"===t.message&&(r=new URL(s.getAttribute(\"src\")),n=new URL(t.value),c.test(n.protocol))&&n.host===r.host&&l.activeElement===s&&(d.top.location.href=t.value))}},d.addEventListener(\"message\",d.wp.receiveEmbedMessage,!1),l.addEventListener(\"DOMContentLoaded\",function(){for(var e,t,s=l.querySelectorAll(\"iframe.wp-embedded-content\"),r=0;r<s.length;r++)(t=(e=s[r]).getAttribute(\"data-secret\"))||(t=Math.random().toString(36).substring(2,12),e.src+=\"#?secret=\"+t,e.setAttribute(\"data-secret\",t)),e.contentWindow.postMessage({message:\"ready\",secret:t},\"*\")},!1)))}(window,document);\n\/\/# sourceURL=https:\/\/blogg.svenskakyrkan.se\/tankarinforhelgen\/wp-includes\/js\/wp-embed.min.js\n\/* ]]> *\/\n<\/script>\n","thumbnail_url":"https:\/\/blogg.svenskakyrkan.se\/tankarinforhelgen\/files\/2019\/05\/f\u00f6nsterhj\u00e4rta.jpg","thumbnail_width":502,"thumbnail_height":466,"description":"Du m\u00e5ste \u00e4lska dig sj\u00e4lv f\u00f6r att kunna \u00e4lska andra. En v\u00e4lk\u00e4nd &#8221;sanning&#8221;, men jag tycker det \u00e4r en elak och d\u00f6mande l\u00f6gn. F\u00f6rutom att de som inte \u00e4lskar sig sj\u00e4lv redan b\u00e4r b\u00f6rdan att inte tycka om sig sj\u00e4lv ,s\u00e5 blir deras k\u00e4rlek till andra underk\u00e4nd. Som att den k\u00e4rleken inte vore p\u00e5 riktigt. [&hellip;]"}