{"version":"1.0","provider_name":"Tankar inf\u00f6r helgen","provider_url":"https:\/\/blogg.svenskakyrkan.se\/tankarinforhelgen","author_name":"Agneta Holmstr\u00f6m, pr\u00e4st","author_url":"https:\/\/blogg.svenskakyrkan.se\/tankarinforhelgen\/author\/agnetaholmstrom\/","title":"Du duger inte. Och det \u00e4r bra. - Tankar inf\u00f6r helgen","type":"rich","width":600,"height":338,"html":"<blockquote class=\"wp-embedded-content\" data-secret=\"5SQTHkhdZM\"><a href=\"https:\/\/blogg.svenskakyrkan.se\/tankarinforhelgen\/2019\/08\/21\/du-duger-inte-och-det-ar-bra\/\">Du duger inte. Och det \u00e4r bra.<\/a><\/blockquote><iframe sandbox=\"allow-scripts\" security=\"restricted\" src=\"https:\/\/blogg.svenskakyrkan.se\/tankarinforhelgen\/2019\/08\/21\/du-duger-inte-och-det-ar-bra\/embed\/#?secret=5SQTHkhdZM\" width=\"600\" height=\"338\" title=\"\u201dDu duger inte. Och det \u00e4r bra.\u201d &ndash; Tankar inf\u00f6r helgen\" data-secret=\"5SQTHkhdZM\" frameborder=\"0\" marginwidth=\"0\" marginheight=\"0\" scrolling=\"no\" class=\"wp-embedded-content\"><\/iframe><script type=\"text\/javascript\">\n\/* <![CDATA[ *\/\n\/*! This file is auto-generated *\/\n!function(d,l){\"use strict\";l.querySelector&&d.addEventListener&&\"undefined\"!=typeof URL&&(d.wp=d.wp||{},d.wp.receiveEmbedMessage||(d.wp.receiveEmbedMessage=function(e){var t=e.data;if((t||t.secret||t.message||t.value)&&!\/[^a-zA-Z0-9]\/.test(t.secret)){for(var s,r,n,a=l.querySelectorAll('iframe[data-secret=\"'+t.secret+'\"]'),o=l.querySelectorAll('blockquote[data-secret=\"'+t.secret+'\"]'),c=new RegExp(\"^https?:$\",\"i\"),i=0;i<o.length;i++)o[i].style.display=\"none\";for(i=0;i<a.length;i++)s=a[i],e.source===s.contentWindow&&(s.removeAttribute(\"style\"),\"height\"===t.message?(1e3<(r=parseInt(t.value,10))?r=1e3:~~r<200&&(r=200),s.height=r):\"link\"===t.message&&(r=new URL(s.getAttribute(\"src\")),n=new URL(t.value),c.test(n.protocol))&&n.host===r.host&&l.activeElement===s&&(d.top.location.href=t.value))}},d.addEventListener(\"message\",d.wp.receiveEmbedMessage,!1),l.addEventListener(\"DOMContentLoaded\",function(){for(var e,t,s=l.querySelectorAll(\"iframe.wp-embedded-content\"),r=0;r<s.length;r++)(t=(e=s[r]).getAttribute(\"data-secret\"))||(t=Math.random().toString(36).substring(2,12),e.src+=\"#?secret=\"+t,e.setAttribute(\"data-secret\",t)),e.contentWindow.postMessage({message:\"ready\",secret:t},\"*\")},!1)))}(window,document);\n\/\/# sourceURL=https:\/\/blogg.svenskakyrkan.se\/tankarinforhelgen\/wp-includes\/js\/wp-embed.min.js\n\/* ]]> *\/\n<\/script>\n","thumbnail_url":"https:\/\/blogg.svenskakyrkan.se\/tankarinforhelgen\/files\/2019\/08\/scars-768x531.jpg","thumbnail_width":600,"thumbnail_height":415,"description":"\u201dDu \u00e4r s\u00e5 duktig!\u201d sa han med ett s\u00e5dant eftertryck s\u00e5 det k\u00e4ndes som att han menade det med hela sitt hj\u00e4rta. Han gav mig en stor kram. \u201dDu \u00e4r b\u00e4st!\u201d h\u00f6rde jag n\u00e5gon s\u00e4ga. \u201dDu \u00e4r bara s\u00e5 bra!\u201d sa en annan r\u00f6st. Det var s\u00e5 underbart att h\u00f6ra. Det k\u00e4ndes som om alla [&hellip;]"}