{"version":"1.0","provider_name":"Tankar inf\u00f6r helgen","provider_url":"https:\/\/blogg.svenskakyrkan.se\/tankarinforhelgen","author_name":"Catharina Carlsson, pr\u00e4st","author_url":"https:\/\/blogg.svenskakyrkan.se\/tankarinforhelgen\/author\/catharinacarlsson\/","title":"Konsten att s\u00e4ga hej - Tankar inf\u00f6r helgen","type":"rich","width":600,"height":338,"html":"<blockquote class=\"wp-embedded-content\" data-secret=\"0t0fcABkgy\"><a href=\"https:\/\/blogg.svenskakyrkan.se\/tankarinforhelgen\/2019\/10\/21\/konsten-att-saga-hej\/\">Konsten att s\u00e4ga hej<\/a><\/blockquote><iframe sandbox=\"allow-scripts\" security=\"restricted\" src=\"https:\/\/blogg.svenskakyrkan.se\/tankarinforhelgen\/2019\/10\/21\/konsten-att-saga-hej\/embed\/#?secret=0t0fcABkgy\" width=\"600\" height=\"338\" title=\"\u201dKonsten att s\u00e4ga hej\u201d &ndash; Tankar inf\u00f6r helgen\" data-secret=\"0t0fcABkgy\" frameborder=\"0\" marginwidth=\"0\" marginheight=\"0\" scrolling=\"no\" class=\"wp-embedded-content\"><\/iframe><script type=\"text\/javascript\">\n\/* <![CDATA[ *\/\n\/*! This file is auto-generated *\/\n!function(d,l){\"use strict\";l.querySelector&&d.addEventListener&&\"undefined\"!=typeof URL&&(d.wp=d.wp||{},d.wp.receiveEmbedMessage||(d.wp.receiveEmbedMessage=function(e){var t=e.data;if((t||t.secret||t.message||t.value)&&!\/[^a-zA-Z0-9]\/.test(t.secret)){for(var s,r,n,a=l.querySelectorAll('iframe[data-secret=\"'+t.secret+'\"]'),o=l.querySelectorAll('blockquote[data-secret=\"'+t.secret+'\"]'),c=new RegExp(\"^https?:$\",\"i\"),i=0;i<o.length;i++)o[i].style.display=\"none\";for(i=0;i<a.length;i++)s=a[i],e.source===s.contentWindow&&(s.removeAttribute(\"style\"),\"height\"===t.message?(1e3<(r=parseInt(t.value,10))?r=1e3:~~r<200&&(r=200),s.height=r):\"link\"===t.message&&(r=new URL(s.getAttribute(\"src\")),n=new URL(t.value),c.test(n.protocol))&&n.host===r.host&&l.activeElement===s&&(d.top.location.href=t.value))}},d.addEventListener(\"message\",d.wp.receiveEmbedMessage,!1),l.addEventListener(\"DOMContentLoaded\",function(){for(var e,t,s=l.querySelectorAll(\"iframe.wp-embedded-content\"),r=0;r<s.length;r++)(t=(e=s[r]).getAttribute(\"data-secret\"))||(t=Math.random().toString(36).substring(2,12),e.src+=\"#?secret=\"+t,e.setAttribute(\"data-secret\",t)),e.contentWindow.postMessage({message:\"ready\",secret:t},\"*\")},!1)))}(window,document);\n\/\/# sourceURL=https:\/\/blogg.svenskakyrkan.se\/tankarinforhelgen\/wp-includes\/js\/wp-embed.min.js\n\/* ]]> *\/\n<\/script>\n","thumbnail_url":"https:\/\/blogg.svenskakyrkan.se\/tankarinforhelgen\/files\/2019\/10\/carlsson-768x582.jpg","thumbnail_width":600,"thumbnail_height":455,"description":"Hur h\u00e4lsar du p\u00e5 andra m\u00e4nniskor? Jag kommer ofta p\u00e5 mig sj\u00e4lv med att s\u00e4ga \u201dhej hej\u201d till m\u00e4nniskor jag k\u00e4nner, och till m\u00e4nniskor som jag passerar p\u00e5 gatan. Ibland blir det ett samtal, ibland bara ett hej. \u00c4r du en som h\u00e4lsar p\u00e5 alla du m\u00f6ter? Har du pr\u00f6vat att vara s\u00e5? T\u00e4nk om [&hellip;]"}