{"version":"1.0","provider_name":"Tankar inf\u00f6r helgen","provider_url":"https:\/\/blogg.svenskakyrkan.se\/tankarinforhelgen","author_name":"Charlotte Frycklund, pr\u00e4st","author_url":"https:\/\/blogg.svenskakyrkan.se\/tankarinforhelgen\/author\/charlottefrycklund\/","title":"Nallen buren b\u00e4r den vuxna - Tankar inf\u00f6r helgen","type":"rich","width":600,"height":338,"html":"<blockquote class=\"wp-embedded-content\" data-secret=\"orNBy6OJbc\"><a href=\"https:\/\/blogg.svenskakyrkan.se\/tankarinforhelgen\/2020\/02\/20\/dockan-buren-bar-den-vuxna\/\">Nallen buren b\u00e4r den vuxna<\/a><\/blockquote><iframe sandbox=\"allow-scripts\" security=\"restricted\" src=\"https:\/\/blogg.svenskakyrkan.se\/tankarinforhelgen\/2020\/02\/20\/dockan-buren-bar-den-vuxna\/embed\/#?secret=orNBy6OJbc\" width=\"600\" height=\"338\" title=\"\u201dNallen buren b\u00e4r den vuxna\u201d &ndash; Tankar inf\u00f6r helgen\" data-secret=\"orNBy6OJbc\" frameborder=\"0\" marginwidth=\"0\" marginheight=\"0\" scrolling=\"no\" class=\"wp-embedded-content\"><\/iframe><script type=\"text\/javascript\">\n\/* <![CDATA[ *\/\n\/*! This file is auto-generated *\/\n!function(d,l){\"use strict\";l.querySelector&&d.addEventListener&&\"undefined\"!=typeof URL&&(d.wp=d.wp||{},d.wp.receiveEmbedMessage||(d.wp.receiveEmbedMessage=function(e){var t=e.data;if((t||t.secret||t.message||t.value)&&!\/[^a-zA-Z0-9]\/.test(t.secret)){for(var s,r,n,a=l.querySelectorAll('iframe[data-secret=\"'+t.secret+'\"]'),o=l.querySelectorAll('blockquote[data-secret=\"'+t.secret+'\"]'),c=new RegExp(\"^https?:$\",\"i\"),i=0;i<o.length;i++)o[i].style.display=\"none\";for(i=0;i<a.length;i++)s=a[i],e.source===s.contentWindow&&(s.removeAttribute(\"style\"),\"height\"===t.message?(1e3<(r=parseInt(t.value,10))?r=1e3:~~r<200&&(r=200),s.height=r):\"link\"===t.message&&(r=new URL(s.getAttribute(\"src\")),n=new URL(t.value),c.test(n.protocol))&&n.host===r.host&&l.activeElement===s&&(d.top.location.href=t.value))}},d.addEventListener(\"message\",d.wp.receiveEmbedMessage,!1),l.addEventListener(\"DOMContentLoaded\",function(){for(var e,t,s=l.querySelectorAll(\"iframe.wp-embedded-content\"),r=0;r<s.length;r++)(t=(e=s[r]).getAttribute(\"data-secret\"))||(t=Math.random().toString(36).substring(2,12),e.src+=\"#?secret=\"+t,e.setAttribute(\"data-secret\",t)),e.contentWindow.postMessage({message:\"ready\",secret:t},\"*\")},!1)))}(window,document);\n\/\/# sourceURL=https:\/\/blogg.svenskakyrkan.se\/tankarinforhelgen\/wp-includes\/js\/wp-embed.min.js\n\/* ]]> *\/\n<\/script>\n","thumbnail_url":"http:\/\/blogg.svenskakyrkan.se\/tankarinforhelgen\/files\/2020\/02\/shutterstock_ryggs\u00e4ck_med_nalle.jpg","thumbnail_width":1920,"thumbnail_height":1305,"description":"Jag g\u00e5r genom en l\u00e5gstadieskola och b\u00e4r saker. Det g\u00f6r jag varje morgon. Idag \u00e4r det regnkl\u00e4der, en varm tr\u00f6ja, jumpakl\u00e4der, inneskor, mobilladdare, och fyra\u00e5ringens nalle som hon inte kan b\u00e4ra sj\u00e4lv, av kl\u00e4desestetiska sk\u00e4l: \u201dNallen har en ANNAN rosa p\u00e5 sig, mamma, om jag b\u00e4r den ser mitt rosa fult ut\u201d. Jag avst\u00e5r fr\u00e5n [&hellip;]"}