{"version":"1.0","provider_name":"Tankar inf\u00f6r helgen","provider_url":"https:\/\/blogg.svenskakyrkan.se\/tankarinforhelgen","author_name":"Josefine Jehrlander, pr\u00e4st","author_url":"https:\/\/blogg.svenskakyrkan.se\/tankarinforhelgen\/author\/josefinefranzen\/","title":"\u00d6ppenhet \u00e4r att v\u00e5ga - Tankar inf\u00f6r helgen","type":"rich","width":600,"height":338,"html":"<blockquote class=\"wp-embedded-content\" data-secret=\"ESDeTDMsJt\"><a href=\"https:\/\/blogg.svenskakyrkan.se\/tankarinforhelgen\/2021\/08\/18\/__oppenhet\/\">\u00d6ppenhet \u00e4r att v\u00e5ga<\/a><\/blockquote><iframe sandbox=\"allow-scripts\" security=\"restricted\" src=\"https:\/\/blogg.svenskakyrkan.se\/tankarinforhelgen\/2021\/08\/18\/__oppenhet\/embed\/#?secret=ESDeTDMsJt\" width=\"600\" height=\"338\" title=\"\u201d\u00d6ppenhet \u00e4r att v\u00e5ga\u201d &ndash; Tankar inf\u00f6r helgen\" data-secret=\"ESDeTDMsJt\" frameborder=\"0\" marginwidth=\"0\" marginheight=\"0\" scrolling=\"no\" class=\"wp-embedded-content\"><\/iframe><script type=\"text\/javascript\">\n\/* <![CDATA[ *\/\n\/*! This file is auto-generated *\/\n!function(d,l){\"use strict\";l.querySelector&&d.addEventListener&&\"undefined\"!=typeof URL&&(d.wp=d.wp||{},d.wp.receiveEmbedMessage||(d.wp.receiveEmbedMessage=function(e){var t=e.data;if((t||t.secret||t.message||t.value)&&!\/[^a-zA-Z0-9]\/.test(t.secret)){for(var s,r,n,a=l.querySelectorAll('iframe[data-secret=\"'+t.secret+'\"]'),o=l.querySelectorAll('blockquote[data-secret=\"'+t.secret+'\"]'),c=new RegExp(\"^https?:$\",\"i\"),i=0;i<o.length;i++)o[i].style.display=\"none\";for(i=0;i<a.length;i++)s=a[i],e.source===s.contentWindow&&(s.removeAttribute(\"style\"),\"height\"===t.message?(1e3<(r=parseInt(t.value,10))?r=1e3:~~r<200&&(r=200),s.height=r):\"link\"===t.message&&(r=new URL(s.getAttribute(\"src\")),n=new URL(t.value),c.test(n.protocol))&&n.host===r.host&&l.activeElement===s&&(d.top.location.href=t.value))}},d.addEventListener(\"message\",d.wp.receiveEmbedMessage,!1),l.addEventListener(\"DOMContentLoaded\",function(){for(var e,t,s=l.querySelectorAll(\"iframe.wp-embedded-content\"),r=0;r<s.length;r++)(t=(e=s[r]).getAttribute(\"data-secret\"))||(t=Math.random().toString(36).substring(2,12),e.src+=\"#?secret=\"+t,e.setAttribute(\"data-secret\",t)),e.contentWindow.postMessage({message:\"ready\",secret:t},\"*\")},!1)))}(window,document);\n\/\/# sourceURL=https:\/\/blogg.svenskakyrkan.se\/tankarinforhelgen\/wp-includes\/js\/wp-embed.min.js\n\/* ]]> *\/\n<\/script>\n","thumbnail_url":"https:\/\/blogg.svenskakyrkan.se\/tankarinforhelgen\/files\/2021\/08\/BAF36DAF-0CEB-41AB-A8A0-A6A575F5F512-1024x672.jpeg","thumbnail_width":1024,"thumbnail_height":672,"description":"Jag hade radion p\u00e5 i bilen och lyssnade p\u00e5 n\u00e4r Armand Duplantis tog OS-guld f\u00f6r n\u00e5gra veckor sedan. Kommentatorerna jublade och jag satt sp\u00e4nt och lyssnade n\u00e4r han f\u00f6rs\u00f6kte b\u00e4ttra p\u00e5 sitt eget v\u00e4rldsrekord. Oj vad jag hoppades, men det blev inte s\u00e5, inte d\u00e5 i alla fall. Jag har alltid gillat OS. N\u00e4r jag [&hellip;]"}