{"version":"1.0","provider_name":"Tankar inf\u00f6r helgen","provider_url":"https:\/\/blogg.svenskakyrkan.se\/tankarinforhelgen","author_name":"Catharina Carlsson, pr\u00e4st","author_url":"https:\/\/blogg.svenskakyrkan.se\/tankarinforhelgen\/author\/catharinacarlsson\/","title":"L\u00e5t b\u00f6nen bli ett hemspr\u00e5k - Tankar inf\u00f6r helgen","type":"rich","width":600,"height":338,"html":"<blockquote class=\"wp-embedded-content\" data-secret=\"mjS24nNyyP\"><a href=\"https:\/\/blogg.svenskakyrkan.se\/tankarinforhelgen\/2023\/05\/12\/lat-bonen-bli-ett-hemsprak\/\">L\u00e5t b\u00f6nen bli ett hemspr\u00e5k<\/a><\/blockquote><iframe sandbox=\"allow-scripts\" security=\"restricted\" src=\"https:\/\/blogg.svenskakyrkan.se\/tankarinforhelgen\/2023\/05\/12\/lat-bonen-bli-ett-hemsprak\/embed\/#?secret=mjS24nNyyP\" width=\"600\" height=\"338\" title=\"\u201dL\u00e5t b\u00f6nen bli ett hemspr\u00e5k\u201d &ndash; Tankar inf\u00f6r helgen\" data-secret=\"mjS24nNyyP\" frameborder=\"0\" marginwidth=\"0\" marginheight=\"0\" scrolling=\"no\" class=\"wp-embedded-content\"><\/iframe><script type=\"text\/javascript\">\n\/* <![CDATA[ *\/\n\/*! This file is auto-generated *\/\n!function(d,l){\"use strict\";l.querySelector&&d.addEventListener&&\"undefined\"!=typeof URL&&(d.wp=d.wp||{},d.wp.receiveEmbedMessage||(d.wp.receiveEmbedMessage=function(e){var t=e.data;if((t||t.secret||t.message||t.value)&&!\/[^a-zA-Z0-9]\/.test(t.secret)){for(var s,r,n,a=l.querySelectorAll('iframe[data-secret=\"'+t.secret+'\"]'),o=l.querySelectorAll('blockquote[data-secret=\"'+t.secret+'\"]'),c=new RegExp(\"^https?:$\",\"i\"),i=0;i<o.length;i++)o[i].style.display=\"none\";for(i=0;i<a.length;i++)s=a[i],e.source===s.contentWindow&&(s.removeAttribute(\"style\"),\"height\"===t.message?(1e3<(r=parseInt(t.value,10))?r=1e3:~~r<200&&(r=200),s.height=r):\"link\"===t.message&&(r=new URL(s.getAttribute(\"src\")),n=new URL(t.value),c.test(n.protocol))&&n.host===r.host&&l.activeElement===s&&(d.top.location.href=t.value))}},d.addEventListener(\"message\",d.wp.receiveEmbedMessage,!1),l.addEventListener(\"DOMContentLoaded\",function(){for(var e,t,s=l.querySelectorAll(\"iframe.wp-embedded-content\"),r=0;r<s.length;r++)(t=(e=s[r]).getAttribute(\"data-secret\"))||(t=Math.random().toString(36).substring(2,12),e.src+=\"#?secret=\"+t,e.setAttribute(\"data-secret\",t)),e.contentWindow.postMessage({message:\"ready\",secret:t},\"*\")},!1)))}(window,document);\n\/\/# sourceURL=https:\/\/blogg.svenskakyrkan.se\/tankarinforhelgen\/wp-includes\/js\/wp-embed.min.js\n\/* ]]> *\/\n<\/script>\n","thumbnail_url":"http:\/\/blogg.svenskakyrkan.se\/tankarinforhelgen\/files\/2023\/05\/tih_12maj.jpg","thumbnail_width":1920,"thumbnail_height":1280,"description":"\u201dDu \u00e4r h\u00e4r! \u00c4ntligen!\u201d \u2013 ropade den lilla damen som kom hastande emot mig. Hon hade ett leende olikt alla andra och med sina f\u00e4rgglada kl\u00e4der var hon sv\u00e5r att missa i rummet. Hon tog min hand och ber\u00e4ttade att hon bett f\u00f6r mig sen hon f\u00e5tt h\u00f6ra att jag skulle komma dit. Det ber\u00f6rde [&hellip;]"}