{"version":"1.0","provider_name":"Tankar inf\u00f6r helgen","provider_url":"https:\/\/blogg.svenskakyrkan.se\/tankarinforhelgen","author_name":"Catharina Carlsson, pr\u00e4st","author_url":"https:\/\/blogg.svenskakyrkan.se\/tankarinforhelgen\/author\/catharinacarlsson\/","title":"Den b\u00e4sta v\u00e4nnen - Tankar inf\u00f6r helgen","type":"rich","width":600,"height":338,"html":"<blockquote class=\"wp-embedded-content\" data-secret=\"iImeJu5zPf\"><a href=\"https:\/\/blogg.svenskakyrkan.se\/tankarinforhelgen\/2023\/10\/13\/den-basta-vannen\/\">Den b\u00e4sta v\u00e4nnen<\/a><\/blockquote><iframe sandbox=\"allow-scripts\" security=\"restricted\" src=\"https:\/\/blogg.svenskakyrkan.se\/tankarinforhelgen\/2023\/10\/13\/den-basta-vannen\/embed\/#?secret=iImeJu5zPf\" width=\"600\" height=\"338\" title=\"\u201dDen b\u00e4sta v\u00e4nnen\u201d &ndash; Tankar inf\u00f6r helgen\" data-secret=\"iImeJu5zPf\" frameborder=\"0\" marginwidth=\"0\" marginheight=\"0\" scrolling=\"no\" class=\"wp-embedded-content\"><\/iframe><script type=\"text\/javascript\">\n\/* <![CDATA[ *\/\n\/*! This file is auto-generated *\/\n!function(d,l){\"use strict\";l.querySelector&&d.addEventListener&&\"undefined\"!=typeof URL&&(d.wp=d.wp||{},d.wp.receiveEmbedMessage||(d.wp.receiveEmbedMessage=function(e){var t=e.data;if((t||t.secret||t.message||t.value)&&!\/[^a-zA-Z0-9]\/.test(t.secret)){for(var s,r,n,a=l.querySelectorAll('iframe[data-secret=\"'+t.secret+'\"]'),o=l.querySelectorAll('blockquote[data-secret=\"'+t.secret+'\"]'),c=new RegExp(\"^https?:$\",\"i\"),i=0;i<o.length;i++)o[i].style.display=\"none\";for(i=0;i<a.length;i++)s=a[i],e.source===s.contentWindow&&(s.removeAttribute(\"style\"),\"height\"===t.message?(1e3<(r=parseInt(t.value,10))?r=1e3:~~r<200&&(r=200),s.height=r):\"link\"===t.message&&(r=new URL(s.getAttribute(\"src\")),n=new URL(t.value),c.test(n.protocol))&&n.host===r.host&&l.activeElement===s&&(d.top.location.href=t.value))}},d.addEventListener(\"message\",d.wp.receiveEmbedMessage,!1),l.addEventListener(\"DOMContentLoaded\",function(){for(var e,t,s=l.querySelectorAll(\"iframe.wp-embedded-content\"),r=0;r<s.length;r++)(t=(e=s[r]).getAttribute(\"data-secret\"))||(t=Math.random().toString(36).substring(2,12),e.src+=\"#?secret=\"+t,e.setAttribute(\"data-secret\",t)),e.contentWindow.postMessage({message:\"ready\",secret:t},\"*\")},!1)))}(window,document);\n\/\/# sourceURL=https:\/\/blogg.svenskakyrkan.se\/tankarinforhelgen\/wp-includes\/js\/wp-embed.min.js\n\/* ]]> *\/\n<\/script>\n","thumbnail_url":"http:\/\/blogg.svenskakyrkan.se\/tankarinforhelgen\/files\/2023\/10\/IMG_1575-scaled.jpeg","thumbnail_width":2560,"thumbnail_height":1426,"description":"K\u00e4nner du igen en riktig v\u00e4n? En s\u00e5n som inte bara finns d\u00e4r n\u00e4r solen skiner och allt \u00e4r v\u00e4l utan en som st\u00e5r vid din sida ocks\u00e5 n\u00e4r regnet \u00f6ser ner och allt faller samman? T\u00e4nker du kanske p\u00e5 n\u00e5gon n\u00e4r jag skriver s\u00e5? Jag t\u00e4nker p\u00e5 personer, p\u00e5 stunder och p\u00e5 tillf\u00e4llen n\u00e4r [&hellip;]"}