{"version":"1.0","provider_name":"Tankar inf\u00f6r helgen","provider_url":"https:\/\/blogg.svenskakyrkan.se\/tankarinforhelgen","author_name":"Catharina Carlsson, pr\u00e4st","author_url":"https:\/\/blogg.svenskakyrkan.se\/tankarinforhelgen\/author\/catharinacarlsson\/","title":"D\u00f6den, livet och jag - Tankar inf\u00f6r helgen","type":"rich","width":600,"height":338,"html":"<blockquote class=\"wp-embedded-content\" data-secret=\"88hLtR3m8B\"><a href=\"https:\/\/blogg.svenskakyrkan.se\/tankarinforhelgen\/2024\/09\/13\/3564\/\">D\u00f6den, livet och jag<\/a><\/blockquote><iframe sandbox=\"allow-scripts\" security=\"restricted\" src=\"https:\/\/blogg.svenskakyrkan.se\/tankarinforhelgen\/2024\/09\/13\/3564\/embed\/#?secret=88hLtR3m8B\" width=\"600\" height=\"338\" title=\"\u201dD\u00f6den, livet och jag\u201d &ndash; Tankar inf\u00f6r helgen\" data-secret=\"88hLtR3m8B\" frameborder=\"0\" marginwidth=\"0\" marginheight=\"0\" scrolling=\"no\" class=\"wp-embedded-content\"><\/iframe><script type=\"text\/javascript\">\n\/* <![CDATA[ *\/\n\/*! This file is auto-generated *\/\n!function(d,l){\"use strict\";l.querySelector&&d.addEventListener&&\"undefined\"!=typeof URL&&(d.wp=d.wp||{},d.wp.receiveEmbedMessage||(d.wp.receiveEmbedMessage=function(e){var t=e.data;if((t||t.secret||t.message||t.value)&&!\/[^a-zA-Z0-9]\/.test(t.secret)){for(var s,r,n,a=l.querySelectorAll('iframe[data-secret=\"'+t.secret+'\"]'),o=l.querySelectorAll('blockquote[data-secret=\"'+t.secret+'\"]'),c=new RegExp(\"^https?:$\",\"i\"),i=0;i<o.length;i++)o[i].style.display=\"none\";for(i=0;i<a.length;i++)s=a[i],e.source===s.contentWindow&&(s.removeAttribute(\"style\"),\"height\"===t.message?(1e3<(r=parseInt(t.value,10))?r=1e3:~~r<200&&(r=200),s.height=r):\"link\"===t.message&&(r=new URL(s.getAttribute(\"src\")),n=new URL(t.value),c.test(n.protocol))&&n.host===r.host&&l.activeElement===s&&(d.top.location.href=t.value))}},d.addEventListener(\"message\",d.wp.receiveEmbedMessage,!1),l.addEventListener(\"DOMContentLoaded\",function(){for(var e,t,s=l.querySelectorAll(\"iframe.wp-embedded-content\"),r=0;r<s.length;r++)(t=(e=s[r]).getAttribute(\"data-secret\"))||(t=Math.random().toString(36).substring(2,12),e.src+=\"#?secret=\"+t,e.setAttribute(\"data-secret\",t)),e.contentWindow.postMessage({message:\"ready\",secret:t},\"*\")},!1)))}(window,document);\n\/\/# sourceURL=https:\/\/blogg.svenskakyrkan.se\/tankarinforhelgen\/wp-includes\/js\/wp-embed.min.js\n\/* ]]> *\/\n<\/script>\n","thumbnail_url":"http:\/\/blogg.svenskakyrkan.se\/tankarinforhelgen\/files\/2024\/09\/IMG_3529-1024x555.jpeg","thumbnail_width":1024,"thumbnail_height":555,"description":"D\u00f6den, d\u00f6den, d\u00f6den. S\u00e5 s\u00e4gs det att Astrid Lindgren inledde vissa samtal. Det \u00e4r befriande p\u00e5 n\u00e5got s\u00e4tt, att hon satte ord p\u00e5 det som m\u00e5nga har sv\u00e5rt att tala om. Ett ord som f\u00e5r m\u00e4nniskor att rygga tillbaka eller helt enkelt att bli obekv\u00e4ma. Det blir v\u00e4l l\u00e4tt s\u00e5, att vi inte vet var [&hellip;]"}