{"version":"1.0","provider_name":"Tankar inf\u00f6r helgen","provider_url":"https:\/\/blogg.svenskakyrkan.se\/tankarinforhelgen","author_name":"redaktor","author_url":"https:\/\/blogg.svenskakyrkan.se\/tankarinforhelgen\/author\/redaktor\/","title":"Kropp eller sj\u00e4l? - Tankar inf\u00f6r helgen","type":"rich","width":600,"height":338,"html":"<blockquote class=\"wp-embedded-content\" data-secret=\"qL3LoysUcr\"><a href=\"https:\/\/blogg.svenskakyrkan.se\/tankarinforhelgen\/2026\/04\/30\/kropp-eller-sjal\/\">Kropp eller sj\u00e4l?<\/a><\/blockquote><iframe sandbox=\"allow-scripts\" security=\"restricted\" src=\"https:\/\/blogg.svenskakyrkan.se\/tankarinforhelgen\/2026\/04\/30\/kropp-eller-sjal\/embed\/#?secret=qL3LoysUcr\" width=\"600\" height=\"338\" title=\"\u201dKropp eller sj\u00e4l?\u201d &ndash; Tankar inf\u00f6r helgen\" data-secret=\"qL3LoysUcr\" frameborder=\"0\" marginwidth=\"0\" marginheight=\"0\" scrolling=\"no\" class=\"wp-embedded-content\"><\/iframe><script type=\"text\/javascript\">\n\/* <![CDATA[ *\/\n\/*! This file is auto-generated *\/\n!function(d,l){\"use strict\";l.querySelector&&d.addEventListener&&\"undefined\"!=typeof URL&&(d.wp=d.wp||{},d.wp.receiveEmbedMessage||(d.wp.receiveEmbedMessage=function(e){var t=e.data;if((t||t.secret||t.message||t.value)&&!\/[^a-zA-Z0-9]\/.test(t.secret)){for(var s,r,n,a=l.querySelectorAll('iframe[data-secret=\"'+t.secret+'\"]'),o=l.querySelectorAll('blockquote[data-secret=\"'+t.secret+'\"]'),c=new RegExp(\"^https?:$\",\"i\"),i=0;i<o.length;i++)o[i].style.display=\"none\";for(i=0;i<a.length;i++)s=a[i],e.source===s.contentWindow&&(s.removeAttribute(\"style\"),\"height\"===t.message?(1e3<(r=parseInt(t.value,10))?r=1e3:~~r<200&&(r=200),s.height=r):\"link\"===t.message&&(r=new URL(s.getAttribute(\"src\")),n=new URL(t.value),c.test(n.protocol))&&n.host===r.host&&l.activeElement===s&&(d.top.location.href=t.value))}},d.addEventListener(\"message\",d.wp.receiveEmbedMessage,!1),l.addEventListener(\"DOMContentLoaded\",function(){for(var e,t,s=l.querySelectorAll(\"iframe.wp-embedded-content\"),r=0;r<s.length;r++)(t=(e=s[r]).getAttribute(\"data-secret\"))||(t=Math.random().toString(36).substring(2,12),e.src+=\"#?secret=\"+t,e.setAttribute(\"data-secret\",t)),e.contentWindow.postMessage({message:\"ready\",secret:t},\"*\")},!1)))}(window,document);\n\/\/# sourceURL=https:\/\/blogg.svenskakyrkan.se\/tankarinforhelgen\/wp-includes\/js\/wp-embed.min.js\n\/* ]]> *\/\n<\/script>\n","thumbnail_url":"http:\/\/blogg.svenskakyrkan.se\/tankarinforhelgen\/files\/2026\/04\/att.wMJ8DNRWvySdxPydVylKBuaekGulceP1540P3AId_s4.jpeg","thumbnail_width":929,"thumbnail_height":523,"description":"Jag v\u00e4xte upp i ett fromt kristet hem. Det var tryggt och jag levde med barnatrons sj\u00e4lvklarhet. Med den fysiska v\u00e4rlden fanns ett parallellt andligt universum. Jag kunde inte f\u00f6rst\u00e5 det, men jag trodde att det fanns d\u00e4r. N\u00e4r vi h\u00f6rde om Platons id\u00e9v\u00e4rld i skolan t\u00e4nkte jag att det var helt logiskt. Den andliga [&hellip;]"}