{"version":"1.0","provider_name":"I n\u00e5gon annans vardag","provider_url":"https:\/\/blogg.svenskakyrkan.se\/utbyte","author_name":"Act Svenska kyrkan","author_url":"https:\/\/blogg.svenskakyrkan.se\/utbyte\/author\/intkom\/","title":"M\u00f6t Petter: fr\u00e5n V\u00e4ster\u00e5s till Karagwe - I n\u00e5gon annans vardag","type":"rich","width":600,"height":338,"html":"<blockquote class=\"wp-embedded-content\" data-secret=\"V7JEKmtuPu\"><a href=\"https:\/\/blogg.svenskakyrkan.se\/utbyte\/2026\/09\/01\/mot-petter-fran-vasteras-till-karagwe\/\">M\u00f6t Petter: fr\u00e5n V\u00e4ster\u00e5s till Karagwe<\/a><\/blockquote><iframe sandbox=\"allow-scripts\" security=\"restricted\" src=\"https:\/\/blogg.svenskakyrkan.se\/utbyte\/2026\/09\/01\/mot-petter-fran-vasteras-till-karagwe\/embed\/#?secret=V7JEKmtuPu\" width=\"600\" height=\"338\" title=\"\u201dM\u00f6t Petter: fr\u00e5n V\u00e4ster\u00e5s till Karagwe\u201d &ndash; I n\u00e5gon annans vardag\" data-secret=\"V7JEKmtuPu\" frameborder=\"0\" marginwidth=\"0\" marginheight=\"0\" scrolling=\"no\" class=\"wp-embedded-content\"><\/iframe><script type=\"text\/javascript\">\n\/* <![CDATA[ *\/\n\/*! This file is auto-generated *\/\n!function(d,l){\"use strict\";l.querySelector&&d.addEventListener&&\"undefined\"!=typeof URL&&(d.wp=d.wp||{},d.wp.receiveEmbedMessage||(d.wp.receiveEmbedMessage=function(e){var t=e.data;if((t||t.secret||t.message||t.value)&&!\/[^a-zA-Z0-9]\/.test(t.secret)){for(var s,r,n,a=l.querySelectorAll('iframe[data-secret=\"'+t.secret+'\"]'),o=l.querySelectorAll('blockquote[data-secret=\"'+t.secret+'\"]'),c=new RegExp(\"^https?:$\",\"i\"),i=0;i<o.length;i++)o[i].style.display=\"none\";for(i=0;i<a.length;i++)s=a[i],e.source===s.contentWindow&&(s.removeAttribute(\"style\"),\"height\"===t.message?(1e3<(r=parseInt(t.value,10))?r=1e3:~~r<200&&(r=200),s.height=r):\"link\"===t.message&&(r=new URL(s.getAttribute(\"src\")),n=new URL(t.value),c.test(n.protocol))&&n.host===r.host&&l.activeElement===s&&(d.top.location.href=t.value))}},d.addEventListener(\"message\",d.wp.receiveEmbedMessage,!1),l.addEventListener(\"DOMContentLoaded\",function(){for(var e,t,s=l.querySelectorAll(\"iframe.wp-embedded-content\"),r=0;r<s.length;r++)(t=(e=s[r]).getAttribute(\"data-secret\"))||(t=Math.random().toString(36).substring(2,12),e.src+=\"#?secret=\"+t,e.setAttribute(\"data-secret\",t)),e.contentWindow.postMessage({message:\"ready\",secret:t},\"*\")},!1)))}(window,document);\n\/\/# sourceURL=https:\/\/blogg.svenskakyrkan.se\/utbyte\/wp-includes\/js\/wp-embed.min.js\n\/* ]]> *\/\n<\/script>\n","thumbnail_url":"http:\/\/blogg.svenskakyrkan.se\/utbyte\/files\/2026\/08\/Petter.jpg","thumbnail_width":1200,"thumbnail_height":802,"description":"De stora trygga kyrkorummen, omgivna av skog och sj\u00f6ar s\u00e5 l\u00e5ngt \u00f6gat kan n\u00e5, d\u00e4r jag l\u00e5ser in mig och spelar orgel om kv\u00e4llarna kommer vara sm\u00e4rtsamt l\u00e5ngt borta men det \u00e4r d\u00e4r, l\u00e5ngt borta fr\u00e5n tryggheten som jag f\u00f6rhoppningsvis f\u00e5r se n\u00e5got mer. Att f\u00e5 se och uppleva nya uttryck f\u00f6r v\u00e5r gemensamma kristna tro, i hymner, liturgi och f\u00f6rsamlingsliv, \u00e4r det jag ser mest fram emot under min utbytestid.\u00a0"}