{"version":"1.0","provider_name":"I n\u00e5gon annans vardag","provider_url":"https:\/\/blogg.svenskakyrkan.se\/utbyte","author_name":"Act Svenska kyrkan","author_url":"https:\/\/blogg.svenskakyrkan.se\/utbyte\/author\/intkom\/","title":"M\u00f6t Daga: fr\u00e5n Str\u00e4ngn\u00e4s till Filippinerna - I n\u00e5gon annans vardag","type":"rich","width":600,"height":338,"html":"<blockquote class=\"wp-embedded-content\" data-secret=\"c1gbzuYGuY\"><a href=\"https:\/\/blogg.svenskakyrkan.se\/utbyte\/2026\/09\/03\/mot-daga-fran-strangnas-till-filippinerna\/\">M\u00f6t Daga: fr\u00e5n Str\u00e4ngn\u00e4s till Filippinerna<\/a><\/blockquote><iframe sandbox=\"allow-scripts\" security=\"restricted\" src=\"https:\/\/blogg.svenskakyrkan.se\/utbyte\/2026\/09\/03\/mot-daga-fran-strangnas-till-filippinerna\/embed\/#?secret=c1gbzuYGuY\" width=\"600\" height=\"338\" title=\"\u201dM\u00f6t Daga: fr\u00e5n Str\u00e4ngn\u00e4s till Filippinerna\u201d &ndash; I n\u00e5gon annans vardag\" data-secret=\"c1gbzuYGuY\" frameborder=\"0\" marginwidth=\"0\" marginheight=\"0\" scrolling=\"no\" class=\"wp-embedded-content\"><\/iframe><script type=\"text\/javascript\">\n\/* <![CDATA[ *\/\n\/*! This file is auto-generated *\/\n!function(d,l){\"use strict\";l.querySelector&&d.addEventListener&&\"undefined\"!=typeof URL&&(d.wp=d.wp||{},d.wp.receiveEmbedMessage||(d.wp.receiveEmbedMessage=function(e){var t=e.data;if((t||t.secret||t.message||t.value)&&!\/[^a-zA-Z0-9]\/.test(t.secret)){for(var s,r,n,a=l.querySelectorAll('iframe[data-secret=\"'+t.secret+'\"]'),o=l.querySelectorAll('blockquote[data-secret=\"'+t.secret+'\"]'),c=new RegExp(\"^https?:$\",\"i\"),i=0;i<o.length;i++)o[i].style.display=\"none\";for(i=0;i<a.length;i++)s=a[i],e.source===s.contentWindow&&(s.removeAttribute(\"style\"),\"height\"===t.message?(1e3<(r=parseInt(t.value,10))?r=1e3:~~r<200&&(r=200),s.height=r):\"link\"===t.message&&(r=new URL(s.getAttribute(\"src\")),n=new URL(t.value),c.test(n.protocol))&&n.host===r.host&&l.activeElement===s&&(d.top.location.href=t.value))}},d.addEventListener(\"message\",d.wp.receiveEmbedMessage,!1),l.addEventListener(\"DOMContentLoaded\",function(){for(var e,t,s=l.querySelectorAll(\"iframe.wp-embedded-content\"),r=0;r<s.length;r++)(t=(e=s[r]).getAttribute(\"data-secret\"))||(t=Math.random().toString(36).substring(2,12),e.src+=\"#?secret=\"+t,e.setAttribute(\"data-secret\",t)),e.contentWindow.postMessage({message:\"ready\",secret:t},\"*\")},!1)))}(window,document);\n\/\/# sourceURL=https:\/\/blogg.svenskakyrkan.se\/utbyte\/wp-includes\/js\/wp-embed.min.js\n\/* ]]> *\/\n<\/script>\n","thumbnail_url":"https:\/\/blogg.svenskakyrkan.se\/utbyte\/files\/2026\/09\/Daga.jpg","thumbnail_width":1200,"thumbnail_height":801,"description":"Enligt mig finns det inget viktigare \u00e4n att m\u00f6ta sina medm\u00e4nniskor, oavsett hur m\u00f6tet ser ut. Det finns n\u00e5got v\u00e4ldigt v\u00e4rdefullt i att finna gemenskap, inte minst eftersom det idag \u00e4r v\u00e4ldigt l\u00e4tt att fastna i egna tankem\u00f6nster, utan att stanna upp och ta in vad som h\u00e4nder runt omkring en. Det \u00e4r nog mycket d\u00e4rf\u00f6r som jag tror att det kommer att bli v\u00e4ldigt l\u00e4rorikt f\u00f6r mig att f\u00e5 uppleva en annan del av v\u00e4rlden, andra sammanhang och helt enkelt andra s\u00e4tt se p\u00e5 saker. I de m\u00f6tena hoppas jag givetvis ocks\u00e5 att kunna bidra med min bakgrund och mina erfarenheter."}