{"version":"1.0","provider_name":"I n\u00e5gon annans vardag","provider_url":"https:\/\/blogg.svenskakyrkan.se\/utbyte","author_name":"Act Svenska kyrkan","author_url":"https:\/\/blogg.svenskakyrkan.se\/utbyte\/author\/intkom\/","title":"M\u00f6t Jakob: fr\u00e5n Skara till Karagwe - I n\u00e5gon annans vardag","type":"rich","width":600,"height":338,"html":"<blockquote class=\"wp-embedded-content\" data-secret=\"H2yEIcSOGl\"><a href=\"https:\/\/blogg.svenskakyrkan.se\/utbyte\/2026\/09\/04\/mot-jakob-fran-skara-till-karagwe\/\">M\u00f6t Jakob: fr\u00e5n Skara till Karagwe<\/a><\/blockquote><iframe sandbox=\"allow-scripts\" security=\"restricted\" src=\"https:\/\/blogg.svenskakyrkan.se\/utbyte\/2026\/09\/04\/mot-jakob-fran-skara-till-karagwe\/embed\/#?secret=H2yEIcSOGl\" width=\"600\" height=\"338\" title=\"\u201dM\u00f6t Jakob: fr\u00e5n Skara till Karagwe\u201d &ndash; I n\u00e5gon annans vardag\" data-secret=\"H2yEIcSOGl\" frameborder=\"0\" marginwidth=\"0\" marginheight=\"0\" scrolling=\"no\" class=\"wp-embedded-content\"><\/iframe><script type=\"text\/javascript\">\n\/* <![CDATA[ *\/\n\/*! This file is auto-generated *\/\n!function(d,l){\"use strict\";l.querySelector&&d.addEventListener&&\"undefined\"!=typeof URL&&(d.wp=d.wp||{},d.wp.receiveEmbedMessage||(d.wp.receiveEmbedMessage=function(e){var t=e.data;if((t||t.secret||t.message||t.value)&&!\/[^a-zA-Z0-9]\/.test(t.secret)){for(var s,r,n,a=l.querySelectorAll('iframe[data-secret=\"'+t.secret+'\"]'),o=l.querySelectorAll('blockquote[data-secret=\"'+t.secret+'\"]'),c=new RegExp(\"^https?:$\",\"i\"),i=0;i<o.length;i++)o[i].style.display=\"none\";for(i=0;i<a.length;i++)s=a[i],e.source===s.contentWindow&&(s.removeAttribute(\"style\"),\"height\"===t.message?(1e3<(r=parseInt(t.value,10))?r=1e3:~~r<200&&(r=200),s.height=r):\"link\"===t.message&&(r=new URL(s.getAttribute(\"src\")),n=new URL(t.value),c.test(n.protocol))&&n.host===r.host&&l.activeElement===s&&(d.top.location.href=t.value))}},d.addEventListener(\"message\",d.wp.receiveEmbedMessage,!1),l.addEventListener(\"DOMContentLoaded\",function(){for(var e,t,s=l.querySelectorAll(\"iframe.wp-embedded-content\"),r=0;r<s.length;r++)(t=(e=s[r]).getAttribute(\"data-secret\"))||(t=Math.random().toString(36).substring(2,12),e.src+=\"#?secret=\"+t,e.setAttribute(\"data-secret\",t)),e.contentWindow.postMessage({message:\"ready\",secret:t},\"*\")},!1)))}(window,document);\n\/\/# sourceURL=https:\/\/blogg.svenskakyrkan.se\/utbyte\/wp-includes\/js\/wp-embed.min.js\n\/* ]]> *\/\n<\/script>\n","thumbnail_url":"http:\/\/blogg.svenskakyrkan.se\/utbyte\/files\/2026\/09\/Jakob.jpg","thumbnail_width":1200,"thumbnail_height":801,"description":"Jag hoppas f\u00e5 m\u00f6ta m\u00e4nniskor med andra erfarenheter och perspektiv \u00e4n mina egna, och genom dessa m\u00f6ten utvecklas och f\u00e5 nya erfarenheter som jag kan b\u00e4ra med mig resten av livet. Jag ser verkligen fram emot att f\u00e5 ta del av f\u00f6rsamlingslivet, l\u00e4ra k\u00e4nna olika traditioner och se hur kyrkan arbetar i en annan del av v\u00e4rlden. Samtidigt hoppas jag att sj\u00e4lv kunna bidra genom att dela med mig av svenska traditioner, erfarenheter och min egen tro"}