{"version":"1.0","provider_name":"I n\u00e5gon annans vardag","provider_url":"https:\/\/blogg.svenskakyrkan.se\/utbyte","author_name":"Act Svenska kyrkan","author_url":"https:\/\/blogg.svenskakyrkan.se\/utbyte\/author\/intkom\/","title":"M\u00f6t Amanda: fr\u00e5n Skara till Filippinerna - I n\u00e5gon annans vardag","type":"rich","width":600,"height":338,"html":"<blockquote class=\"wp-embedded-content\" data-secret=\"7XahBMWz4y\"><a href=\"https:\/\/blogg.svenskakyrkan.se\/utbyte\/2026\/09\/05\/mot-amanda-fran-skara-till-filippinerna\/\">M\u00f6t Amanda: fr\u00e5n Skara till Filippinerna<\/a><\/blockquote><iframe sandbox=\"allow-scripts\" security=\"restricted\" src=\"https:\/\/blogg.svenskakyrkan.se\/utbyte\/2026\/09\/05\/mot-amanda-fran-skara-till-filippinerna\/embed\/#?secret=7XahBMWz4y\" width=\"600\" height=\"338\" title=\"\u201dM\u00f6t Amanda: fr\u00e5n Skara till Filippinerna\u201d &ndash; I n\u00e5gon annans vardag\" data-secret=\"7XahBMWz4y\" frameborder=\"0\" marginwidth=\"0\" marginheight=\"0\" scrolling=\"no\" class=\"wp-embedded-content\"><\/iframe><script type=\"text\/javascript\">\n\/* <![CDATA[ *\/\n\/*! This file is auto-generated *\/\n!function(d,l){\"use strict\";l.querySelector&&d.addEventListener&&\"undefined\"!=typeof URL&&(d.wp=d.wp||{},d.wp.receiveEmbedMessage||(d.wp.receiveEmbedMessage=function(e){var t=e.data;if((t||t.secret||t.message||t.value)&&!\/[^a-zA-Z0-9]\/.test(t.secret)){for(var s,r,n,a=l.querySelectorAll('iframe[data-secret=\"'+t.secret+'\"]'),o=l.querySelectorAll('blockquote[data-secret=\"'+t.secret+'\"]'),c=new RegExp(\"^https?:$\",\"i\"),i=0;i<o.length;i++)o[i].style.display=\"none\";for(i=0;i<a.length;i++)s=a[i],e.source===s.contentWindow&&(s.removeAttribute(\"style\"),\"height\"===t.message?(1e3<(r=parseInt(t.value,10))?r=1e3:~~r<200&&(r=200),s.height=r):\"link\"===t.message&&(r=new URL(s.getAttribute(\"src\")),n=new URL(t.value),c.test(n.protocol))&&n.host===r.host&&l.activeElement===s&&(d.top.location.href=t.value))}},d.addEventListener(\"message\",d.wp.receiveEmbedMessage,!1),l.addEventListener(\"DOMContentLoaded\",function(){for(var e,t,s=l.querySelectorAll(\"iframe.wp-embedded-content\"),r=0;r<s.length;r++)(t=(e=s[r]).getAttribute(\"data-secret\"))||(t=Math.random().toString(36).substring(2,12),e.src+=\"#?secret=\"+t,e.setAttribute(\"data-secret\",t)),e.contentWindow.postMessage({message:\"ready\",secret:t},\"*\")},!1)))}(window,document);\n\/\/# sourceURL=https:\/\/blogg.svenskakyrkan.se\/utbyte\/wp-includes\/js\/wp-embed.min.js\n\/* ]]> *\/\n<\/script>\n","thumbnail_url":"https:\/\/blogg.svenskakyrkan.se\/utbyte\/files\/2026\/09\/Amanda.jpg","thumbnail_width":1200,"thumbnail_height":801,"description":"Beslutet att s\u00f6ka till utbytesprogrammet var lite pl\u00f6tsligt fr\u00e5n min sida. Jag var v\u00e4ldigt nerv\u00f6s vid tanken p\u00e5 att l\u00e4mna mitt hem och allt jag k\u00e4nner f\u00f6r att \u00e5ka s\u00e5 l\u00e5ngt bort. En n\u00e4ra familjemedlem tipsade mig om programmet och s\u00e5dde ett fr\u00f6, men f\u00f6rst var jag n\u00e4stan s\u00e4ker p\u00e5 att jag inte v\u00e5gade. Helt pl\u00f6tsligt, en natt n\u00e4r jag inte lyckades somna, var det som att det bara t\u00e4ndes n\u00e5got inom mig. Sj\u00e4lvklart skulle jag s\u00f6ka. Idag, med resan precis runt h\u00f6rnet, \u00e4r jag otroligt glad f\u00f6r den insikten och tacksam f\u00f6r att\u00a0\u00a0jag blev pushad till att v\u00e5ga. Nu n\u00e4r jag \u00e4r mer insatt i vad utbytet inneb\u00e4r \u00e4r jag s\u00e5 lycklig och hedrad att jag f\u00e5r vara en del av det.\u00a0"}