{"version":"1.0","provider_name":"I n\u00e5gon annans vardag","provider_url":"https:\/\/blogg.svenskakyrkan.se\/utbyte","author_name":"Act Svenska kyrkan","author_url":"https:\/\/blogg.svenskakyrkan.se\/utbyte\/author\/intkom\/","title":"M\u00f6t Felix: fr\u00e5n Stockholm till Filippinerna - I n\u00e5gon annans vardag","type":"rich","width":600,"height":338,"html":"<blockquote class=\"wp-embedded-content\" data-secret=\"WmsiGZqitB\"><a href=\"https:\/\/blogg.svenskakyrkan.se\/utbyte\/2026\/09\/05\/mot-felix-fran-stockholm-till-filippinerna\/\">M\u00f6t Felix: fr\u00e5n Stockholm till Filippinerna<\/a><\/blockquote><iframe sandbox=\"allow-scripts\" security=\"restricted\" src=\"https:\/\/blogg.svenskakyrkan.se\/utbyte\/2026\/09\/05\/mot-felix-fran-stockholm-till-filippinerna\/embed\/#?secret=WmsiGZqitB\" width=\"600\" height=\"338\" title=\"\u201dM\u00f6t Felix: fr\u00e5n Stockholm till Filippinerna\u201d &ndash; I n\u00e5gon annans vardag\" data-secret=\"WmsiGZqitB\" frameborder=\"0\" marginwidth=\"0\" marginheight=\"0\" scrolling=\"no\" class=\"wp-embedded-content\"><\/iframe><script type=\"text\/javascript\">\n\/* <![CDATA[ *\/\n\/*! This file is auto-generated *\/\n!function(d,l){\"use strict\";l.querySelector&&d.addEventListener&&\"undefined\"!=typeof URL&&(d.wp=d.wp||{},d.wp.receiveEmbedMessage||(d.wp.receiveEmbedMessage=function(e){var t=e.data;if((t||t.secret||t.message||t.value)&&!\/[^a-zA-Z0-9]\/.test(t.secret)){for(var s,r,n,a=l.querySelectorAll('iframe[data-secret=\"'+t.secret+'\"]'),o=l.querySelectorAll('blockquote[data-secret=\"'+t.secret+'\"]'),c=new RegExp(\"^https?:$\",\"i\"),i=0;i<o.length;i++)o[i].style.display=\"none\";for(i=0;i<a.length;i++)s=a[i],e.source===s.contentWindow&&(s.removeAttribute(\"style\"),\"height\"===t.message?(1e3<(r=parseInt(t.value,10))?r=1e3:~~r<200&&(r=200),s.height=r):\"link\"===t.message&&(r=new URL(s.getAttribute(\"src\")),n=new URL(t.value),c.test(n.protocol))&&n.host===r.host&&l.activeElement===s&&(d.top.location.href=t.value))}},d.addEventListener(\"message\",d.wp.receiveEmbedMessage,!1),l.addEventListener(\"DOMContentLoaded\",function(){for(var e,t,s=l.querySelectorAll(\"iframe.wp-embedded-content\"),r=0;r<s.length;r++)(t=(e=s[r]).getAttribute(\"data-secret\"))||(t=Math.random().toString(36).substring(2,12),e.src+=\"#?secret=\"+t,e.setAttribute(\"data-secret\",t)),e.contentWindow.postMessage({message:\"ready\",secret:t},\"*\")},!1)))}(window,document);\n\/\/# sourceURL=https:\/\/blogg.svenskakyrkan.se\/utbyte\/wp-includes\/js\/wp-embed.min.js\n\/* ]]> *\/\n<\/script>\n","thumbnail_url":"https:\/\/blogg.svenskakyrkan.se\/utbyte\/files\/2026\/09\/Felix.jpg","thumbnail_width":1200,"thumbnail_height":802,"description":"Efter att ha tr\u00e4ffat m\u00e5nga p\u00e5 den internationella avdelningen och f\u00e5tt h\u00f6ra att flera av dem har sin rot i programmet har det hj\u00e4lpt mig att inse vilken otrolig m\u00f6jlighet det h\u00e4r \u00e4r. Jag har alltid \u00e4lskat att g\u00f6ra skillnad f\u00f6r m\u00e4nniskorna jag m\u00f6ter, oavsett om det \u00e4r konfirmander, v\u00e4nner eller andra m\u00e4nniskor i min n\u00e4rhet. Med det sagt tror jag att det h\u00e4r kan bli en otrolig m\u00f6jlighet att f\u00f6rhoppningsvis p\u00e5verka livet f\u00f6r \u00e4nnu fler m\u00e4nniskor jag m\u00f6ter (och s\u00e5klart mig sj\u00e4lv p\u00e5 v\u00e4gen!). Kanske kan det ocks\u00e5 bli b\u00f6rjan p\u00e5 en framtid d\u00e4r jag f\u00e5r forts\u00e4tta arbeta med och bygga internationella relationer."}