{"version":"1.0","provider_name":"Vandra V\u00e4gen","provider_url":"https:\/\/blogg.svenskakyrkan.se\/vandravagen","author_name":"Tomas Jarvid","author_url":"https:\/\/blogg.svenskakyrkan.se\/vandravagen\/author\/vandravagen\/","title":"Du \u00e4r en kropp, grattis! - Vandra V\u00e4gen","type":"rich","width":600,"height":338,"html":"<blockquote class=\"wp-embedded-content\" data-secret=\"gevhzi8ZNT\"><a href=\"https:\/\/blogg.svenskakyrkan.se\/vandravagen\/2012\/06\/16\/du-ar-en-kropp-grattis\/\">Du \u00e4r en kropp, grattis!<\/a><\/blockquote><iframe sandbox=\"allow-scripts\" security=\"restricted\" src=\"https:\/\/blogg.svenskakyrkan.se\/vandravagen\/2012\/06\/16\/du-ar-en-kropp-grattis\/embed\/#?secret=gevhzi8ZNT\" width=\"600\" height=\"338\" title=\"\u201dDu \u00e4r en kropp, grattis!\u201d &ndash; Vandra V\u00e4gen\" data-secret=\"gevhzi8ZNT\" frameborder=\"0\" marginwidth=\"0\" marginheight=\"0\" scrolling=\"no\" class=\"wp-embedded-content\"><\/iframe><script type=\"text\/javascript\">\n\/* <![CDATA[ *\/\n\/*! This file is auto-generated *\/\n!function(d,l){\"use strict\";l.querySelector&&d.addEventListener&&\"undefined\"!=typeof URL&&(d.wp=d.wp||{},d.wp.receiveEmbedMessage||(d.wp.receiveEmbedMessage=function(e){var t=e.data;if((t||t.secret||t.message||t.value)&&!\/[^a-zA-Z0-9]\/.test(t.secret)){for(var s,r,n,a=l.querySelectorAll('iframe[data-secret=\"'+t.secret+'\"]'),o=l.querySelectorAll('blockquote[data-secret=\"'+t.secret+'\"]'),c=new RegExp(\"^https?:$\",\"i\"),i=0;i<o.length;i++)o[i].style.display=\"none\";for(i=0;i<a.length;i++)s=a[i],e.source===s.contentWindow&&(s.removeAttribute(\"style\"),\"height\"===t.message?(1e3<(r=parseInt(t.value,10))?r=1e3:~~r<200&&(r=200),s.height=r):\"link\"===t.message&&(r=new URL(s.getAttribute(\"src\")),n=new URL(t.value),c.test(n.protocol))&&n.host===r.host&&l.activeElement===s&&(d.top.location.href=t.value))}},d.addEventListener(\"message\",d.wp.receiveEmbedMessage,!1),l.addEventListener(\"DOMContentLoaded\",function(){for(var e,t,s=l.querySelectorAll(\"iframe.wp-embedded-content\"),r=0;r<s.length;r++)(t=(e=s[r]).getAttribute(\"data-secret\"))||(t=Math.random().toString(36).substring(2,12),e.src+=\"#?secret=\"+t,e.setAttribute(\"data-secret\",t)),e.contentWindow.postMessage({message:\"ready\",secret:t},\"*\")},!1)))}(window,document);\n\/\/# sourceURL=https:\/\/blogg.svenskakyrkan.se\/vandravagen\/wp-includes\/js\/wp-embed.min.js\n\/* ]]> *\/\n<\/script>\n","description":"Vad \u00e4r det h\u00e4r f\u00f6r syn p\u00e5 kroppen egentligen? Det \u00e4r sommar. Den tid p\u00e5 \u00e5ret d\u00e5 bleka nordbor v\u00e4nder s\u00e5 mycket hud som m\u00f6jligt mot solen. D\u00e5 det avsl\u00f6jas om man lyckats f\u00f6rbereda sig p\u00e5 beach 2012 eller inte. Den kristna tron \u00e4r tro p\u00e5 Gud som Skapare av himmel och jord. Det h\u00f6jer [&hellip;]","thumbnail_url":"http:\/\/4.bp.blogspot.com\/-4Ro88nCrYCI\/T9kBLZEEMeI\/AAAAAAAAAOo\/0Vl_Ky_kTuE\/s400\/554313.jpg"}