{"version":"1.0","provider_name":"Vandra V\u00e4gen","provider_url":"https:\/\/blogg.svenskakyrkan.se\/vandravagen","author_name":"Tomas Jarvid","author_url":"https:\/\/blogg.svenskakyrkan.se\/vandravagen\/author\/vandravagen\/","title":"Pilgrimens v\u00e4g \u00e4r l\u00e5ng - Vandra V\u00e4gen","type":"rich","width":600,"height":338,"html":"<blockquote class=\"wp-embedded-content\" data-secret=\"0qR0Y3okGR\"><a href=\"https:\/\/blogg.svenskakyrkan.se\/vandravagen\/2012\/07\/12\/pilgrimens-vag-ar-lang\/\">Pilgrimens v\u00e4g \u00e4r l\u00e5ng<\/a><\/blockquote><iframe sandbox=\"allow-scripts\" security=\"restricted\" src=\"https:\/\/blogg.svenskakyrkan.se\/vandravagen\/2012\/07\/12\/pilgrimens-vag-ar-lang\/embed\/#?secret=0qR0Y3okGR\" width=\"600\" height=\"338\" title=\"\u201dPilgrimens v\u00e4g \u00e4r l\u00e5ng\u201d &ndash; Vandra V\u00e4gen\" data-secret=\"0qR0Y3okGR\" frameborder=\"0\" marginwidth=\"0\" marginheight=\"0\" scrolling=\"no\" class=\"wp-embedded-content\"><\/iframe><script type=\"text\/javascript\">\n\/* <![CDATA[ *\/\n\/*! This file is auto-generated *\/\n!function(d,l){\"use strict\";l.querySelector&&d.addEventListener&&\"undefined\"!=typeof URL&&(d.wp=d.wp||{},d.wp.receiveEmbedMessage||(d.wp.receiveEmbedMessage=function(e){var t=e.data;if((t||t.secret||t.message||t.value)&&!\/[^a-zA-Z0-9]\/.test(t.secret)){for(var s,r,n,a=l.querySelectorAll('iframe[data-secret=\"'+t.secret+'\"]'),o=l.querySelectorAll('blockquote[data-secret=\"'+t.secret+'\"]'),c=new RegExp(\"^https?:$\",\"i\"),i=0;i<o.length;i++)o[i].style.display=\"none\";for(i=0;i<a.length;i++)s=a[i],e.source===s.contentWindow&&(s.removeAttribute(\"style\"),\"height\"===t.message?(1e3<(r=parseInt(t.value,10))?r=1e3:~~r<200&&(r=200),s.height=r):\"link\"===t.message&&(r=new URL(s.getAttribute(\"src\")),n=new URL(t.value),c.test(n.protocol))&&n.host===r.host&&l.activeElement===s&&(d.top.location.href=t.value))}},d.addEventListener(\"message\",d.wp.receiveEmbedMessage,!1),l.addEventListener(\"DOMContentLoaded\",function(){for(var e,t,s=l.querySelectorAll(\"iframe.wp-embedded-content\"),r=0;r<s.length;r++)(t=(e=s[r]).getAttribute(\"data-secret\"))||(t=Math.random().toString(36).substring(2,12),e.src+=\"#?secret=\"+t,e.setAttribute(\"data-secret\",t)),e.contentWindow.postMessage({message:\"ready\",secret:t},\"*\")},!1)))}(window,document);\n\/\/# sourceURL=https:\/\/blogg.svenskakyrkan.se\/vandravagen\/wp-includes\/js\/wp-embed.min.js\n\/* ]]> *\/\n<\/script>\n","description":"M\u00e5let ligger i fj\u00e4rran; 536 km till Nidaros\/Trondheim. H\u00e4rifr\u00e5n vill s\u00e4ga, fr\u00e5n Eksh\u00e4rads kyrka i Klar\u00e4lvsdalen N\u00e5gra bilder fr\u00e5n semestern som g\u00e5tt. P\u00e5 resa genom V\u00e4rmland passerade vi Eksh\u00e4rads kyrka (som f\u00e5r ett eget blogginl\u00e4gg med allt sp\u00e4nnande som fanns att se d\u00e4r, inom kort p\u00e5 en blogg n\u00e4ra dig) och utanf\u00f6r den stod denna [&hellip;]","thumbnail_url":"https:\/\/lh3.googleusercontent.com\/--8hdng15_pY\/T_32k3E2-1I\/AAAAAAAAAQ4\/9bYKCvPru2U\/s400\/blogger-image-896266363.jpg"}