{"version":"1.0","provider_name":"Vandra V\u00e4gen","provider_url":"https:\/\/blogg.svenskakyrkan.se\/vandravagen","author_name":"Tomas Jarvid","author_url":"https:\/\/blogg.svenskakyrkan.se\/vandravagen\/author\/vandravagen\/","title":"L\u00e5ngt fr\u00e5n maktens korridorer -missionen! - Vandra V\u00e4gen","type":"rich","width":600,"height":338,"html":"<blockquote class=\"wp-embedded-content\" data-secret=\"TJ9GshCxgP\"><a href=\"https:\/\/blogg.svenskakyrkan.se\/vandravagen\/2012\/07\/15\/langt-fran-maktens-korridorer-missionen\/\">L\u00e5ngt fr\u00e5n maktens korridorer -missionen!<\/a><\/blockquote><iframe sandbox=\"allow-scripts\" security=\"restricted\" src=\"https:\/\/blogg.svenskakyrkan.se\/vandravagen\/2012\/07\/15\/langt-fran-maktens-korridorer-missionen\/embed\/#?secret=TJ9GshCxgP\" width=\"600\" height=\"338\" title=\"\u201dL\u00e5ngt fr\u00e5n maktens korridorer -missionen!\u201d &ndash; Vandra V\u00e4gen\" data-secret=\"TJ9GshCxgP\" frameborder=\"0\" marginwidth=\"0\" marginheight=\"0\" scrolling=\"no\" class=\"wp-embedded-content\"><\/iframe><script type=\"text\/javascript\">\n\/* <![CDATA[ *\/\n\/*! This file is auto-generated *\/\n!function(d,l){\"use strict\";l.querySelector&&d.addEventListener&&\"undefined\"!=typeof URL&&(d.wp=d.wp||{},d.wp.receiveEmbedMessage||(d.wp.receiveEmbedMessage=function(e){var t=e.data;if((t||t.secret||t.message||t.value)&&!\/[^a-zA-Z0-9]\/.test(t.secret)){for(var s,r,n,a=l.querySelectorAll('iframe[data-secret=\"'+t.secret+'\"]'),o=l.querySelectorAll('blockquote[data-secret=\"'+t.secret+'\"]'),c=new RegExp(\"^https?:$\",\"i\"),i=0;i<o.length;i++)o[i].style.display=\"none\";for(i=0;i<a.length;i++)s=a[i],e.source===s.contentWindow&&(s.removeAttribute(\"style\"),\"height\"===t.message?(1e3<(r=parseInt(t.value,10))?r=1e3:~~r<200&&(r=200),s.height=r):\"link\"===t.message&&(r=new URL(s.getAttribute(\"src\")),n=new URL(t.value),c.test(n.protocol))&&n.host===r.host&&l.activeElement===s&&(d.top.location.href=t.value))}},d.addEventListener(\"message\",d.wp.receiveEmbedMessage,!1),l.addEventListener(\"DOMContentLoaded\",function(){for(var e,t,s=l.querySelectorAll(\"iframe.wp-embedded-content\"),r=0;r<s.length;r++)(t=(e=s[r]).getAttribute(\"data-secret\"))||(t=Math.random().toString(36).substring(2,12),e.src+=\"#?secret=\"+t,e.setAttribute(\"data-secret\",t)),e.contentWindow.postMessage({message:\"ready\",secret:t},\"*\")},!1)))}(window,document);\n\/\/# sourceURL=https:\/\/blogg.svenskakyrkan.se\/vandravagen\/wp-includes\/js\/wp-embed.min.js\n\/* ]]> *\/\n<\/script>\n","description":"\u00d6stmarks vackra kyrka Ett s\u00e4tt att veta att man bor i glesbygden &#8211; det \u00e4r n\u00e4r man bor s\u00e5 l\u00e5ngt ut i skogen att man \u00e5ker IN till \u00d6stmark (V\u00e4rmland) och handlar. \u00d6stmarks kyrka \u00e4r en vacker tr\u00e4kyrka med sp\u00e5nkl\u00e4dsel som vi \u00e5kte f\u00f6rbi p\u00e5 semestern (och nu blir det snart inte mer fr\u00e5n resan [&hellip;]","thumbnail_url":"https:\/\/lh3.googleusercontent.com\/-IhSguLRgCfo\/T_33Zqur68I\/AAAAAAAAASQ\/TUvxhSP-0ds\/s400\/blogger-image-1094430927.jpg"}