{"version":"1.0","provider_name":"Vandra V\u00e4gen","provider_url":"https:\/\/blogg.svenskakyrkan.se\/vandravagen","author_name":"Tomas Jarvid","author_url":"https:\/\/blogg.svenskakyrkan.se\/vandravagen\/author\/vandravagen\/","title":"Detta f\u00f6rest\u00e4ller bilden! - Vandra V\u00e4gen","type":"rich","width":600,"height":338,"html":"<blockquote class=\"wp-embedded-content\" data-secret=\"ETA5L8oU9P\"><a href=\"https:\/\/blogg.svenskakyrkan.se\/vandravagen\/2012\/11\/26\/detta-forestaller-bilden\/\">Detta f\u00f6rest\u00e4ller bilden!<\/a><\/blockquote><iframe sandbox=\"allow-scripts\" security=\"restricted\" src=\"https:\/\/blogg.svenskakyrkan.se\/vandravagen\/2012\/11\/26\/detta-forestaller-bilden\/embed\/#?secret=ETA5L8oU9P\" width=\"600\" height=\"338\" title=\"\u201dDetta f\u00f6rest\u00e4ller bilden!\u201d &ndash; Vandra V\u00e4gen\" data-secret=\"ETA5L8oU9P\" frameborder=\"0\" marginwidth=\"0\" marginheight=\"0\" scrolling=\"no\" class=\"wp-embedded-content\"><\/iframe><script type=\"text\/javascript\">\n\/* <![CDATA[ *\/\n\/*! This file is auto-generated *\/\n!function(d,l){\"use strict\";l.querySelector&&d.addEventListener&&\"undefined\"!=typeof URL&&(d.wp=d.wp||{},d.wp.receiveEmbedMessage||(d.wp.receiveEmbedMessage=function(e){var t=e.data;if((t||t.secret||t.message||t.value)&&!\/[^a-zA-Z0-9]\/.test(t.secret)){for(var s,r,n,a=l.querySelectorAll('iframe[data-secret=\"'+t.secret+'\"]'),o=l.querySelectorAll('blockquote[data-secret=\"'+t.secret+'\"]'),c=new RegExp(\"^https?:$\",\"i\"),i=0;i<o.length;i++)o[i].style.display=\"none\";for(i=0;i<a.length;i++)s=a[i],e.source===s.contentWindow&&(s.removeAttribute(\"style\"),\"height\"===t.message?(1e3<(r=parseInt(t.value,10))?r=1e3:~~r<200&&(r=200),s.height=r):\"link\"===t.message&&(r=new URL(s.getAttribute(\"src\")),n=new URL(t.value),c.test(n.protocol))&&n.host===r.host&&l.activeElement===s&&(d.top.location.href=t.value))}},d.addEventListener(\"message\",d.wp.receiveEmbedMessage,!1),l.addEventListener(\"DOMContentLoaded\",function(){for(var e,t,s=l.querySelectorAll(\"iframe.wp-embedded-content\"),r=0;r<s.length;r++)(t=(e=s[r]).getAttribute(\"data-secret\"))||(t=Math.random().toString(36).substring(2,12),e.src+=\"#?secret=\"+t,e.setAttribute(\"data-secret\",t)),e.contentWindow.postMessage({message:\"ready\",secret:t},\"*\")},!1)))}(window,document);\n\/\/# sourceURL=https:\/\/blogg.svenskakyrkan.se\/vandravagen\/wp-includes\/js\/wp-embed.min.js\n\/* ]]> *\/\n<\/script>\n","description":"Jag ber s\u00e5 hemskt mycket om urs\u00e4kt att jag verkat gl\u00f6mma bort att ge det r\u00e4tta svaret p\u00e5 den sista i raden av bildg\u00e5tor f\u00f6r den h\u00e4r g\u00e5ngen. Jag m\u00e5ste ha t\u00e4nkt att det var klart n\u00e4r sista bilden var utlagd. N\u00e5v\u00e4l, Urban och Rosa kammar hem \u00e4ran av att ha svarat r\u00e4tt. Bilden f\u00f6rest\u00e4ller [&hellip;]","thumbnail_url":"http:\/\/3.bp.blogspot.com\/-AWkqtgEHWeE\/UJujDKxWhZI\/AAAAAAAAA90\/n7zAMUhUPf4\/s400\/blogger-image-618966427.jpg"}