{"version":"1.0","provider_name":"Vandra V\u00e4gen","provider_url":"https:\/\/blogg.svenskakyrkan.se\/vandravagen","author_name":"Tomas Jarvid","author_url":"https:\/\/blogg.svenskakyrkan.se\/vandravagen\/author\/vandravagen\/","title":"Ikonen i fickan av Owe Wikstr\u00f6m - Vandra V\u00e4gen","type":"rich","width":600,"height":338,"html":"<blockquote class=\"wp-embedded-content\" data-secret=\"eMb1lHBMPT\"><a href=\"https:\/\/blogg.svenskakyrkan.se\/vandravagen\/2012\/11\/27\/ikonen-i-fickan-av-owe-wikstrom\/\">Ikonen i fickan av Owe Wikstr\u00f6m<\/a><\/blockquote><iframe sandbox=\"allow-scripts\" security=\"restricted\" src=\"https:\/\/blogg.svenskakyrkan.se\/vandravagen\/2012\/11\/27\/ikonen-i-fickan-av-owe-wikstrom\/embed\/#?secret=eMb1lHBMPT\" width=\"600\" height=\"338\" title=\"\u201dIkonen i fickan av Owe Wikstr\u00f6m\u201d &ndash; Vandra V\u00e4gen\" data-secret=\"eMb1lHBMPT\" frameborder=\"0\" marginwidth=\"0\" marginheight=\"0\" scrolling=\"no\" class=\"wp-embedded-content\"><\/iframe><script type=\"text\/javascript\">\n\/* <![CDATA[ *\/\n\/*! This file is auto-generated *\/\n!function(d,l){\"use strict\";l.querySelector&&d.addEventListener&&\"undefined\"!=typeof URL&&(d.wp=d.wp||{},d.wp.receiveEmbedMessage||(d.wp.receiveEmbedMessage=function(e){var t=e.data;if((t||t.secret||t.message||t.value)&&!\/[^a-zA-Z0-9]\/.test(t.secret)){for(var s,r,n,a=l.querySelectorAll('iframe[data-secret=\"'+t.secret+'\"]'),o=l.querySelectorAll('blockquote[data-secret=\"'+t.secret+'\"]'),c=new RegExp(\"^https?:$\",\"i\"),i=0;i<o.length;i++)o[i].style.display=\"none\";for(i=0;i<a.length;i++)s=a[i],e.source===s.contentWindow&&(s.removeAttribute(\"style\"),\"height\"===t.message?(1e3<(r=parseInt(t.value,10))?r=1e3:~~r<200&&(r=200),s.height=r):\"link\"===t.message&&(r=new URL(s.getAttribute(\"src\")),n=new URL(t.value),c.test(n.protocol))&&n.host===r.host&&l.activeElement===s&&(d.top.location.href=t.value))}},d.addEventListener(\"message\",d.wp.receiveEmbedMessage,!1),l.addEventListener(\"DOMContentLoaded\",function(){for(var e,t,s=l.querySelectorAll(\"iframe.wp-embedded-content\"),r=0;r<s.length;r++)(t=(e=s[r]).getAttribute(\"data-secret\"))||(t=Math.random().toString(36).substring(2,12),e.src+=\"#?secret=\"+t,e.setAttribute(\"data-secret\",t)),e.contentWindow.postMessage({message:\"ready\",secret:t},\"*\")},!1)))}(window,document);\n\/\/# sourceURL=https:\/\/blogg.svenskakyrkan.se\/vandravagen\/wp-includes\/js\/wp-embed.min.js\n\/* ]]> *\/\n<\/script>\n","description":"Ikon med Jesus Jag har de senaste dagarna lyssnat p\u00e5 ljudboksversionen av Owe Wikstr\u00f6ms bok &#8221;Ikonen i fickan -om yttre och inre resor&#8221;. Tack f\u00f6r det d\u00e4r med bibliotek \u00e4n en g\u00e5ng. Jag har nog l\u00e4st de flesta av Owe Wikstr\u00f6ms b\u00f6cker och uppskattar dem f\u00f6r den resonerande stilen och f\u00f6r de kunskaper f\u00f6rfattaren har. [&hellip;]","thumbnail_url":"http:\/\/4.bp.blogspot.com\/-WzYwHjfWm7g\/TyPZ5nP4YnI\/AAAAAAAAADo\/1gNXAfZSUU0\/s400\/blogger-image--91870851.jpg"}