{"version":"1.0","provider_name":"Vandra V\u00e4gen","provider_url":"https:\/\/blogg.svenskakyrkan.se\/vandravagen","author_name":"Tomas Jarvid","author_url":"https:\/\/blogg.svenskakyrkan.se\/vandravagen\/author\/vandravagen\/","title":"St Nikolaus av Myra - Vandra V\u00e4gen","type":"rich","width":600,"height":338,"html":"<blockquote class=\"wp-embedded-content\" data-secret=\"c1kEgprrhG\"><a href=\"https:\/\/blogg.svenskakyrkan.se\/vandravagen\/2012\/12\/06\/st-nikolaus-av-myra\/\">St Nikolaus av Myra<\/a><\/blockquote><iframe sandbox=\"allow-scripts\" security=\"restricted\" src=\"https:\/\/blogg.svenskakyrkan.se\/vandravagen\/2012\/12\/06\/st-nikolaus-av-myra\/embed\/#?secret=c1kEgprrhG\" width=\"600\" height=\"338\" title=\"\u201dSt Nikolaus av Myra\u201d &ndash; Vandra V\u00e4gen\" data-secret=\"c1kEgprrhG\" frameborder=\"0\" marginwidth=\"0\" marginheight=\"0\" scrolling=\"no\" class=\"wp-embedded-content\"><\/iframe><script type=\"text\/javascript\">\n\/* <![CDATA[ *\/\n\/*! This file is auto-generated *\/\n!function(d,l){\"use strict\";l.querySelector&&d.addEventListener&&\"undefined\"!=typeof URL&&(d.wp=d.wp||{},d.wp.receiveEmbedMessage||(d.wp.receiveEmbedMessage=function(e){var t=e.data;if((t||t.secret||t.message||t.value)&&!\/[^a-zA-Z0-9]\/.test(t.secret)){for(var s,r,n,a=l.querySelectorAll('iframe[data-secret=\"'+t.secret+'\"]'),o=l.querySelectorAll('blockquote[data-secret=\"'+t.secret+'\"]'),c=new RegExp(\"^https?:$\",\"i\"),i=0;i<o.length;i++)o[i].style.display=\"none\";for(i=0;i<a.length;i++)s=a[i],e.source===s.contentWindow&&(s.removeAttribute(\"style\"),\"height\"===t.message?(1e3<(r=parseInt(t.value,10))?r=1e3:~~r<200&&(r=200),s.height=r):\"link\"===t.message&&(r=new URL(s.getAttribute(\"src\")),n=new URL(t.value),c.test(n.protocol))&&n.host===r.host&&l.activeElement===s&&(d.top.location.href=t.value))}},d.addEventListener(\"message\",d.wp.receiveEmbedMessage,!1),l.addEventListener(\"DOMContentLoaded\",function(){for(var e,t,s=l.querySelectorAll(\"iframe.wp-embedded-content\"),r=0;r<s.length;r++)(t=(e=s[r]).getAttribute(\"data-secret\"))||(t=Math.random().toString(36).substring(2,12),e.src+=\"#?secret=\"+t,e.setAttribute(\"data-secret\",t)),e.contentWindow.postMessage({message:\"ready\",secret:t},\"*\")},!1)))}(window,document);\n\/\/# sourceURL=https:\/\/blogg.svenskakyrkan.se\/vandravagen\/wp-includes\/js\/wp-embed.min.js\n\/* ]]> *\/\n<\/script>\n","description":"Biskop Niklas Idag f\u00e5r en massa barn runtom i Europa och v\u00e4rlden presenter eftersom det \u00e4r St Nikolaus dag. Jag minns att vi fick l\u00e4ra oss om det i tyskan i skolan till exempel. Nikolaus av Myra (280-343) \u00e4r ett av de riktigt v\u00e4lk\u00e4nda helgonen och m\u00e5nga kyrkor i v\u00e5rt land heter St Nikolai efter [&hellip;]","thumbnail_url":"http:\/\/upload.wikimedia.org\/wikipedia\/commons\/thumb\/f\/ff\/Gheorghe_Tattarescu_-_Sfantul_Nicolae.jpg\/250px-Gheorghe_Tattarescu_-_Sfantul_Nicolae.jpg"}