{"version":"1.0","provider_name":"Vandra V\u00e4gen","provider_url":"https:\/\/blogg.svenskakyrkan.se\/vandravagen","author_name":"Tomas Jarvid","author_url":"https:\/\/blogg.svenskakyrkan.se\/vandravagen\/author\/vandravagen\/","title":"Doms\u00f6ndag och advent i livet - Vandra V\u00e4gen","type":"rich","width":600,"height":338,"html":"<blockquote class=\"wp-embedded-content\" data-secret=\"HFlMhWMhfv\"><a href=\"https:\/\/blogg.svenskakyrkan.se\/vandravagen\/2012\/12\/07\/domsondag-och-advent-i-livet\/\">Doms\u00f6ndag och advent i livet<\/a><\/blockquote><iframe sandbox=\"allow-scripts\" security=\"restricted\" src=\"https:\/\/blogg.svenskakyrkan.se\/vandravagen\/2012\/12\/07\/domsondag-och-advent-i-livet\/embed\/#?secret=HFlMhWMhfv\" width=\"600\" height=\"338\" title=\"\u201dDoms\u00f6ndag och advent i livet\u201d &ndash; Vandra V\u00e4gen\" data-secret=\"HFlMhWMhfv\" frameborder=\"0\" marginwidth=\"0\" marginheight=\"0\" scrolling=\"no\" class=\"wp-embedded-content\"><\/iframe><script type=\"text\/javascript\">\n\/* <![CDATA[ *\/\n\/*! This file is auto-generated *\/\n!function(d,l){\"use strict\";l.querySelector&&d.addEventListener&&\"undefined\"!=typeof URL&&(d.wp=d.wp||{},d.wp.receiveEmbedMessage||(d.wp.receiveEmbedMessage=function(e){var t=e.data;if((t||t.secret||t.message||t.value)&&!\/[^a-zA-Z0-9]\/.test(t.secret)){for(var s,r,n,a=l.querySelectorAll('iframe[data-secret=\"'+t.secret+'\"]'),o=l.querySelectorAll('blockquote[data-secret=\"'+t.secret+'\"]'),c=new RegExp(\"^https?:$\",\"i\"),i=0;i<o.length;i++)o[i].style.display=\"none\";for(i=0;i<a.length;i++)s=a[i],e.source===s.contentWindow&&(s.removeAttribute(\"style\"),\"height\"===t.message?(1e3<(r=parseInt(t.value,10))?r=1e3:~~r<200&&(r=200),s.height=r):\"link\"===t.message&&(r=new URL(s.getAttribute(\"src\")),n=new URL(t.value),c.test(n.protocol))&&n.host===r.host&&l.activeElement===s&&(d.top.location.href=t.value))}},d.addEventListener(\"message\",d.wp.receiveEmbedMessage,!1),l.addEventListener(\"DOMContentLoaded\",function(){for(var e,t,s=l.querySelectorAll(\"iframe.wp-embedded-content\"),r=0;r<s.length;r++)(t=(e=s[r]).getAttribute(\"data-secret\"))||(t=Math.random().toString(36).substring(2,12),e.src+=\"#?secret=\"+t,e.setAttribute(\"data-secret\",t)),e.contentWindow.postMessage({message:\"ready\",secret:t},\"*\")},!1)))}(window,document);\n\/\/# sourceURL=https:\/\/blogg.svenskakyrkan.se\/vandravagen\/wp-includes\/js\/wp-embed.min.js\n\/* ]]> *\/\n<\/script>\n","description":"Ljus i m\u00f6rkret, advent Nu har vi ju hunnit en bit in i adventstiden. H\u00e4r \u00e4r en tanke jag g\u00e5tt och ruvat p\u00e5 sedan f\u00f6rra veckan eller s\u00e5 men som det pl\u00f6tsligt blivit lite br\u00e5ttom att f\u00e5 ut om det inte ska bli helt l\u00f6jligt d\u00e5lig timing. Jag t\u00e4nker p\u00e5 att vi firat tv\u00e5 s\u00f6ndagar [&hellip;]","thumbnail_url":"https:\/\/www.svenskakyrkan.se\/Sve\/Bilder\/Bilder\/dfc4a83f-8a62-470d-8323-61470117fb9f~__H.jpg"}