{"version":"1.0","provider_name":"Vandra V\u00e4gen","provider_url":"https:\/\/blogg.svenskakyrkan.se\/vandravagen","author_name":"Tomas Jarvid","author_url":"https:\/\/blogg.svenskakyrkan.se\/vandravagen\/author\/vandravagen\/","title":"Vrede och ilska och synd - Vandra V\u00e4gen","type":"rich","width":600,"height":338,"html":"<blockquote class=\"wp-embedded-content\" data-secret=\"lvaB6tBCfr\"><a href=\"https:\/\/blogg.svenskakyrkan.se\/vandravagen\/2012\/12\/13\/vrede-och-ilska-och-synd\/\">Vrede och ilska och synd<\/a><\/blockquote><iframe sandbox=\"allow-scripts\" security=\"restricted\" src=\"https:\/\/blogg.svenskakyrkan.se\/vandravagen\/2012\/12\/13\/vrede-och-ilska-och-synd\/embed\/#?secret=lvaB6tBCfr\" width=\"600\" height=\"338\" title=\"\u201dVrede och ilska och synd\u201d &ndash; Vandra V\u00e4gen\" data-secret=\"lvaB6tBCfr\" frameborder=\"0\" marginwidth=\"0\" marginheight=\"0\" scrolling=\"no\" class=\"wp-embedded-content\"><\/iframe><script type=\"text\/javascript\">\n\/* <![CDATA[ *\/\n\/*! This file is auto-generated *\/\n!function(d,l){\"use strict\";l.querySelector&&d.addEventListener&&\"undefined\"!=typeof URL&&(d.wp=d.wp||{},d.wp.receiveEmbedMessage||(d.wp.receiveEmbedMessage=function(e){var t=e.data;if((t||t.secret||t.message||t.value)&&!\/[^a-zA-Z0-9]\/.test(t.secret)){for(var s,r,n,a=l.querySelectorAll('iframe[data-secret=\"'+t.secret+'\"]'),o=l.querySelectorAll('blockquote[data-secret=\"'+t.secret+'\"]'),c=new RegExp(\"^https?:$\",\"i\"),i=0;i<o.length;i++)o[i].style.display=\"none\";for(i=0;i<a.length;i++)s=a[i],e.source===s.contentWindow&&(s.removeAttribute(\"style\"),\"height\"===t.message?(1e3<(r=parseInt(t.value,10))?r=1e3:~~r<200&&(r=200),s.height=r):\"link\"===t.message&&(r=new URL(s.getAttribute(\"src\")),n=new URL(t.value),c.test(n.protocol))&&n.host===r.host&&l.activeElement===s&&(d.top.location.href=t.value))}},d.addEventListener(\"message\",d.wp.receiveEmbedMessage,!1),l.addEventListener(\"DOMContentLoaded\",function(){for(var e,t,s=l.querySelectorAll(\"iframe.wp-embedded-content\"),r=0;r<s.length;r++)(t=(e=s[r]).getAttribute(\"data-secret\"))||(t=Math.random().toString(36).substring(2,12),e.src+=\"#?secret=\"+t,e.setAttribute(\"data-secret\",t)),e.contentWindow.postMessage({message:\"ready\",secret:t},\"*\")},!1)))}(window,document);\n\/\/# sourceURL=https:\/\/blogg.svenskakyrkan.se\/vandravagen\/wp-includes\/js\/wp-embed.min.js\n\/* ]]> *\/\n<\/script>\n","description":"Jesus blev arg han ocks\u00e5. H\u00e4r driver han ut m\u00e5nglarna ur templet. M\u00e5nga kristna har problem med att visa ilska eller vrede. Det g\u00e4ller nog m\u00e5nga som bara \u00e4r vanligt mj\u00e4kiga ocks\u00e5 f\u00f6r \u00f6vrigt men i kristna sammanhang har det ibland ansetts fel att som &#8221;andlig&#8221; eller &#8221;from&#8221; bli arg och visa det. Tack vare [&hellip;]","thumbnail_url":"http:\/\/artbible.net\/3JC\/-Mat-21,12_Money_Changers_Marchands_du_temple\/16%20BASSANO%20PURIFICATION%20OF%20THE%20TEMPLE.jpg"}