{"version":"1.0","provider_name":"Vandra V\u00e4gen","provider_url":"https:\/\/blogg.svenskakyrkan.se\/vandravagen","author_name":"Tomas Jarvid","author_url":"https:\/\/blogg.svenskakyrkan.se\/vandravagen\/author\/vandravagen\/","title":"\u00c4nnu en bild fr\u00e5n B\u00e4linge - Vandra V\u00e4gen","type":"rich","width":600,"height":338,"html":"<blockquote class=\"wp-embedded-content\" data-secret=\"GZHg7uQTZP\"><a href=\"https:\/\/blogg.svenskakyrkan.se\/vandravagen\/2012\/12\/16\/annu-en-bild-fran-balinge\/\">\u00c4nnu en bild fr\u00e5n B\u00e4linge<\/a><\/blockquote><iframe sandbox=\"allow-scripts\" security=\"restricted\" src=\"https:\/\/blogg.svenskakyrkan.se\/vandravagen\/2012\/12\/16\/annu-en-bild-fran-balinge\/embed\/#?secret=GZHg7uQTZP\" width=\"600\" height=\"338\" title=\"\u201d\u00c4nnu en bild fr\u00e5n B\u00e4linge\u201d &ndash; Vandra V\u00e4gen\" data-secret=\"GZHg7uQTZP\" frameborder=\"0\" marginwidth=\"0\" marginheight=\"0\" scrolling=\"no\" class=\"wp-embedded-content\"><\/iframe><script type=\"text\/javascript\">\n\/* <![CDATA[ *\/\n\/*! This file is auto-generated *\/\n!function(d,l){\"use strict\";l.querySelector&&d.addEventListener&&\"undefined\"!=typeof URL&&(d.wp=d.wp||{},d.wp.receiveEmbedMessage||(d.wp.receiveEmbedMessage=function(e){var t=e.data;if((t||t.secret||t.message||t.value)&&!\/[^a-zA-Z0-9]\/.test(t.secret)){for(var s,r,n,a=l.querySelectorAll('iframe[data-secret=\"'+t.secret+'\"]'),o=l.querySelectorAll('blockquote[data-secret=\"'+t.secret+'\"]'),c=new RegExp(\"^https?:$\",\"i\"),i=0;i<o.length;i++)o[i].style.display=\"none\";for(i=0;i<a.length;i++)s=a[i],e.source===s.contentWindow&&(s.removeAttribute(\"style\"),\"height\"===t.message?(1e3<(r=parseInt(t.value,10))?r=1e3:~~r<200&&(r=200),s.height=r):\"link\"===t.message&&(r=new URL(s.getAttribute(\"src\")),n=new URL(t.value),c.test(n.protocol))&&n.host===r.host&&l.activeElement===s&&(d.top.location.href=t.value))}},d.addEventListener(\"message\",d.wp.receiveEmbedMessage,!1),l.addEventListener(\"DOMContentLoaded\",function(){for(var e,t,s=l.querySelectorAll(\"iframe.wp-embedded-content\"),r=0;r<s.length;r++)(t=(e=s[r]).getAttribute(\"data-secret\"))||(t=Math.random().toString(36).substring(2,12),e.src+=\"#?secret=\"+t,e.setAttribute(\"data-secret\",t)),e.contentWindow.postMessage({message:\"ready\",secret:t},\"*\")},!1)))}(window,document);\n\/\/# sourceURL=https:\/\/blogg.svenskakyrkan.se\/vandravagen\/wp-includes\/js\/wp-embed.min.js\n\/* ]]> *\/\n<\/script>\n","description":"Bland alla bilder jag tittat p\u00e5 n\u00e4r jag sett tillbaka p\u00e5 h\u00f6sten i B\u00e4linge s\u00e5 hittade jag ocks\u00e5 den h\u00e4r. Jag minns att jag tog den som illustration till det gamla kristna uttrycket &#8221;Utan kors ingen krona&#8221; Har du h\u00f6r det n\u00e5gon g\u00e5ng? Vad tror du det betyder?","thumbnail_url":"http:\/\/3.bp.blogspot.com\/-PeGQZgmJ8bM\/UMoXHwa3vHI\/AAAAAAAABVg\/7ivDGXCBqIU\/s400\/IMG_1941.JPG"}