{"version":"1.0","provider_name":"Vandra V\u00e4gen","provider_url":"https:\/\/blogg.svenskakyrkan.se\/vandravagen","author_name":"Tomas Jarvid","author_url":"https:\/\/blogg.svenskakyrkan.se\/vandravagen\/author\/vandravagen\/","title":"Vandra V\u00e4gen har varit i tidningen! - Vandra V\u00e4gen","type":"rich","width":600,"height":338,"html":"<blockquote class=\"wp-embedded-content\" data-secret=\"YGEYH18c3M\"><a href=\"https:\/\/blogg.svenskakyrkan.se\/vandravagen\/2012\/12\/17\/vandra-vagen-har-varit-i-tidningen\/\">Vandra V\u00e4gen har varit i tidningen!<\/a><\/blockquote><iframe sandbox=\"allow-scripts\" security=\"restricted\" src=\"https:\/\/blogg.svenskakyrkan.se\/vandravagen\/2012\/12\/17\/vandra-vagen-har-varit-i-tidningen\/embed\/#?secret=YGEYH18c3M\" width=\"600\" height=\"338\" title=\"\u201dVandra V\u00e4gen har varit i tidningen!\u201d &ndash; Vandra V\u00e4gen\" data-secret=\"YGEYH18c3M\" frameborder=\"0\" marginwidth=\"0\" marginheight=\"0\" scrolling=\"no\" class=\"wp-embedded-content\"><\/iframe><script type=\"text\/javascript\">\n\/* <![CDATA[ *\/\n\/*! This file is auto-generated *\/\n!function(d,l){\"use strict\";l.querySelector&&d.addEventListener&&\"undefined\"!=typeof URL&&(d.wp=d.wp||{},d.wp.receiveEmbedMessage||(d.wp.receiveEmbedMessage=function(e){var t=e.data;if((t||t.secret||t.message||t.value)&&!\/[^a-zA-Z0-9]\/.test(t.secret)){for(var s,r,n,a=l.querySelectorAll('iframe[data-secret=\"'+t.secret+'\"]'),o=l.querySelectorAll('blockquote[data-secret=\"'+t.secret+'\"]'),c=new RegExp(\"^https?:$\",\"i\"),i=0;i<o.length;i++)o[i].style.display=\"none\";for(i=0;i<a.length;i++)s=a[i],e.source===s.contentWindow&&(s.removeAttribute(\"style\"),\"height\"===t.message?(1e3<(r=parseInt(t.value,10))?r=1e3:~~r<200&&(r=200),s.height=r):\"link\"===t.message&&(r=new URL(s.getAttribute(\"src\")),n=new URL(t.value),c.test(n.protocol))&&n.host===r.host&&l.activeElement===s&&(d.top.location.href=t.value))}},d.addEventListener(\"message\",d.wp.receiveEmbedMessage,!1),l.addEventListener(\"DOMContentLoaded\",function(){for(var e,t,s=l.querySelectorAll(\"iframe.wp-embedded-content\"),r=0;r<s.length;r++)(t=(e=s[r]).getAttribute(\"data-secret\"))||(t=Math.random().toString(36).substring(2,12),e.src+=\"#?secret=\"+t,e.setAttribute(\"data-secret\",t)),e.contentWindow.postMessage({message:\"ready\",secret:t},\"*\")},!1)))}(window,document);\n\/\/# sourceURL=https:\/\/blogg.svenskakyrkan.se\/vandravagen\/wp-includes\/js\/wp-embed.min.js\n\/* ]]> *\/\n<\/script>\n","description":"Fanfar! S\u00e5d\u00e4r ja! Ett steg till mot \u00e4ra och ber\u00f6mmelse f\u00f6r denna enkla lilla blogg. Tidningen Dagen har n\u00e4mligen f\u00f6r ett tag sedan h\u00f6rt av sig och st\u00e4llt fr\u00e5gor efter att journalisten st\u00f6tt p\u00e5 inl\u00e4gget om surdegar i bibeln och i livet. S\u00e5 g\u00e5r det tydligen till nu i gammelmedierna, roligt att bli uppm\u00e4rksammad hursomhelst. [&hellip;]","thumbnail_url":"http:\/\/1.bp.blogspot.com\/-MPW9IiG165s\/T_52Fr0UcKI\/AAAAAAAAASc\/1l-A6Jr9bVs\/s400\/P5050027.JPG"}