{"version":"1.0","provider_name":"Vandra V\u00e4gen","provider_url":"https:\/\/blogg.svenskakyrkan.se\/vandravagen","author_name":"Tomas Jarvid","author_url":"https:\/\/blogg.svenskakyrkan.se\/vandravagen\/author\/vandravagen\/","title":"Joseph Conrad och m\u00f6rkrets hj\u00e4rta (och jul) - Vandra V\u00e4gen","type":"rich","width":600,"height":338,"html":"<blockquote class=\"wp-embedded-content\" data-secret=\"OMFkxQQL88\"><a href=\"https:\/\/blogg.svenskakyrkan.se\/vandravagen\/2012\/12\/18\/joseph-conrad-och-morkrets-hjarta-och-jul\/\">Joseph Conrad och m\u00f6rkrets hj\u00e4rta (och jul)<\/a><\/blockquote><iframe sandbox=\"allow-scripts\" security=\"restricted\" src=\"https:\/\/blogg.svenskakyrkan.se\/vandravagen\/2012\/12\/18\/joseph-conrad-och-morkrets-hjarta-och-jul\/embed\/#?secret=OMFkxQQL88\" width=\"600\" height=\"338\" title=\"\u201dJoseph Conrad och m\u00f6rkrets hj\u00e4rta (och jul)\u201d &ndash; Vandra V\u00e4gen\" data-secret=\"OMFkxQQL88\" frameborder=\"0\" marginwidth=\"0\" marginheight=\"0\" scrolling=\"no\" class=\"wp-embedded-content\"><\/iframe><script type=\"text\/javascript\">\n\/* <![CDATA[ *\/\n\/*! This file is auto-generated *\/\n!function(d,l){\"use strict\";l.querySelector&&d.addEventListener&&\"undefined\"!=typeof URL&&(d.wp=d.wp||{},d.wp.receiveEmbedMessage||(d.wp.receiveEmbedMessage=function(e){var t=e.data;if((t||t.secret||t.message||t.value)&&!\/[^a-zA-Z0-9]\/.test(t.secret)){for(var s,r,n,a=l.querySelectorAll('iframe[data-secret=\"'+t.secret+'\"]'),o=l.querySelectorAll('blockquote[data-secret=\"'+t.secret+'\"]'),c=new RegExp(\"^https?:$\",\"i\"),i=0;i<o.length;i++)o[i].style.display=\"none\";for(i=0;i<a.length;i++)s=a[i],e.source===s.contentWindow&&(s.removeAttribute(\"style\"),\"height\"===t.message?(1e3<(r=parseInt(t.value,10))?r=1e3:~~r<200&&(r=200),s.height=r):\"link\"===t.message&&(r=new URL(s.getAttribute(\"src\")),n=new URL(t.value),c.test(n.protocol))&&n.host===r.host&&l.activeElement===s&&(d.top.location.href=t.value))}},d.addEventListener(\"message\",d.wp.receiveEmbedMessage,!1),l.addEventListener(\"DOMContentLoaded\",function(){for(var e,t,s=l.querySelectorAll(\"iframe.wp-embedded-content\"),r=0;r<s.length;r++)(t=(e=s[r]).getAttribute(\"data-secret\"))||(t=Math.random().toString(36).substring(2,12),e.src+=\"#?secret=\"+t,e.setAttribute(\"data-secret\",t)),e.contentWindow.postMessage({message:\"ready\",secret:t},\"*\")},!1)))}(window,document);\n\/\/# sourceURL=https:\/\/blogg.svenskakyrkan.se\/vandravagen\/wp-includes\/js\/wp-embed.min.js\n\/* ]]> *\/\n<\/script>\n","description":"Mycket kolonialt Jag har nu lyssnat f\u00e4rdigt p\u00e5 ljudboksversionen av &#8221;m\u00f6rkrets hj\u00e4rta&#8221; av Joseph Conrad. Tidigare hade jag st\u00f6tt p\u00e5 handlingen \u00f6verf\u00f6rd till Vietnamkriget i &#8221;Apocalyps now&#8221; som jag tycker \u00e4r riktigt l\u00e4skig. &#8221;M\u00f6rkrets hj\u00e4rta&#8221; \u00e4r ocks\u00e5 ot\u00e4ck, \u00e4ven om den drypande hettan vid Kongofloden k\u00e4nns med avl\u00e4gsen n\u00e4r man vandrar runt i minusgrader och [&hellip;]","thumbnail_url":"http:\/\/1.bp.blogspot.com\/-VdTcnGk5E1c\/UM-BnmmW_LI\/AAAAAAAABaE\/o2qo_pzp8UI\/s400\/4a03068r.jpg"}