{"version":"1.0","provider_name":"Vandra V\u00e4gen","provider_url":"https:\/\/blogg.svenskakyrkan.se\/vandravagen","author_name":"Tomas Jarvid","author_url":"https:\/\/blogg.svenskakyrkan.se\/vandravagen\/author\/vandravagen\/","title":"Tomasdagen idag! Hurra f\u00f6r Tomas! - Vandra V\u00e4gen","type":"rich","width":600,"height":338,"html":"<blockquote class=\"wp-embedded-content\" data-secret=\"PomVLRt5pB\"><a href=\"https:\/\/blogg.svenskakyrkan.se\/vandravagen\/2012\/12\/21\/tomasdagen-idag-hurra-for-tomas\/\">Tomasdagen idag! Hurra f\u00f6r Tomas!<\/a><\/blockquote><iframe sandbox=\"allow-scripts\" security=\"restricted\" src=\"https:\/\/blogg.svenskakyrkan.se\/vandravagen\/2012\/12\/21\/tomasdagen-idag-hurra-for-tomas\/embed\/#?secret=PomVLRt5pB\" width=\"600\" height=\"338\" title=\"\u201dTomasdagen idag! Hurra f\u00f6r Tomas!\u201d &ndash; Vandra V\u00e4gen\" data-secret=\"PomVLRt5pB\" frameborder=\"0\" marginwidth=\"0\" marginheight=\"0\" scrolling=\"no\" class=\"wp-embedded-content\"><\/iframe><script type=\"text\/javascript\">\n\/* <![CDATA[ *\/\n\/*! This file is auto-generated *\/\n!function(d,l){\"use strict\";l.querySelector&&d.addEventListener&&\"undefined\"!=typeof URL&&(d.wp=d.wp||{},d.wp.receiveEmbedMessage||(d.wp.receiveEmbedMessage=function(e){var t=e.data;if((t||t.secret||t.message||t.value)&&!\/[^a-zA-Z0-9]\/.test(t.secret)){for(var s,r,n,a=l.querySelectorAll('iframe[data-secret=\"'+t.secret+'\"]'),o=l.querySelectorAll('blockquote[data-secret=\"'+t.secret+'\"]'),c=new RegExp(\"^https?:$\",\"i\"),i=0;i<o.length;i++)o[i].style.display=\"none\";for(i=0;i<a.length;i++)s=a[i],e.source===s.contentWindow&&(s.removeAttribute(\"style\"),\"height\"===t.message?(1e3<(r=parseInt(t.value,10))?r=1e3:~~r<200&&(r=200),s.height=r):\"link\"===t.message&&(r=new URL(s.getAttribute(\"src\")),n=new URL(t.value),c.test(n.protocol))&&n.host===r.host&&l.activeElement===s&&(d.top.location.href=t.value))}},d.addEventListener(\"message\",d.wp.receiveEmbedMessage,!1),l.addEventListener(\"DOMContentLoaded\",function(){for(var e,t,s=l.querySelectorAll(\"iframe.wp-embedded-content\"),r=0;r<s.length;r++)(t=(e=s[r]).getAttribute(\"data-secret\"))||(t=Math.random().toString(36).substring(2,12),e.src+=\"#?secret=\"+t,e.setAttribute(\"data-secret\",t)),e.contentWindow.postMessage({message:\"ready\",secret:t},\"*\")},!1)))}(window,document);\n\/\/# sourceURL=https:\/\/blogg.svenskakyrkan.se\/vandravagen\/wp-includes\/js\/wp-embed.min.js\n\/* ]]> *\/\n<\/script>\n","description":"Indiskt tomaskors, med helig Ande som kommer ner Idag \u00e4r det Tomasdagen enligt almanackan. Det \u00e4r egentligen inte n\u00e5gon s\u00e4rskilt stor dag, den kortaste av dem alla faktiskt, men det \u00e4r min namnsdag \u00e4nd\u00e5. N\u00e4r jag gick i skolan brukade det ocks\u00e5 vara d\u00e5 ungef\u00e4r som vi fick jullov s\u00e5 det var alltid en v\u00e4ldigt [&hellip;]","thumbnail_url":"http:\/\/3.bp.blogspot.com\/-rrUmCFtiWjk\/UNQhE1UgPoI\/AAAAAAAABbs\/nOPH9whbazw\/s400\/P2270055.JPG"}