{"version":"1.0","provider_name":"Vandra V\u00e4gen","provider_url":"https:\/\/blogg.svenskakyrkan.se\/vandravagen","author_name":"Tomas Jarvid","author_url":"https:\/\/blogg.svenskakyrkan.se\/vandravagen\/author\/vandravagen\/","title":"Den n\u00e4rvarande guden - Vandra V\u00e4gen","type":"rich","width":600,"height":338,"html":"<blockquote class=\"wp-embedded-content\" data-secret=\"RF8ti0hFse\"><a href=\"https:\/\/blogg.svenskakyrkan.se\/vandravagen\/2012\/12\/22\/den-narvarande-guden\/\">Den n\u00e4rvarande guden<\/a><\/blockquote><iframe sandbox=\"allow-scripts\" security=\"restricted\" src=\"https:\/\/blogg.svenskakyrkan.se\/vandravagen\/2012\/12\/22\/den-narvarande-guden\/embed\/#?secret=RF8ti0hFse\" width=\"600\" height=\"338\" title=\"\u201dDen n\u00e4rvarande guden\u201d &ndash; Vandra V\u00e4gen\" data-secret=\"RF8ti0hFse\" frameborder=\"0\" marginwidth=\"0\" marginheight=\"0\" scrolling=\"no\" class=\"wp-embedded-content\"><\/iframe><script type=\"text\/javascript\">\n\/* <![CDATA[ *\/\n\/*! This file is auto-generated *\/\n!function(d,l){\"use strict\";l.querySelector&&d.addEventListener&&\"undefined\"!=typeof URL&&(d.wp=d.wp||{},d.wp.receiveEmbedMessage||(d.wp.receiveEmbedMessage=function(e){var t=e.data;if((t||t.secret||t.message||t.value)&&!\/[^a-zA-Z0-9]\/.test(t.secret)){for(var s,r,n,a=l.querySelectorAll('iframe[data-secret=\"'+t.secret+'\"]'),o=l.querySelectorAll('blockquote[data-secret=\"'+t.secret+'\"]'),c=new RegExp(\"^https?:$\",\"i\"),i=0;i<o.length;i++)o[i].style.display=\"none\";for(i=0;i<a.length;i++)s=a[i],e.source===s.contentWindow&&(s.removeAttribute(\"style\"),\"height\"===t.message?(1e3<(r=parseInt(t.value,10))?r=1e3:~~r<200&&(r=200),s.height=r):\"link\"===t.message&&(r=new URL(s.getAttribute(\"src\")),n=new URL(t.value),c.test(n.protocol))&&n.host===r.host&&l.activeElement===s&&(d.top.location.href=t.value))}},d.addEventListener(\"message\",d.wp.receiveEmbedMessage,!1),l.addEventListener(\"DOMContentLoaded\",function(){for(var e,t,s=l.querySelectorAll(\"iframe.wp-embedded-content\"),r=0;r<s.length;r++)(t=(e=s[r]).getAttribute(\"data-secret\"))||(t=Math.random().toString(36).substring(2,12),e.src+=\"#?secret=\"+t,e.setAttribute(\"data-secret\",t)),e.contentWindow.postMessage({message:\"ready\",secret:t},\"*\")},!1)))}(window,document);\n\/\/# sourceURL=https:\/\/blogg.svenskakyrkan.se\/vandravagen\/wp-includes\/js\/wp-embed.min.js\n\/* ]]> *\/\n<\/script>\n","description":"Det finns de som menar att kristen tro \u00e4r tro p\u00e5 en gud som \u00e4r ganska avl\u00e4gsen. Det finns olika sk\u00e4l till det, dels den existentiella upplevelsen m\u00e5nga har av Guds g\u00e5tfulla och sm\u00e4rtsamma fr\u00e5nvaro (Vem \u00e4r du som fyller hela v\u00e4rlden med din fr\u00e5nvaro? -som P\u00e4r Lagerkvist skrev). Den upplevelsen \u00e4r vi nog m\u00e5nga [&hellip;]","thumbnail_url":"https:\/\/lh5.googleusercontent.com\/-Q1sHFRuysto\/UHraUqnY4aI\/AAAAAAAAAwU\/Bi9Kb380Ypc\/s640\/blogger-image-1208141977.jpg"}