{"version":"1.0","provider_name":"Vandra V\u00e4gen","provider_url":"https:\/\/blogg.svenskakyrkan.se\/vandravagen","author_name":"Tomas Jarvid","author_url":"https:\/\/blogg.svenskakyrkan.se\/vandravagen\/author\/vandravagen\/","title":"Julens 5 b\u00e4sta! - Vandra V\u00e4gen","type":"rich","width":600,"height":338,"html":"<blockquote class=\"wp-embedded-content\" data-secret=\"hje0hBxlUP\"><a href=\"https:\/\/blogg.svenskakyrkan.se\/vandravagen\/2012\/12\/29\/julens-5-basta\/\">Julens 5 b\u00e4sta!<\/a><\/blockquote><iframe sandbox=\"allow-scripts\" security=\"restricted\" src=\"https:\/\/blogg.svenskakyrkan.se\/vandravagen\/2012\/12\/29\/julens-5-basta\/embed\/#?secret=hje0hBxlUP\" width=\"600\" height=\"338\" title=\"\u201dJulens 5 b\u00e4sta!\u201d &ndash; Vandra V\u00e4gen\" data-secret=\"hje0hBxlUP\" frameborder=\"0\" marginwidth=\"0\" marginheight=\"0\" scrolling=\"no\" class=\"wp-embedded-content\"><\/iframe><script type=\"text\/javascript\">\n\/* <![CDATA[ *\/\n\/*! This file is auto-generated *\/\n!function(d,l){\"use strict\";l.querySelector&&d.addEventListener&&\"undefined\"!=typeof URL&&(d.wp=d.wp||{},d.wp.receiveEmbedMessage||(d.wp.receiveEmbedMessage=function(e){var t=e.data;if((t||t.secret||t.message||t.value)&&!\/[^a-zA-Z0-9]\/.test(t.secret)){for(var s,r,n,a=l.querySelectorAll('iframe[data-secret=\"'+t.secret+'\"]'),o=l.querySelectorAll('blockquote[data-secret=\"'+t.secret+'\"]'),c=new RegExp(\"^https?:$\",\"i\"),i=0;i<o.length;i++)o[i].style.display=\"none\";for(i=0;i<a.length;i++)s=a[i],e.source===s.contentWindow&&(s.removeAttribute(\"style\"),\"height\"===t.message?(1e3<(r=parseInt(t.value,10))?r=1e3:~~r<200&&(r=200),s.height=r):\"link\"===t.message&&(r=new URL(s.getAttribute(\"src\")),n=new URL(t.value),c.test(n.protocol))&&n.host===r.host&&l.activeElement===s&&(d.top.location.href=t.value))}},d.addEventListener(\"message\",d.wp.receiveEmbedMessage,!1),l.addEventListener(\"DOMContentLoaded\",function(){for(var e,t,s=l.querySelectorAll(\"iframe.wp-embedded-content\"),r=0;r<s.length;r++)(t=(e=s[r]).getAttribute(\"data-secret\"))||(t=Math.random().toString(36).substring(2,12),e.src+=\"#?secret=\"+t,e.setAttribute(\"data-secret\",t)),e.contentWindow.postMessage({message:\"ready\",secret:t},\"*\")},!1)))}(window,document);\n\/\/# sourceURL=https:\/\/blogg.svenskakyrkan.se\/vandravagen\/wp-includes\/js\/wp-embed.min.js\n\/* ]]> *\/\n<\/script>\n","description":"H\u00e4ngt under mistlarna ist\u00e4llet f\u00f6r p\u00e5 bloggarna? Har du g\u00e5tt offline under helgen? B\u00f6rjar bloggl\u00e4sarvanorna \u00e5terg\u00e5 till normalt? H\u00e4r \u00e4r posterna jag tycker du ska ta p\u00e5 reprisen! 1, F\u00f6rst ut en julb\u00f6n som egentligen passar lika bra n\u00e4rsom. B\u00f6n inf\u00f6r julhelgen. 2, Sedan en reflektion utifr\u00e5n Adam och Evas namnsdagar i julhelgen. 3, Ikon\u00e4lskare [&hellip;]","thumbnail_url":"http:\/\/3.bp.blogspot.com\/-_i_yjiA3JNY\/UCgXE8GFd1I\/AAAAAAAAAX0\/FksyyAi7ByA\/s400\/IMG_7600.JPG"}