{"version":"1.0","provider_name":"Vandra V\u00e4gen","provider_url":"https:\/\/blogg.svenskakyrkan.se\/vandravagen","author_name":"Tomas Jarvid","author_url":"https:\/\/blogg.svenskakyrkan.se\/vandravagen\/author\/vandravagen\/","title":"Sen reaktion p\u00e5 Marcus Borg i SvD - Vandra V\u00e4gen","type":"rich","width":600,"height":338,"html":"<blockquote class=\"wp-embedded-content\" data-secret=\"9rveL8Cyyv\"><a href=\"https:\/\/blogg.svenskakyrkan.se\/vandravagen\/2013\/01\/12\/sen-reaktion-pa-marcus-borg-i-svd\/\">Sen reaktion p\u00e5 Marcus Borg i SvD<\/a><\/blockquote><iframe sandbox=\"allow-scripts\" security=\"restricted\" src=\"https:\/\/blogg.svenskakyrkan.se\/vandravagen\/2013\/01\/12\/sen-reaktion-pa-marcus-borg-i-svd\/embed\/#?secret=9rveL8Cyyv\" width=\"600\" height=\"338\" title=\"\u201dSen reaktion p\u00e5 Marcus Borg i SvD\u201d &ndash; Vandra V\u00e4gen\" data-secret=\"9rveL8Cyyv\" frameborder=\"0\" marginwidth=\"0\" marginheight=\"0\" scrolling=\"no\" class=\"wp-embedded-content\"><\/iframe><script type=\"text\/javascript\">\n\/* <![CDATA[ *\/\n\/*! This file is auto-generated *\/\n!function(d,l){\"use strict\";l.querySelector&&d.addEventListener&&\"undefined\"!=typeof URL&&(d.wp=d.wp||{},d.wp.receiveEmbedMessage||(d.wp.receiveEmbedMessage=function(e){var t=e.data;if((t||t.secret||t.message||t.value)&&!\/[^a-zA-Z0-9]\/.test(t.secret)){for(var s,r,n,a=l.querySelectorAll('iframe[data-secret=\"'+t.secret+'\"]'),o=l.querySelectorAll('blockquote[data-secret=\"'+t.secret+'\"]'),c=new RegExp(\"^https?:$\",\"i\"),i=0;i<o.length;i++)o[i].style.display=\"none\";for(i=0;i<a.length;i++)s=a[i],e.source===s.contentWindow&&(s.removeAttribute(\"style\"),\"height\"===t.message?(1e3<(r=parseInt(t.value,10))?r=1e3:~~r<200&&(r=200),s.height=r):\"link\"===t.message&&(r=new URL(s.getAttribute(\"src\")),n=new URL(t.value),c.test(n.protocol))&&n.host===r.host&&l.activeElement===s&&(d.top.location.href=t.value))}},d.addEventListener(\"message\",d.wp.receiveEmbedMessage,!1),l.addEventListener(\"DOMContentLoaded\",function(){for(var e,t,s=l.querySelectorAll(\"iframe.wp-embedded-content\"),r=0;r<s.length;r++)(t=(e=s[r]).getAttribute(\"data-secret\"))||(t=Math.random().toString(36).substring(2,12),e.src+=\"#?secret=\"+t,e.setAttribute(\"data-secret\",t)),e.contentWindow.postMessage({message:\"ready\",secret:t},\"*\")},!1)))}(window,document);\n\/\/# sourceURL=https:\/\/blogg.svenskakyrkan.se\/vandravagen\/wp-includes\/js\/wp-embed.min.js\n\/* ]]> *\/\n<\/script>\n","description":"Marcus Borg i talarstolen H\u00e4romdagen intervjuades den amerikanska teologen Marcus Borg av SvDs idagsida. L\u00e4s g\u00e4rna artikeln, den \u00e4r tankev\u00e4ckande. Efter att ha l\u00e4st den s\u00e5 sl\u00e5s jag sj\u00e4lv av att jag b\u00e5de h\u00e5ller med och inte h\u00e5ller med. Borg s\u00e4ger att ett nytt paradigm av kristendom h\u00e5ller p\u00e5 att ta \u00f6ver efter det gamla. [&hellip;]","thumbnail_url":"http:\/\/upload.wikimedia.org\/wikipedia\/commons\/thumb\/d\/d8\/Marcus_Borg_speaking_in_Mansfield_College_chapel.JPG\/220px-Marcus_Borg_speaking_in_Mansfield_College_chapel.JPG"}