{"version":"1.0","provider_name":"Vandra V\u00e4gen","provider_url":"https:\/\/blogg.svenskakyrkan.se\/vandravagen","author_name":"Tomas Jarvid","author_url":"https:\/\/blogg.svenskakyrkan.se\/vandravagen\/author\/vandravagen\/","title":"Veckans snabbgenomg\u00e5ng - Vandra V\u00e4gen","type":"rich","width":600,"height":338,"html":"<blockquote class=\"wp-embedded-content\" data-secret=\"V9qzZgCt8W\"><a href=\"https:\/\/blogg.svenskakyrkan.se\/vandravagen\/2013\/01\/19\/veckans-snabbgenomgang-15\/\">Veckans snabbgenomg\u00e5ng<\/a><\/blockquote><iframe sandbox=\"allow-scripts\" security=\"restricted\" src=\"https:\/\/blogg.svenskakyrkan.se\/vandravagen\/2013\/01\/19\/veckans-snabbgenomgang-15\/embed\/#?secret=V9qzZgCt8W\" width=\"600\" height=\"338\" title=\"\u201dVeckans snabbgenomg\u00e5ng\u201d &ndash; Vandra V\u00e4gen\" data-secret=\"V9qzZgCt8W\" frameborder=\"0\" marginwidth=\"0\" marginheight=\"0\" scrolling=\"no\" class=\"wp-embedded-content\"><\/iframe><script type=\"text\/javascript\">\n\/* <![CDATA[ *\/\n\/*! This file is auto-generated *\/\n!function(d,l){\"use strict\";l.querySelector&&d.addEventListener&&\"undefined\"!=typeof URL&&(d.wp=d.wp||{},d.wp.receiveEmbedMessage||(d.wp.receiveEmbedMessage=function(e){var t=e.data;if((t||t.secret||t.message||t.value)&&!\/[^a-zA-Z0-9]\/.test(t.secret)){for(var s,r,n,a=l.querySelectorAll('iframe[data-secret=\"'+t.secret+'\"]'),o=l.querySelectorAll('blockquote[data-secret=\"'+t.secret+'\"]'),c=new RegExp(\"^https?:$\",\"i\"),i=0;i<o.length;i++)o[i].style.display=\"none\";for(i=0;i<a.length;i++)s=a[i],e.source===s.contentWindow&&(s.removeAttribute(\"style\"),\"height\"===t.message?(1e3<(r=parseInt(t.value,10))?r=1e3:~~r<200&&(r=200),s.height=r):\"link\"===t.message&&(r=new URL(s.getAttribute(\"src\")),n=new URL(t.value),c.test(n.protocol))&&n.host===r.host&&l.activeElement===s&&(d.top.location.href=t.value))}},d.addEventListener(\"message\",d.wp.receiveEmbedMessage,!1),l.addEventListener(\"DOMContentLoaded\",function(){for(var e,t,s=l.querySelectorAll(\"iframe.wp-embedded-content\"),r=0;r<s.length;r++)(t=(e=s[r]).getAttribute(\"data-secret\"))||(t=Math.random().toString(36).substring(2,12),e.src+=\"#?secret=\"+t,e.setAttribute(\"data-secret\",t)),e.contentWindow.postMessage({message:\"ready\",secret:t},\"*\")},!1)))}(window,document);\n\/\/# sourceURL=https:\/\/blogg.svenskakyrkan.se\/vandravagen\/wp-includes\/js\/wp-embed.min.js\n\/* ]]> *\/\n<\/script>\n","description":"S\u00e5 har vi n\u00e5tt fram till helgsm\u00e5lstid typ (och den h\u00e4r veckan har jag v\u00e4l inte g\u00e5tt vilse bland veckodagarna?) och det \u00e4r lagom dags att se tillbaka p\u00e5 veckan som g\u00e5tt. H\u00e4r \u00e4r de bloggposter jag hoppas att du redan l\u00e4st (och \u00e4nnu hellre tyckt om), om inte tycker jag du ska ge dem [&hellip;]","thumbnail_url":"http:\/\/4.bp.blogspot.com\/-bdxujLDqTPc\/T1tfTM0M6PI\/AAAAAAAAAGg\/V5vUak4UBAc\/s320\/links_iStock_000005060560XSmall.jpg"}