{"version":"1.0","provider_name":"Vandra V\u00e4gen","provider_url":"https:\/\/blogg.svenskakyrkan.se\/vandravagen","author_name":"Tomas Jarvid","author_url":"https:\/\/blogg.svenskakyrkan.se\/vandravagen\/author\/vandravagen\/","title":"Veckans b\u00e4sta tweets! - Vandra V\u00e4gen","type":"rich","width":600,"height":338,"html":"<blockquote class=\"wp-embedded-content\" data-secret=\"qGXCKqnNxk\"><a href=\"https:\/\/blogg.svenskakyrkan.se\/vandravagen\/2013\/01\/20\/veckans-basta-tweets-2\/\">Veckans b\u00e4sta tweets!<\/a><\/blockquote><iframe sandbox=\"allow-scripts\" security=\"restricted\" src=\"https:\/\/blogg.svenskakyrkan.se\/vandravagen\/2013\/01\/20\/veckans-basta-tweets-2\/embed\/#?secret=qGXCKqnNxk\" width=\"600\" height=\"338\" title=\"\u201dVeckans b\u00e4sta tweets!\u201d &ndash; Vandra V\u00e4gen\" data-secret=\"qGXCKqnNxk\" frameborder=\"0\" marginwidth=\"0\" marginheight=\"0\" scrolling=\"no\" class=\"wp-embedded-content\"><\/iframe><script type=\"text\/javascript\">\n\/* <![CDATA[ *\/\n\/*! This file is auto-generated *\/\n!function(d,l){\"use strict\";l.querySelector&&d.addEventListener&&\"undefined\"!=typeof URL&&(d.wp=d.wp||{},d.wp.receiveEmbedMessage||(d.wp.receiveEmbedMessage=function(e){var t=e.data;if((t||t.secret||t.message||t.value)&&!\/[^a-zA-Z0-9]\/.test(t.secret)){for(var s,r,n,a=l.querySelectorAll('iframe[data-secret=\"'+t.secret+'\"]'),o=l.querySelectorAll('blockquote[data-secret=\"'+t.secret+'\"]'),c=new RegExp(\"^https?:$\",\"i\"),i=0;i<o.length;i++)o[i].style.display=\"none\";for(i=0;i<a.length;i++)s=a[i],e.source===s.contentWindow&&(s.removeAttribute(\"style\"),\"height\"===t.message?(1e3<(r=parseInt(t.value,10))?r=1e3:~~r<200&&(r=200),s.height=r):\"link\"===t.message&&(r=new URL(s.getAttribute(\"src\")),n=new URL(t.value),c.test(n.protocol))&&n.host===r.host&&l.activeElement===s&&(d.top.location.href=t.value))}},d.addEventListener(\"message\",d.wp.receiveEmbedMessage,!1),l.addEventListener(\"DOMContentLoaded\",function(){for(var e,t,s=l.querySelectorAll(\"iframe.wp-embedded-content\"),r=0;r<s.length;r++)(t=(e=s[r]).getAttribute(\"data-secret\"))||(t=Math.random().toString(36).substring(2,12),e.src+=\"#?secret=\"+t,e.setAttribute(\"data-secret\",t)),e.contentWindow.postMessage({message:\"ready\",secret:t},\"*\")},!1)))}(window,document);\n\/\/# sourceURL=https:\/\/blogg.svenskakyrkan.se\/vandravagen\/wp-includes\/js\/wp-embed.min.js\n\/* ]]> *\/\n<\/script>\n","description":"Dags att sammanfatta \u00e4nnu en vecka p\u00e5 twitter, \u00e4ven k\u00e4nt som Tomas version av citatbok. I alla fall en hel del t\u00e4nkv\u00e4rt, och jag har lyckats h\u00e5lla det bra mycket kortare \u00e4n f\u00f6rra veckan. Vi varvar med lite olika teman som vanligt, och det b\u00e4sta sist. T\u00e4nkv\u00e4rt och lite fromt. Det \u00e4r k\u00e4rlek p\u00e5 riktigt&#8230; [&hellip;]","thumbnail_url":"http:\/\/3.bp.blogspot.com\/-tZPTQGcuniI\/UPwkovU-iMI\/AAAAAAAAB1E\/B_9sKxt9bZc\/s400\/1.jpg"}