{"version":"1.0","provider_name":"Vandra V\u00e4gen","provider_url":"https:\/\/blogg.svenskakyrkan.se\/vandravagen","author_name":"Tomas Jarvid","author_url":"https:\/\/blogg.svenskakyrkan.se\/vandravagen\/author\/vandravagen\/","title":"Firandet forts\u00e4tter med t\u00e5rta och lekar! - Vandra V\u00e4gen","type":"rich","width":600,"height":338,"html":"<blockquote class=\"wp-embedded-content\" data-secret=\"M1cyecAJCR\"><a href=\"https:\/\/blogg.svenskakyrkan.se\/vandravagen\/2013\/01\/26\/firandet-fortsatter-med-tarta-och-lekar\/\">Firandet forts\u00e4tter med t\u00e5rta och lekar!<\/a><\/blockquote><iframe sandbox=\"allow-scripts\" security=\"restricted\" src=\"https:\/\/blogg.svenskakyrkan.se\/vandravagen\/2013\/01\/26\/firandet-fortsatter-med-tarta-och-lekar\/embed\/#?secret=M1cyecAJCR\" width=\"600\" height=\"338\" title=\"\u201dFirandet forts\u00e4tter med t\u00e5rta och lekar!\u201d &ndash; Vandra V\u00e4gen\" data-secret=\"M1cyecAJCR\" frameborder=\"0\" marginwidth=\"0\" marginheight=\"0\" scrolling=\"no\" class=\"wp-embedded-content\"><\/iframe><script type=\"text\/javascript\">\n\/* <![CDATA[ *\/\n\/*! This file is auto-generated *\/\n!function(d,l){\"use strict\";l.querySelector&&d.addEventListener&&\"undefined\"!=typeof URL&&(d.wp=d.wp||{},d.wp.receiveEmbedMessage||(d.wp.receiveEmbedMessage=function(e){var t=e.data;if((t||t.secret||t.message||t.value)&&!\/[^a-zA-Z0-9]\/.test(t.secret)){for(var s,r,n,a=l.querySelectorAll('iframe[data-secret=\"'+t.secret+'\"]'),o=l.querySelectorAll('blockquote[data-secret=\"'+t.secret+'\"]'),c=new RegExp(\"^https?:$\",\"i\"),i=0;i<o.length;i++)o[i].style.display=\"none\";for(i=0;i<a.length;i++)s=a[i],e.source===s.contentWindow&&(s.removeAttribute(\"style\"),\"height\"===t.message?(1e3<(r=parseInt(t.value,10))?r=1e3:~~r<200&&(r=200),s.height=r):\"link\"===t.message&&(r=new URL(s.getAttribute(\"src\")),n=new URL(t.value),c.test(n.protocol))&&n.host===r.host&&l.activeElement===s&&(d.top.location.href=t.value))}},d.addEventListener(\"message\",d.wp.receiveEmbedMessage,!1),l.addEventListener(\"DOMContentLoaded\",function(){for(var e,t,s=l.querySelectorAll(\"iframe.wp-embedded-content\"),r=0;r<s.length;r++)(t=(e=s[r]).getAttribute(\"data-secret\"))||(t=Math.random().toString(36).substring(2,12),e.src+=\"#?secret=\"+t,e.setAttribute(\"data-secret\",t)),e.contentWindow.postMessage({message:\"ready\",secret:t},\"*\")},!1)))}(window,document);\n\/\/# sourceURL=https:\/\/blogg.svenskakyrkan.se\/vandravagen\/wp-includes\/js\/wp-embed.min.js\n\/* ]]> *\/\n<\/script>\n","description":"H\u00f6gtidstalet \u00e4r redan avklarat (morgonens bloggpost) s\u00e5 nu \u00e4r det dags f\u00f6r s\u00f6tsaker och lekar. Nu \u00e4r det ju sv\u00e5rt att bjuda p\u00e5 t\u00e5rta via internet men h\u00e4r \u00e4r en p\u00e5 bild i alla fall. H\u00f6r av dig om du vill ha en bit skickad till dig per epost. Vad g\u00e4ller lekarna s\u00e5 g\u00f6r vi [&hellip;]","thumbnail_url":"http:\/\/4.bp.blogspot.com\/-wg_1_w0bKpI\/UQOSlnlzp7I\/AAAAAAAAB7s\/ZyldgPK14AE\/s320\/IMG_1974.JPG"}