{"version":"1.0","provider_name":"Vandra V\u00e4gen","provider_url":"https:\/\/blogg.svenskakyrkan.se\/vandravagen","author_name":"Tomas Jarvid","author_url":"https:\/\/blogg.svenskakyrkan.se\/vandravagen\/author\/vandravagen\/","title":"Vandra V\u00e4gen fyller 1 \u00e5r idag! - Vandra V\u00e4gen","type":"rich","width":600,"height":338,"html":"<blockquote class=\"wp-embedded-content\" data-secret=\"VuBX7euOGp\"><a href=\"https:\/\/blogg.svenskakyrkan.se\/vandravagen\/2013\/01\/26\/vandra-vagen-fyller-1-ar-idag\/\">Vandra V\u00e4gen fyller 1 \u00e5r idag!<\/a><\/blockquote><iframe sandbox=\"allow-scripts\" security=\"restricted\" src=\"https:\/\/blogg.svenskakyrkan.se\/vandravagen\/2013\/01\/26\/vandra-vagen-fyller-1-ar-idag\/embed\/#?secret=VuBX7euOGp\" width=\"600\" height=\"338\" title=\"\u201dVandra V\u00e4gen fyller 1 \u00e5r idag!\u201d &ndash; Vandra V\u00e4gen\" data-secret=\"VuBX7euOGp\" frameborder=\"0\" marginwidth=\"0\" marginheight=\"0\" scrolling=\"no\" class=\"wp-embedded-content\"><\/iframe><script type=\"text\/javascript\">\n\/* <![CDATA[ *\/\n\/*! This file is auto-generated *\/\n!function(d,l){\"use strict\";l.querySelector&&d.addEventListener&&\"undefined\"!=typeof URL&&(d.wp=d.wp||{},d.wp.receiveEmbedMessage||(d.wp.receiveEmbedMessage=function(e){var t=e.data;if((t||t.secret||t.message||t.value)&&!\/[^a-zA-Z0-9]\/.test(t.secret)){for(var s,r,n,a=l.querySelectorAll('iframe[data-secret=\"'+t.secret+'\"]'),o=l.querySelectorAll('blockquote[data-secret=\"'+t.secret+'\"]'),c=new RegExp(\"^https?:$\",\"i\"),i=0;i<o.length;i++)o[i].style.display=\"none\";for(i=0;i<a.length;i++)s=a[i],e.source===s.contentWindow&&(s.removeAttribute(\"style\"),\"height\"===t.message?(1e3<(r=parseInt(t.value,10))?r=1e3:~~r<200&&(r=200),s.height=r):\"link\"===t.message&&(r=new URL(s.getAttribute(\"src\")),n=new URL(t.value),c.test(n.protocol))&&n.host===r.host&&l.activeElement===s&&(d.top.location.href=t.value))}},d.addEventListener(\"message\",d.wp.receiveEmbedMessage,!1),l.addEventListener(\"DOMContentLoaded\",function(){for(var e,t,s=l.querySelectorAll(\"iframe.wp-embedded-content\"),r=0;r<s.length;r++)(t=(e=s[r]).getAttribute(\"data-secret\"))||(t=Math.random().toString(36).substring(2,12),e.src+=\"#?secret=\"+t,e.setAttribute(\"data-secret\",t)),e.contentWindow.postMessage({message:\"ready\",secret:t},\"*\")},!1)))}(window,document);\n\/\/# sourceURL=https:\/\/blogg.svenskakyrkan.se\/vandravagen\/wp-includes\/js\/wp-embed.min.js\n\/* ]]> *\/\n<\/script>\n","description":"Hurra! Idag fyller Vandra V\u00e4genbloggen 1 \u00e5r! Det firar vi som p\u00e5 alla finare tillst\u00e4llningar (jmf nobel) med en stel avdelning full med tal och s\u00e5 sm\u00e5ningom blir det t\u00e5rta och lekar (jaja, det kanske de har p\u00e5 nobelefterfesten?). Ni kommer allts\u00e5 n\u00e5gra allvarsord och s\u00e5 kommer det n\u00e5got mer fram\u00e5t kv\u00e4llen! Harkel harkel: K\u00e4ra [&hellip;]","thumbnail_url":"https:\/\/lh3.googleusercontent.com\/-XhelMWeyidY\/UQOEyzmkOgI\/AAAAAAAAB6s\/jKTVgEEnrDw\/s400\/blogger-image--1020002417.jpg"}