{"version":"1.0","provider_name":"Vandra V\u00e4gen","provider_url":"https:\/\/blogg.svenskakyrkan.se\/vandravagen","author_name":"Tomas Jarvid","author_url":"https:\/\/blogg.svenskakyrkan.se\/vandravagen\/author\/vandravagen\/","title":"N\u00e4that och hur vi \u00e4r under ytan - Vandra V\u00e4gen","type":"rich","width":600,"height":338,"html":"<blockquote class=\"wp-embedded-content\" data-secret=\"2UPmqLaum5\"><a href=\"https:\/\/blogg.svenskakyrkan.se\/vandravagen\/2013\/02\/06\/nathat-och-hur-vi-ar-under-ytan\/\">N\u00e4that och hur vi \u00e4r under ytan<\/a><\/blockquote><iframe sandbox=\"allow-scripts\" security=\"restricted\" src=\"https:\/\/blogg.svenskakyrkan.se\/vandravagen\/2013\/02\/06\/nathat-och-hur-vi-ar-under-ytan\/embed\/#?secret=2UPmqLaum5\" width=\"600\" height=\"338\" title=\"\u201dN\u00e4that och hur vi \u00e4r under ytan\u201d &ndash; Vandra V\u00e4gen\" data-secret=\"2UPmqLaum5\" frameborder=\"0\" marginwidth=\"0\" marginheight=\"0\" scrolling=\"no\" class=\"wp-embedded-content\"><\/iframe><script type=\"text\/javascript\">\n\/* <![CDATA[ *\/\n\/*! This file is auto-generated *\/\n!function(d,l){\"use strict\";l.querySelector&&d.addEventListener&&\"undefined\"!=typeof URL&&(d.wp=d.wp||{},d.wp.receiveEmbedMessage||(d.wp.receiveEmbedMessage=function(e){var t=e.data;if((t||t.secret||t.message||t.value)&&!\/[^a-zA-Z0-9]\/.test(t.secret)){for(var s,r,n,a=l.querySelectorAll('iframe[data-secret=\"'+t.secret+'\"]'),o=l.querySelectorAll('blockquote[data-secret=\"'+t.secret+'\"]'),c=new RegExp(\"^https?:$\",\"i\"),i=0;i<o.length;i++)o[i].style.display=\"none\";for(i=0;i<a.length;i++)s=a[i],e.source===s.contentWindow&&(s.removeAttribute(\"style\"),\"height\"===t.message?(1e3<(r=parseInt(t.value,10))?r=1e3:~~r<200&&(r=200),s.height=r):\"link\"===t.message&&(r=new URL(s.getAttribute(\"src\")),n=new URL(t.value),c.test(n.protocol))&&n.host===r.host&&l.activeElement===s&&(d.top.location.href=t.value))}},d.addEventListener(\"message\",d.wp.receiveEmbedMessage,!1),l.addEventListener(\"DOMContentLoaded\",function(){for(var e,t,s=l.querySelectorAll(\"iframe.wp-embedded-content\"),r=0;r<s.length;r++)(t=(e=s[r]).getAttribute(\"data-secret\"))||(t=Math.random().toString(36).substring(2,12),e.src+=\"#?secret=\"+t,e.setAttribute(\"data-secret\",t)),e.contentWindow.postMessage({message:\"ready\",secret:t},\"*\")},!1)))}(window,document);\n\/\/# sourceURL=https:\/\/blogg.svenskakyrkan.se\/vandravagen\/wp-includes\/js\/wp-embed.min.js\n\/* ]]> *\/\n<\/script>\n","description":"I g\u00e5r kv\u00e4ll l\u00e4r uppdrag granskning ha handlat om n\u00e4that, det vill s\u00e4ga alla former av f\u00f6rtal, hot och elakheter som frodas framf\u00f6rallt i anonyma kommentarer p\u00e5 n\u00e4tet. Situationen \u00e4r ofta bedr\u00f6vlig men jag t\u00e4nkte reflektera lite kring den ur ett kristet perspektiv h\u00e4r. Det verkliga testet p\u00e5 n\u00e5gons moraliska handlande \u00e4r hur vi agerar [&hellip;]","thumbnail_url":"https:\/\/lh4.googleusercontent.com\/-6Ph1BjqSIJM\/URNWjACQtKI\/AAAAAAAACKk\/mE240k9kO-8\/s640\/blogger-image-496611236.jpg"}