{"version":"1.0","provider_name":"Vandra V\u00e4gen","provider_url":"https:\/\/blogg.svenskakyrkan.se\/vandravagen","author_name":"Tomas Jarvid","author_url":"https:\/\/blogg.svenskakyrkan.se\/vandravagen\/author\/vandravagen\/","title":"Vintervandring p\u00e5 v\u00e4gen - Vandra V\u00e4gen","type":"rich","width":600,"height":338,"html":"<blockquote class=\"wp-embedded-content\" data-secret=\"L2T0foOWn4\"><a href=\"https:\/\/blogg.svenskakyrkan.se\/vandravagen\/2013\/02\/10\/vintervandring-pa-vagen\/\">Vintervandring p\u00e5 v\u00e4gen<\/a><\/blockquote><iframe sandbox=\"allow-scripts\" security=\"restricted\" src=\"https:\/\/blogg.svenskakyrkan.se\/vandravagen\/2013\/02\/10\/vintervandring-pa-vagen\/embed\/#?secret=L2T0foOWn4\" width=\"600\" height=\"338\" title=\"\u201dVintervandring p\u00e5 v\u00e4gen\u201d &ndash; Vandra V\u00e4gen\" data-secret=\"L2T0foOWn4\" frameborder=\"0\" marginwidth=\"0\" marginheight=\"0\" scrolling=\"no\" class=\"wp-embedded-content\"><\/iframe><script type=\"text\/javascript\">\n\/* <![CDATA[ *\/\n\/*! This file is auto-generated *\/\n!function(d,l){\"use strict\";l.querySelector&&d.addEventListener&&\"undefined\"!=typeof URL&&(d.wp=d.wp||{},d.wp.receiveEmbedMessage||(d.wp.receiveEmbedMessage=function(e){var t=e.data;if((t||t.secret||t.message||t.value)&&!\/[^a-zA-Z0-9]\/.test(t.secret)){for(var s,r,n,a=l.querySelectorAll('iframe[data-secret=\"'+t.secret+'\"]'),o=l.querySelectorAll('blockquote[data-secret=\"'+t.secret+'\"]'),c=new RegExp(\"^https?:$\",\"i\"),i=0;i<o.length;i++)o[i].style.display=\"none\";for(i=0;i<a.length;i++)s=a[i],e.source===s.contentWindow&&(s.removeAttribute(\"style\"),\"height\"===t.message?(1e3<(r=parseInt(t.value,10))?r=1e3:~~r<200&&(r=200),s.height=r):\"link\"===t.message&&(r=new URL(s.getAttribute(\"src\")),n=new URL(t.value),c.test(n.protocol))&&n.host===r.host&&l.activeElement===s&&(d.top.location.href=t.value))}},d.addEventListener(\"message\",d.wp.receiveEmbedMessage,!1),l.addEventListener(\"DOMContentLoaded\",function(){for(var e,t,s=l.querySelectorAll(\"iframe.wp-embedded-content\"),r=0;r<s.length;r++)(t=(e=s[r]).getAttribute(\"data-secret\"))||(t=Math.random().toString(36).substring(2,12),e.src+=\"#?secret=\"+t,e.setAttribute(\"data-secret\",t)),e.contentWindow.postMessage({message:\"ready\",secret:t},\"*\")},!1)))}(window,document);\n\/\/# sourceURL=https:\/\/blogg.svenskakyrkan.se\/vandravagen\/wp-includes\/js\/wp-embed.min.js\n\/* ]]> *\/\n<\/script>\n","description":"Bloggen heter nu en g\u00e5ng f\u00f6r alla Vandra V\u00e4gen. Ibland tar jag det bokstavligt och vandrar runt p\u00e5 v\u00e4garna i k\u00f6ttet. Med vagn ocks\u00e5 f\u00f6r det mesta, f\u00f6r lillan m\u00e5ste ju sova och s\u00e5. H\u00e4r \u00e4r n\u00e5gra bilder fr\u00e5n vinterv\u00e4garna kring G\u00f6tene! Vintern \u00e4r som b\u00e4st n\u00e4r det \u00e4r vitt p\u00e5 tr\u00e4den! Jag hade gjort [&hellip;]","thumbnail_url":"https:\/\/lh3.googleusercontent.com\/-E3u2u9WQ19A\/URYWwhheOyI\/AAAAAAAACOk\/-SfHHmvD3J4\/s320\/blogger-image-1903024234.jpg"}