{"version":"1.0","provider_name":"Vandra V\u00e4gen","provider_url":"https:\/\/blogg.svenskakyrkan.se\/vandravagen","author_name":"Tomas Jarvid","author_url":"https:\/\/blogg.svenskakyrkan.se\/vandravagen\/author\/vandravagen\/","title":"Fastan p\u00e5 Vandra V\u00e4gen, f\u00f6rr och nu! - Vandra V\u00e4gen","type":"rich","width":600,"height":338,"html":"<blockquote class=\"wp-embedded-content\" data-secret=\"BAAR94jN5K\"><a href=\"https:\/\/blogg.svenskakyrkan.se\/vandravagen\/2013\/02\/17\/fastan-pa-vandra-vagen-forr-och-nu\/\">Fastan p\u00e5 Vandra V\u00e4gen, f\u00f6rr och nu!<\/a><\/blockquote><iframe sandbox=\"allow-scripts\" security=\"restricted\" src=\"https:\/\/blogg.svenskakyrkan.se\/vandravagen\/2013\/02\/17\/fastan-pa-vandra-vagen-forr-och-nu\/embed\/#?secret=BAAR94jN5K\" width=\"600\" height=\"338\" title=\"\u201dFastan p\u00e5 Vandra V\u00e4gen, f\u00f6rr och nu!\u201d &ndash; Vandra V\u00e4gen\" data-secret=\"BAAR94jN5K\" frameborder=\"0\" marginwidth=\"0\" marginheight=\"0\" scrolling=\"no\" class=\"wp-embedded-content\"><\/iframe><script type=\"text\/javascript\">\n\/* <![CDATA[ *\/\n\/*! This file is auto-generated *\/\n!function(d,l){\"use strict\";l.querySelector&&d.addEventListener&&\"undefined\"!=typeof URL&&(d.wp=d.wp||{},d.wp.receiveEmbedMessage||(d.wp.receiveEmbedMessage=function(e){var t=e.data;if((t||t.secret||t.message||t.value)&&!\/[^a-zA-Z0-9]\/.test(t.secret)){for(var s,r,n,a=l.querySelectorAll('iframe[data-secret=\"'+t.secret+'\"]'),o=l.querySelectorAll('blockquote[data-secret=\"'+t.secret+'\"]'),c=new RegExp(\"^https?:$\",\"i\"),i=0;i<o.length;i++)o[i].style.display=\"none\";for(i=0;i<a.length;i++)s=a[i],e.source===s.contentWindow&&(s.removeAttribute(\"style\"),\"height\"===t.message?(1e3<(r=parseInt(t.value,10))?r=1e3:~~r<200&&(r=200),s.height=r):\"link\"===t.message&&(r=new URL(s.getAttribute(\"src\")),n=new URL(t.value),c.test(n.protocol))&&n.host===r.host&&l.activeElement===s&&(d.top.location.href=t.value))}},d.addEventListener(\"message\",d.wp.receiveEmbedMessage,!1),l.addEventListener(\"DOMContentLoaded\",function(){for(var e,t,s=l.querySelectorAll(\"iframe.wp-embedded-content\"),r=0;r<s.length;r++)(t=(e=s[r]).getAttribute(\"data-secret\"))||(t=Math.random().toString(36).substring(2,12),e.src+=\"#?secret=\"+t,e.setAttribute(\"data-secret\",t)),e.contentWindow.postMessage({message:\"ready\",secret:t},\"*\")},!1)))}(window,document);\n\/\/# sourceURL=https:\/\/blogg.svenskakyrkan.se\/vandravagen\/wp-includes\/js\/wp-embed.min.js\n\/* ]]> *\/\n<\/script>\n","description":"Det \u00e4r klokt att \u00e5teranv\u00e4nda har jag l\u00e4rt mig. H\u00e4r \u00e4r f\u00f6rra \u00e5rets fastetexter fr\u00e5n bloggen samlade. 1, Askonsdag i hela v\u00e4rlden 2, Del 1 av tre ihop&#8221;l\u00e5nade&#8221; texter fr\u00e5n Steffen Riesenbergs fasteblogg. 3, Del 2 av samma 4, Del 3 av samma. Jag \u00f6veranstr\u00e4ngde mig visst inte p\u00e5 den tiden. Och s\u00e5 n\u00e5got f\u00e4rskt [&hellip;]"}