{"version":"1.0","provider_name":"Vandra V\u00e4gen","provider_url":"https:\/\/blogg.svenskakyrkan.se\/vandravagen","author_name":"Tomas Jarvid","author_url":"https:\/\/blogg.svenskakyrkan.se\/vandravagen\/author\/vandravagen\/","title":"Veckans favorittweets - Vandra V\u00e4gen","type":"rich","width":600,"height":338,"html":"<blockquote class=\"wp-embedded-content\" data-secret=\"6xfW8hi1EA\"><a href=\"https:\/\/blogg.svenskakyrkan.se\/vandravagen\/2013\/02\/17\/veckans-favorittweets-8\/\">Veckans favorittweets<\/a><\/blockquote><iframe sandbox=\"allow-scripts\" security=\"restricted\" src=\"https:\/\/blogg.svenskakyrkan.se\/vandravagen\/2013\/02\/17\/veckans-favorittweets-8\/embed\/#?secret=6xfW8hi1EA\" width=\"600\" height=\"338\" title=\"\u201dVeckans favorittweets\u201d &ndash; Vandra V\u00e4gen\" data-secret=\"6xfW8hi1EA\" frameborder=\"0\" marginwidth=\"0\" marginheight=\"0\" scrolling=\"no\" class=\"wp-embedded-content\"><\/iframe><script type=\"text\/javascript\">\n\/* <![CDATA[ *\/\n\/*! This file is auto-generated *\/\n!function(d,l){\"use strict\";l.querySelector&&d.addEventListener&&\"undefined\"!=typeof URL&&(d.wp=d.wp||{},d.wp.receiveEmbedMessage||(d.wp.receiveEmbedMessage=function(e){var t=e.data;if((t||t.secret||t.message||t.value)&&!\/[^a-zA-Z0-9]\/.test(t.secret)){for(var s,r,n,a=l.querySelectorAll('iframe[data-secret=\"'+t.secret+'\"]'),o=l.querySelectorAll('blockquote[data-secret=\"'+t.secret+'\"]'),c=new RegExp(\"^https?:$\",\"i\"),i=0;i<o.length;i++)o[i].style.display=\"none\";for(i=0;i<a.length;i++)s=a[i],e.source===s.contentWindow&&(s.removeAttribute(\"style\"),\"height\"===t.message?(1e3<(r=parseInt(t.value,10))?r=1e3:~~r<200&&(r=200),s.height=r):\"link\"===t.message&&(r=new URL(s.getAttribute(\"src\")),n=new URL(t.value),c.test(n.protocol))&&n.host===r.host&&l.activeElement===s&&(d.top.location.href=t.value))}},d.addEventListener(\"message\",d.wp.receiveEmbedMessage,!1),l.addEventListener(\"DOMContentLoaded\",function(){for(var e,t,s=l.querySelectorAll(\"iframe.wp-embedded-content\"),r=0;r<s.length;r++)(t=(e=s[r]).getAttribute(\"data-secret\"))||(t=Math.random().toString(36).substring(2,12),e.src+=\"#?secret=\"+t,e.setAttribute(\"data-secret\",t)),e.contentWindow.postMessage({message:\"ready\",secret:t},\"*\")},!1)))}(window,document);\n\/\/# sourceURL=https:\/\/blogg.svenskakyrkan.se\/vandravagen\/wp-includes\/js\/wp-embed.min.js\n\/* ]]> *\/\n<\/script>\n","description":"S\u00f6ndagkv\u00e4ll och dags f\u00f6r \u00e4nnu en twittersammanfattning. H\u00e4r \u00e4r veckans b\u00e4sta bland de favoritade, dessutom n\u00e5gra jag lyckades slarva bort f\u00f6rra g\u00e5ngen.\u00a0 Sen vet jag inte om det \u00e4r fastans fel f\u00f6r tydligen har jag inte n\u00e5gra roliga tweets alls den h\u00e4r g\u00e5ngen (n\u00e5ja). Det f\u00e5r bli ett annat uppl\u00e4gg: kloka, fastetweets och sedan teologiska. [&hellip;]","thumbnail_url":"http:\/\/4.bp.blogspot.com\/-ZWLuRYQEfjk\/USDsOmbwtLI\/AAAAAAAACYI\/kZApWw4wE4Y\/s400\/hara%CC%88tt.jpg"}