{"version":"1.0","provider_name":"Vandra V\u00e4gen","provider_url":"https:\/\/blogg.svenskakyrkan.se\/vandravagen","author_name":"Tomas Jarvid","author_url":"https:\/\/blogg.svenskakyrkan.se\/vandravagen\/author\/vandravagen\/","title":"4X bra l\u00e4sning p\u00e5 annat h\u00e5ll - Vandra V\u00e4gen","type":"rich","width":600,"height":338,"html":"<blockquote class=\"wp-embedded-content\" data-secret=\"WEAB5Vzeu2\"><a href=\"https:\/\/blogg.svenskakyrkan.se\/vandravagen\/2013\/02\/22\/4x-bra-lasning-pa-annat-hall\/\">4X bra l\u00e4sning p\u00e5 annat h\u00e5ll<\/a><\/blockquote><iframe sandbox=\"allow-scripts\" security=\"restricted\" src=\"https:\/\/blogg.svenskakyrkan.se\/vandravagen\/2013\/02\/22\/4x-bra-lasning-pa-annat-hall\/embed\/#?secret=WEAB5Vzeu2\" width=\"600\" height=\"338\" title=\"\u201d4X bra l\u00e4sning p\u00e5 annat h\u00e5ll\u201d &ndash; Vandra V\u00e4gen\" data-secret=\"WEAB5Vzeu2\" frameborder=\"0\" marginwidth=\"0\" marginheight=\"0\" scrolling=\"no\" class=\"wp-embedded-content\"><\/iframe><script type=\"text\/javascript\">\n\/* <![CDATA[ *\/\n\/*! This file is auto-generated *\/\n!function(d,l){\"use strict\";l.querySelector&&d.addEventListener&&\"undefined\"!=typeof URL&&(d.wp=d.wp||{},d.wp.receiveEmbedMessage||(d.wp.receiveEmbedMessage=function(e){var t=e.data;if((t||t.secret||t.message||t.value)&&!\/[^a-zA-Z0-9]\/.test(t.secret)){for(var s,r,n,a=l.querySelectorAll('iframe[data-secret=\"'+t.secret+'\"]'),o=l.querySelectorAll('blockquote[data-secret=\"'+t.secret+'\"]'),c=new RegExp(\"^https?:$\",\"i\"),i=0;i<o.length;i++)o[i].style.display=\"none\";for(i=0;i<a.length;i++)s=a[i],e.source===s.contentWindow&&(s.removeAttribute(\"style\"),\"height\"===t.message?(1e3<(r=parseInt(t.value,10))?r=1e3:~~r<200&&(r=200),s.height=r):\"link\"===t.message&&(r=new URL(s.getAttribute(\"src\")),n=new URL(t.value),c.test(n.protocol))&&n.host===r.host&&l.activeElement===s&&(d.top.location.href=t.value))}},d.addEventListener(\"message\",d.wp.receiveEmbedMessage,!1),l.addEventListener(\"DOMContentLoaded\",function(){for(var e,t,s=l.querySelectorAll(\"iframe.wp-embedded-content\"),r=0;r<s.length;r++)(t=(e=s[r]).getAttribute(\"data-secret\"))||(t=Math.random().toString(36).substring(2,12),e.src+=\"#?secret=\"+t,e.setAttribute(\"data-secret\",t)),e.contentWindow.postMessage({message:\"ready\",secret:t},\"*\")},!1)))}(window,document);\n\/\/# sourceURL=https:\/\/blogg.svenskakyrkan.se\/vandravagen\/wp-includes\/js\/wp-embed.min.js\n\/* ]]> *\/\n<\/script>\n","description":"H\u00e4r \u00e4r n\u00e5gra artiklar jag l\u00e4st p\u00e5 senaste tiden och tycker \u00e4r l\u00e4sv\u00e4rda. 1, F\u00f6rst ut en debattartikel fr\u00e5n tidningen dagen d\u00e4r pr\u00e4sten P\u00e4r \u00c5kerlund delar tankar kring 500\u00e5rsjubileet av reformationen och hur v\u00e4gen mot enhet ser ut fram\u00f6ver. Hur kan vi sluta k\u00f6ra fast i gamla stridsfr\u00e5gor och ist\u00e4llet ta in m\u00e5ngfalden i den [&hellip;]","thumbnail_url":"http:\/\/4.bp.blogspot.com\/-bdxujLDqTPc\/T1tfTM0M6PI\/AAAAAAAAAGg\/V5vUak4UBAc\/s320\/links_iStock_000005060560XSmall.jpg"}