{"version":"1.0","provider_name":"Vandra V\u00e4gen","provider_url":"https:\/\/blogg.svenskakyrkan.se\/vandravagen","author_name":"Tomas Jarvid","author_url":"https:\/\/blogg.svenskakyrkan.se\/vandravagen\/author\/vandravagen\/","title":"Snart p\u00e5 jobbet igen... - Vandra V\u00e4gen","type":"rich","width":600,"height":338,"html":"<blockquote class=\"wp-embedded-content\" data-secret=\"204L3R1AST\"><a href=\"https:\/\/blogg.svenskakyrkan.se\/vandravagen\/2013\/02\/26\/snart-pa-jobbet-igen\/\">Snart p\u00e5 jobbet igen&#8230;<\/a><\/blockquote><iframe sandbox=\"allow-scripts\" security=\"restricted\" src=\"https:\/\/blogg.svenskakyrkan.se\/vandravagen\/2013\/02\/26\/snart-pa-jobbet-igen\/embed\/#?secret=204L3R1AST\" width=\"600\" height=\"338\" title=\"\u201dSnart p\u00e5 jobbet igen&#8230;\u201d &ndash; Vandra V\u00e4gen\" data-secret=\"204L3R1AST\" frameborder=\"0\" marginwidth=\"0\" marginheight=\"0\" scrolling=\"no\" class=\"wp-embedded-content\"><\/iframe><script type=\"text\/javascript\">\n\/* <![CDATA[ *\/\n\/*! This file is auto-generated *\/\n!function(d,l){\"use strict\";l.querySelector&&d.addEventListener&&\"undefined\"!=typeof URL&&(d.wp=d.wp||{},d.wp.receiveEmbedMessage||(d.wp.receiveEmbedMessage=function(e){var t=e.data;if((t||t.secret||t.message||t.value)&&!\/[^a-zA-Z0-9]\/.test(t.secret)){for(var s,r,n,a=l.querySelectorAll('iframe[data-secret=\"'+t.secret+'\"]'),o=l.querySelectorAll('blockquote[data-secret=\"'+t.secret+'\"]'),c=new RegExp(\"^https?:$\",\"i\"),i=0;i<o.length;i++)o[i].style.display=\"none\";for(i=0;i<a.length;i++)s=a[i],e.source===s.contentWindow&&(s.removeAttribute(\"style\"),\"height\"===t.message?(1e3<(r=parseInt(t.value,10))?r=1e3:~~r<200&&(r=200),s.height=r):\"link\"===t.message&&(r=new URL(s.getAttribute(\"src\")),n=new URL(t.value),c.test(n.protocol))&&n.host===r.host&&l.activeElement===s&&(d.top.location.href=t.value))}},d.addEventListener(\"message\",d.wp.receiveEmbedMessage,!1),l.addEventListener(\"DOMContentLoaded\",function(){for(var e,t,s=l.querySelectorAll(\"iframe.wp-embedded-content\"),r=0;r<s.length;r++)(t=(e=s[r]).getAttribute(\"data-secret\"))||(t=Math.random().toString(36).substring(2,12),e.src+=\"#?secret=\"+t,e.setAttribute(\"data-secret\",t)),e.contentWindow.postMessage({message:\"ready\",secret:t},\"*\")},!1)))}(window,document);\n\/\/# sourceURL=https:\/\/blogg.svenskakyrkan.se\/vandravagen\/wp-includes\/js\/wp-embed.min.js\n\/* ]]> *\/\n<\/script>\n","description":"Nu har jag varit p\u00e5 jobbet och pratat om v\u00e5rens tj\u00e4nstg\u00f6ring. Lite konstigt \u00e4nd\u00e5 efter att ha varit hemma med barn(en) sedan slutet p\u00e5 augusti (vilket jag f\u00f6rst\u00e5s rekommenderar till alla m\u00e4n, grymt fint f\u00f6r det mesta). Kyrkan har jag f\u00f6rst\u00e5s varit i men inte mycket p\u00e5 kontoret. Mars \u00e5terst\u00e5r men sedan \u00e4r jag ig\u00e5ng [&hellip;]","thumbnail_url":"https:\/\/lh5.googleusercontent.com\/-kert7v41kMg\/USzdR5AVzyI\/AAAAAAAACi0\/334nnaEaT-Q\/s640\/blogger-image--1297197497.jpg"}